{"id":2092,"date":"2021-04-30T11:48:28","date_gmt":"2021-04-30T09:48:28","guid":{"rendered":"https:\/\/www.signum.cat\/serveis-de-climatitzacio\/"},"modified":"2021-12-21T18:33:54","modified_gmt":"2021-12-21T17:33:54","slug":"serveis-de-climatitzacio","status":"publish","type":"page","link":"https:\/\/www.signum.cat\/ca\/serveis-de-climatitzacio\/","title":{"rendered":"Serveis de Climatitzaci\u00f3"},"content":{"rendered":"<section class=\"wpb-content-wrapper\"><p>[vc_row full_width=&#8221;stretch_row_content&#8221; parallax=&#8221;content-moving&#8221; css=&#8221;.vc_custom_1619717971691{padding-top: 130px !important;padding-bottom: 130px !important;background-image: url(https:\/\/www.signum.cat\/wp-content\/uploads\/2021\/04\/Instalacion-de-Sistemas-de-refrigeracion-SIGNUM.jpg?id=2074) !important;}&#8221;][vc_column][vc_custom_heading text=&#8221;Serveis de Climatitzaci\u00f3&#8221; font_container=&#8221;tag:h1|text_align:center|color:%23ffffff&#8221; use_theme_fonts=&#8221;yes&#8221; css_animation=&#8221;fadeInUp&#8221;][\/vc_column][\/vc_row][vc_row][vc_column][vc_column_text]<\/p>\n<h2 style=\"text-align: center;\">Empresa especialitzada en serveis de Climatitzaci\u00f3<\/h2>\n<p style=\"text-align: center;\">En <strong>SIGNUM<\/strong> som una empresa <strong>instal\u00b7ladora de sistemes de climatitzaci\u00f3<\/strong>\u00a0<strong>que treballem a Barcelona<\/strong> com la resta de prov\u00edncies,<br \/>\ntant a nivell dom\u00e8stic com industrial.<\/p>\n<p style=\"text-align: center;\">Explica&#8217;ns quina idea de climatitzaci\u00f3 et planteges per a la teva casa o negoci i nosaltres t&#8217;assessorarem la quantitat de dispositius que necessiteu concorde a les vostres necessitats i amb les possibilitats que tinguin les instal\u00b7lacions.<\/p>\n<p>[\/vc_column_text][vc_empty_space][\/vc_column][\/vc_row][vc_row][vc_column width=&#8221;1\/3&#8243;][vc_icon icon_fontawesome=&#8221;fas fa-medal&#8221; color=&#8221;custom&#8221; size=&#8221;xl&#8221; align=&#8221;center&#8221; custom_color=&#8221;#ea9c00&#8243;][vc_column_text]<\/p>\n<h3 style=\"text-align: center;\">Qu\u00e8 oferim<\/h3>\n<p style=\"text-align: justify;\">Ens encarreguem al m\u00e9s alt nivell de tot el treball d&#8217;instal\u00b7laci\u00f3, comen\u00e7ant amb la <strong>planificaci\u00f3 i la implementaci\u00f3<\/strong>, passant per les comprovacions de qualitat.<\/p>\n<p>[\/vc_column_text][\/vc_column][vc_column width=&#8221;1\/3&#8243;][vc_icon icon_fontawesome=&#8221;far fa-check-circle&#8221; color=&#8221;custom&#8221; size=&#8221;xl&#8221; align=&#8221;center&#8221; custom_color=&#8221;#ea9c00&#8243;][vc_column_text]<\/p>\n<h3 style=\"text-align: center;\">Proc\u00e9s de qualitat<\/h3>\n<p style=\"text-align: justify;\">La totalitat dels components de la instal\u00b7laci\u00f3 han estat sotmesos als <strong>m\u00e9s exigents controls de seguretat i qualitat<\/strong>.<\/p>\n<p>[\/vc_column_text][\/vc_column][vc_column width=&#8221;1\/3&#8243;][vc_icon icon_fontawesome=&#8221;fas fa-map-marked-alt&#8221; color=&#8221;custom&#8221; size=&#8221;xl&#8221; align=&#8221;center&#8221; custom_color=&#8221;#ea9c00&#8243;][vc_column_text]<\/p>\n<h3 style=\"text-align: center;\">Operem en tota Catalunya<\/h3>\n<p style=\"text-align: justify;\">Disposem dels millors professionals per al desenvolupament i l&#8217;execuci\u00f3 de la <strong>instal\u00b7laci\u00f3 d&#8217;aire climatitzat i calefacci\u00f3<\/strong> m\u00e9s concorde a les seves necessitats.<\/p>\n<p>[\/vc_column_text][\/vc_column][\/vc_row][vc_row][vc_column][vc_empty_space][vc_single_image image=&#8221;2070&#8243; img_size=&#8221;full&#8221; alignment=&#8221;center&#8221;][\/vc_column][\/vc_row][vc_row][vc_column][vc_empty_space][\/vc_column][\/vc_row][vc_row][vc_column][vc_column_text]<\/p>\n<h2 style=\"text-align: center;\">Les millors marques en climatitzadors<\/h2>\n<p style=\"text-align: center;\">Disposem de les marques l\u00edders en el m\u00f3n de la climatitzaci\u00f3, la qual cosa suposa un <strong>comprom\u00eds<\/strong><br \/>\n<strong>de garantia i qualitat<\/strong> en la decisi\u00f3 de la compra o de la instal\u00b7laci\u00f3.[\/vc_column_text][\/vc_column][\/vc_row][vc_row][vc_column width=&#8221;1\/4&#8243;][vc_single_image image=&#8221;1914&#8243; alignment=&#8221;center&#8221;][\/vc_column][vc_column width=&#8221;1\/4&#8243;][vc_single_image image=&#8221;1924&#8243; alignment=&#8221;center&#8221;][\/vc_column][vc_column width=&#8221;1\/4&#8243;][vc_single_image image=&#8221;1918&#8243; alignment=&#8221;center&#8221;][\/vc_column][vc_column width=&#8221;1\/4&#8243;][vc_single_image image=&#8221;1926&#8243; alignment=&#8221;center&#8221;][\/vc_column][\/vc_row][vc_row][vc_column width=&#8221;1\/4&#8243;][vc_single_image image=&#8221;1916&#8243; alignment=&#8221;center&#8221;][\/vc_column][vc_column width=&#8221;1\/4&#8243;][vc_single_image image=&#8221;1920&#8243; alignment=&#8221;center&#8221;][\/vc_column][vc_column width=&#8221;1\/4&#8243;][vc_single_image image=&#8221;1942&#8243; alignment=&#8221;center&#8221;][\/vc_column][vc_column width=&#8221;1\/4&#8243;][vc_single_image image=&#8221;1940&#8243; alignment=&#8221;center&#8221;][\/vc_column][\/vc_row][vc_row content_placement=&#8221;middle&#8221; css_animation=&#8221;fadeInRight&#8221; css=&#8221;.vc_custom_1619712797108{background-color: #f4f4f4 !important;}&#8221;][vc_column width=&#8221;1\/2&#8243;][vc_column_text]<\/p>\n<h3 style=\"text-align: justify;\">Necessites els nostres serveis<br \/>\nde climatitzaci\u00f3?<\/h3>\n<p style=\"text-align: justify;\">Pots contactar amb nosaltres enviant un<br \/>\nemail a <a href=\"mailto:info@signum.com\">info@signum.cat<\/a><\/p>\n<p style=\"text-align: justify;\">Pots trucar-nos o enviar-nos un <strong>WhatsApp<br \/>\n<\/strong>al <strong>607 341 061.<\/strong>[\/vc_column_text][vc_btn title=&#8221;TRUCA&#8217;NS&#8221; style=&#8221;flat&#8221; color=&#8221;success&#8221; size=&#8221;lg&#8221; align=&#8221;left&#8221; link=&#8221;url:tel%3A%20930%2010%2010%2085&#8243;][\/vc_column][vc_column width=&#8221;1\/2&#8243;][vc_single_image image=&#8221;2064&#8243; img_size=&#8221;full&#8221; alignment=&#8221;center&#8221; style=&#8221;vc_box_shadow_border&#8221;][\/vc_column][\/vc_row][vc_row][vc_column][vc_column_text]<\/p>\n<h2 style=\"text-align: center;\">Serveis de Climatitzaci\u00f3 i Calefacci\u00f3<\/h2>\n<p style=\"text-align: center;\">Tot el servei que oferim, tant de <strong>venda<\/strong>, <strong>instal\u00b7laci\u00f3, manteniment en climatitzaci\u00f3<\/strong> i <a href=\"https:\/\/www.signum.cat\/ca\/calefaccio-a-barcelona\/\"><strong>calefacci\u00f3 a Barcelona<\/strong><\/a>, se centra en la disminuci\u00f3 de l&#8217;impacte que els aparells de ventilaci\u00f3 generen en la capa d&#8217;oz\u00f3.<\/p>\n<p style=\"text-align: center;\">Les pot\u00e8ncies dels <strong>equips de refrigeraci\u00f3<\/strong> que oferim als nostres clients poden variar segons les seves necessitats. \u00c9s possible trobar equips d&#8217;aire condicionat a partir de 1.000 frigories, a pesar que els m\u00e9s sol\u00b7licitats s\u00f3n normalment els de 3.000 frigories.<\/p>\n<p>[\/vc_column_text][\/vc_column][\/vc_row][vc_row][vc_column][vc_empty_space][\/vc_column][\/vc_row][vc_row][vc_column width=&#8221;1\/2&#8243;][vc_icon icon_fontawesome=&#8221;fas fa-lightbulb&#8221; color=&#8221;custom&#8221; size=&#8221;xl&#8221; align=&#8221;center&#8221; custom_color=&#8221;#ea9c00&#8243;][vc_column_text]<\/p>\n<h3 style=\"text-align: center;\">Per qu\u00e8 triar-nos?<\/h3>\n<p style=\"text-align: justify;\">Comptem i oferim les <strong>millors marques en climatitzaci\u00f3 i aire condicionat<\/strong>, garantint sempre els millors preus. I gr\u00e0cies a l&#8217;experi\u00e8ncia que ens avala, podr\u00e0s trobar a m\u00e9s el millor assessorament.<\/p>\n<p style=\"text-align: center;\"><strong><a href=\"https:\/\/www.signum.cat\/ca\/contacta-amb-nososaltres\/\" target=\"_blank\" rel=\"noopener\">M\u00e9s informaci\u00f3<\/a><\/strong><\/p>\n<p>[\/vc_column_text][\/vc_column][vc_column width=&#8221;1\/2&#8243;][vc_icon icon_fontawesome=&#8221;fas fa-info&#8221; color=&#8221;custom&#8221; size=&#8221;xl&#8221; align=&#8221;center&#8221; custom_color=&#8221;#ea9c00&#8243;][vc_column_text]<\/p>\n<h3 style=\"text-align: center;\">Aix\u00ed funciona el servei<\/h3>\n<p style=\"text-align: justify;\">Els nostres serveis dins de Barcelona manquen de sobrecost perqu\u00e8 els nostres clients \u00fanicament abonin l&#8217;import de l&#8217;equip d&#8217;aire i del muntatge.<br \/>\nSense despeses addicionals.<\/p>\n<p style=\"text-align: center;\"><strong><a href=\"https:\/\/www.signum.cat\/ca\/contacta-amb-nososaltres\/\" target=\"_blank\" rel=\"noopener\">M\u00e9s informaci\u00f3<\/a><\/strong><\/p>\n<p>[\/vc_column_text][\/vc_column][\/vc_row][vc_row][vc_column][vc_empty_space][\/vc_column][\/vc_row][vc_row][vc_column][vc_column_text]<\/p>\n<h2 style=\"text-align: center;\">\u00c0rees de negoci i serveis de refrigeraci\u00f3<\/h2>\n<p style=\"text-align: center;\">L&#8217;assessorament consisteix a dissenyar la instal\u00b7laci\u00f3 de climatitzaci\u00f3 adequada a cada necessitat i a totes les caracter\u00edstiques de les instal\u00b7lacions, de manera que el funcionament resulti totalment garantit.<\/p>\n<p style=\"text-align: center;\">I \u00e9s que ens especialitzem a oferir solucions a mesura per a la climatitzaci\u00f3 en locals comercials, instal\u00b7lacions industrials, restaurants, oficines, cl\u00edniques, hotels i botigues.<\/p>\n<p>[\/vc_column_text][\/vc_column][\/vc_row][vc_row][vc_column width=&#8221;1\/2&#8243;][vc_single_image image=&#8221;2053&#8243; img_size=&#8221;full&#8221; alignment=&#8221;center&#8221; style=&#8221;vc_box_rounded&#8221;][vc_column_text]<\/p>\n<h3 style=\"text-align: center;\"><strong>Climatitzaci\u00f3 en Oficines<\/strong><\/h3>\n<p>El benestar en una oficina t\u00e9 una import\u00e0ncia m\u00e9s que notable, ja que tamb\u00e9 condiciona una s\u00e8rie de factors <strong>imprescindibles en el m\u00f3n laboral: la productivitat i la protecci\u00f3.<\/strong><\/p>\n<p>No obstant aix\u00f2, cal plantejar-se com es pot aconseguir el m\u00e0xim confort ambiental en aquells espais que s&#8217;utilitzen per a l&#8217;activitat laboral.<\/p>\n<p>Lamentablement, la majoria d&#8217;ells fan una <strong>utilitzaci\u00f3 indeguda del sistema de climatitzaci\u00f3 dins de les oficines<\/strong>, amb factures elevades per la utilitzaci\u00f3 tant de l&#8217;aire condicionat com de la calefacci\u00f3.[\/vc_column_text][\/vc_column][vc_column width=&#8221;1\/2&#8243;][vc_single_image image=&#8221;2038&#8243; img_size=&#8221;full&#8221; alignment=&#8221;center&#8221;][vc_column_text]<\/p>\n<h3 style=\"text-align: center;\"><strong>Climatitzaci\u00f3 en Restaurants<\/strong><\/h3>\n<p style=\"text-align: justify;\">En general, el millor sistema de climatitzaci\u00f3 de restaurants \u00e9s el de la ventilaci\u00f3, perqu\u00e8 <strong>consisteix a intercanviar l&#8217;aire interior saturat per un altre renovat i de millor qualitat.<\/strong><\/p>\n<p style=\"text-align: justify;\">En altres paraules, l&#8217;aire en q\u00fcesti\u00f3 ha de tenir una contaminaci\u00f3 nul\u00b7la.<\/p>\n<p style=\"text-align: justify;\">I \u00e9s que, a mesura que transcorre el temps, <strong>els espais interiors presenten condicions inadequades<\/strong>.<br \/>\nTreballem amb les millors marques de la ind\u00fastria com <strong>Daikin<\/strong>, <strong><a href=\"https:\/\/es.mitsubishielectric.com\/es\/products-solutions\/air-conditioning\/index.html\" target=\"_blank\" rel=\"noopener\">Mitsubishi Electric<\/a><\/strong>, <a href=\"https:\/\/www.lg.com\/es\/aire-acondicionado\" target=\"_blank\" rel=\"noopener\">LG<\/a>, Fujitsu, etc&#8230;[\/vc_column_text][\/vc_column][\/vc_row][vc_row][vc_column][vc_empty_space height=&#8221;35px&#8221;][\/vc_column][\/vc_row][vc_row][vc_column width=&#8221;1\/2&#8243;][vc_single_image image=&#8221;2040&#8243; img_size=&#8221;full&#8221; alignment=&#8221;center&#8221;][vc_column_text]<\/p>\n<h3 style=\"text-align: center;\"><strong>Climatitzaci\u00f3 en Habitatges<\/strong><\/h3>\n<p style=\"text-align: justify;\">La climatitzaci\u00f3 s&#8217;encarrega de refredar un determinat espai.\u00a0T\u00e9 com a principal <strong>objectiu l&#8217;aire condicionat<\/strong>, i que s&#8217;utilitza especialment a l&#8217;estiu.<\/p>\n<p style=\"text-align: justify;\">La temperatura exterior i interior aix\u00ed com un bon a\u00efllament s\u00f3n els <strong>factors que tindrem m\u00e9s en compte a l&#8217;efecte d&#8217;aconseguir una bona climatitzaci\u00f3.<\/strong><\/p>\n<p style=\"text-align: justify;\">Quant a aix\u00f2, una manera adequada de refrigeraci\u00f3 <strong>d&#8217;un ambient<\/strong> consistir\u00e0 a impedir les p\u00e8rdues de temperatura i conservar un confort inferior a la de l&#8217;exterior.<\/p>\n<p>[\/vc_column_text][\/vc_column][vc_column width=&#8221;1\/2&#8243;][vc_single_image image=&#8221;2042&#8243; img_size=&#8221;full&#8221; alignment=&#8221;center&#8221;][vc_column_text]<\/p>\n<h3 style=\"text-align: center;\"><strong>Climatitzaci\u00f3 en Locals Comercials<\/strong><\/h3>\n<p style=\"text-align: justify;\">Tenim una \u00e0mplia traject\u00f2ria del sector del comer\u00e7,\u00a0<b>climatitzant\u00a0establiments comercials i negocis particulars<\/b>.\u00a0La climatitzaci\u00f3 de locals comercials a nivell de carrer t\u00e9 caracter\u00edstiques diferenciades respecte a les de la resta de superf\u00edcies.<\/p>\n<p>La mateixa ha de fer front davant una problem\u00e0tica determinada i ha de respondre als <strong>plantejaments realitzats per les pr\u00f2pies empreses<\/strong> que desenvolupen la seva labor empresarial en elles.<\/p>\n<p>D&#8217;aquesta\u00a0 manera, han de satisfer <strong>les exig\u00e8ncies tant dels treballadors i especialment del p\u00fablic.<\/strong>[\/vc_column_text][\/vc_column][\/vc_row][vc_row][vc_column][vc_empty_space height=&#8221;35px&#8221;][\/vc_column][\/vc_row][vc_row][vc_column width=&#8221;1\/2&#8243;][vc_single_image image=&#8221;2044&#8243; img_size=&#8221;full&#8221; alignment=&#8221;center&#8221;][vc_column_text]<\/p>\n<h3 style=\"text-align: center;\"><strong>Climatitzaci\u00f3 en Hotels<\/strong><\/h3>\n<p style=\"text-align: justify;\">Els hotels representen un entorn <strong>on conflueixen diversos ambients<\/strong>, amb caracter\u00edstiques molt diferents entre ells.<\/p>\n<p style=\"text-align: justify;\">Aix\u00ed, dins d&#8217;un mateix hotel es troba el mateix restaurant, les sales de convencions, les cuines o la barra de bar, i per aix\u00f2, s\u00f3n necessaris els <strong>aparells de climatitzaci\u00f3 per als hotels<\/strong>.<\/p>\n<p style=\"text-align: justify;\">Per aquesta ra\u00f3, \u00e9s fonamental que es combinin aquests <strong>sistemes amb un equip d&#8217;aire condicionat i ventilaci\u00f3 per a renovar<\/strong> permanentment l&#8217;ambient, aportant aix\u00ed aire fresc, pur i, principalment, refrigerat.<\/p>\n<p>[\/vc_column_text][\/vc_column][vc_column width=&#8221;1\/2&#8243;][vc_single_image image=&#8221;2058&#8243; img_size=&#8221;full&#8221; alignment=&#8221;center&#8221;][vc_column_text]<\/p>\n<h3 style=\"text-align: center;\"><strong>Climatitzaci\u00f3 en Cl\u00edniques<\/strong><\/h3>\n<p style=\"text-align: justify;\">La qualitat que t\u00e9 l&#8217;aire que es respira dins de les <strong>cl\u00edniques odontol\u00f2giques<\/strong> constitueix una creixent amena\u00e7a entre els professionals de la salut.<\/p>\n<p style=\"text-align: justify;\">Tant ells com els pacients estan en aquests espais durant tot el dia i <strong>estan exposats a elevats perills relacionats amb la qualitat de l&#8217;aire<\/strong>.<\/p>\n<p style=\"text-align: justify;\">L&#8217;acci\u00f3 d&#8217;inspirar, esternudar i tossir produeixen aerosols que queden suspesos per l&#8217;aire transportant els virus i els bacteris, tal com el que ara mateix tenim en boca de tots <strong>COVID-19<\/strong>, encara que tamb\u00e9 uns altres que ja existeixen des de fa temps i s\u00f3n igual o molt m\u00e9s perillosos.<\/p>\n<p>[\/vc_column_text][\/vc_column][\/vc_row][vc_row][vc_column][vc_empty_space height=&#8221;35px&#8221;][\/vc_column][\/vc_row][vc_row full_width=&#8221;stretch_row_content&#8221; parallax=&#8221;content-moving&#8221; parallax_image=&#8221;720&#8243;][vc_column][vc_column_text]<\/p>\n<h2 style=\"text-align: center;\">Digues-nos qu\u00e8 podem fer per tu<\/h2>\n<p style=\"text-align: center;\"><strong>Posa&#8217;t en contacte amb nosaltres<\/strong><\/p>\n<p>[\/vc_column_text][vc_btn title=&#8221;Contacta&#8221; style=&#8221;flat&#8221; color=&#8221;white&#8221; align=&#8221;center&#8221; link=&#8221;url:https%3A%2F%2Fwww.signum.cat%2Fca%2Fcontacta-amb-nososaltres%2F|title:Contacta%20amb%20Nososaltres&#8221;][\/vc_column][\/vc_row]<\/p>\n<\/section>","protected":false},"excerpt":{"rendered":"<p>[vc_row full_width=&#8221;stretch_row_content&#8221; parallax=&#8221;content-moving&#8221; css=&#8221;.vc_custom_1619717971691{padding-top: 130px !important;padding-bottom: 130px !important;background-image: url(https:\/\/www.signum.cat\/wp-content\/uploads\/2021\/04\/Instalacion-de-Sistemas-de-refrigeracion-SIGNUM.jpg?id=2074) !important;}&#8221;][vc_column][vc_custom_heading text=&#8221;Serveis de Climatitzaci\u00f3&#8221; font_container=&#8221;tag:h1|text_align:center|color:%23ffffff&#8221; use_theme_fonts=&#8221;yes&#8221; css_animation=&#8221;fadeInUp&#8221;][\/vc_column][\/vc_row][vc_row][vc_column][vc_column_text] Empresa especialitzada en serveis de Climatitzaci\u00f3 En SIGNUM som una empresa instal\u00b7ladora de sistemes de climatitzaci\u00f3\u00a0que treballem a Barcelona com la resta de prov\u00edncies, tant a nivell dom\u00e8stic com industrial. Explica&#8217;ns quina idea de climatitzaci\u00f3 et planteges per a&#8230;<\/p>\n","protected":false},"author":2,"featured_media":2075,"parent":0,"menu_order":0,"comment_status":"closed","ping_status":"closed","template":"","meta":{"_kad_post_transparent":"default","_kad_post_title":"default","_kad_post_layout":"default","_kad_post_sidebar_id":"","_kad_post_content_style":"default","_kad_post_vertical_padding":"default","_kad_post_feature":"","_kad_post_feature_position":"","_kad_post_header":false,"_kad_post_footer":false,"footnotes":"","_joinchat":[]},"yoast_head":"<!-- This site is optimized with the Yoast SEO plugin v21.7 - https:\/\/yoast.com\/wordpress\/plugins\/seo\/ -->\n<title>Serveis de Climatitzaci\u00f3 a Barcelona i voltants - SIGNUM<\/title>\n<meta name=\"description\" content=\"Oferim els nostres serveis de climatitzaci\u00f3 tant dom\u00e8stic com industrial. TRUCA&#039;NS i sol\u00b7licita&#039;ns un pressupost avui mateix!\" \/>\n<meta name=\"robots\" content=\"index, follow, max-snippet:-1, max-image-preview:large, max-video-preview:-1\" \/>\n<link rel=\"canonical\" href=\"https:\/\/www.signum.cat\/servicios-de-climatizacion\/\" \/>\n<meta property=\"og:locale\" content=\"ca_ES\" \/>\n<meta property=\"og:type\" content=\"article\" \/>\n<meta property=\"og:title\" content=\"Serveis de Climatitzaci\u00f3 a Barcelona i voltants - SIGNUM\" \/>\n<meta property=\"og:description\" content=\"Oferim els nostres serveis de climatitzaci\u00f3 tant dom\u00e8stic com industrial. TRUCA&#039;NS i sol\u00b7licita&#039;ns un pressupost avui mateix!\" \/>\n<meta property=\"og:url\" content=\"https:\/\/www.signum.cat\/servicios-de-climatizacion\/\" \/>\n<meta property=\"og:site_name\" content=\"SIGNUM\" \/>\n<meta property=\"article:modified_time\" content=\"2021-12-21T17:33:54+00:00\" \/>\n<meta property=\"og:image\" content=\"https:\/\/www.signum.cat\/wp-content\/uploads\/2021\/04\/Instalacion-de-Sistemas-de-refrigeracion-SIGNUM.jpg\" \/>\n\t<meta property=\"og:image:width\" content=\"1920\" \/>\n\t<meta property=\"og:image:height\" content=\"763\" \/>\n\t<meta property=\"og:image:type\" content=\"image\/jpeg\" \/>\n<meta name=\"twitter:card\" content=\"summary_large_image\" \/>\n<meta name=\"twitter:label1\" content=\"Est. reading time\" \/>\n\t<meta name=\"twitter:data1\" content=\"5 minutes\" \/>\n<script type=\"application\/ld+json\" class=\"yoast-schema-graph\">{\"@context\":\"https:\/\/schema.org\",\"@graph\":[{\"@type\":\"WebPage\",\"@id\":\"https:\/\/www.signum.cat\/servicios-de-climatizacion\/\",\"url\":\"https:\/\/www.signum.cat\/servicios-de-climatizacion\/\",\"name\":\"Serveis de Climatitzaci\u00f3 a Barcelona i voltants - SIGNUM\",\"isPartOf\":{\"@id\":\"https:\/\/www.signum.cat\/#website\"},\"datePublished\":\"2021-04-30T09:48:28+00:00\",\"dateModified\":\"2021-12-21T17:33:54+00:00\",\"description\":\"Oferim els nostres serveis de climatitzaci\u00f3 tant dom\u00e8stic com industrial. TRUCA'NS i sol\u00b7licita'ns un pressupost avui mateix!\",\"breadcrumb\":{\"@id\":\"https:\/\/www.signum.cat\/servicios-de-climatizacion\/#breadcrumb\"},\"inLanguage\":\"ca-ES\",\"potentialAction\":[{\"@type\":\"ReadAction\",\"target\":[\"https:\/\/www.signum.cat\/servicios-de-climatizacion\/\"]}]},{\"@type\":\"BreadcrumbList\",\"@id\":\"https:\/\/www.signum.cat\/servicios-de-climatizacion\/#breadcrumb\",\"itemListElement\":[{\"@type\":\"ListItem\",\"position\":1,\"name\":\"Portada\",\"item\":\"https:\/\/www.signum.cat\/ca\/\"},{\"@type\":\"ListItem\",\"position\":2,\"name\":\"Serveis de Climatitzaci\u00f3\"}]},{\"@type\":\"WebSite\",\"@id\":\"https:\/\/www.signum.cat\/#website\",\"url\":\"https:\/\/www.signum.cat\/\",\"name\":\"SIGNUM\",\"description\":\"Electricidad, dom\u00f3tica e inm\u00f3tica\",\"publisher\":{\"@id\":\"https:\/\/www.signum.cat\/#organization\"},\"potentialAction\":[{\"@type\":\"SearchAction\",\"target\":{\"@type\":\"EntryPoint\",\"urlTemplate\":\"https:\/\/www.signum.cat\/?s={search_term_string}\"},\"query-input\":\"required name=search_term_string\"}],\"inLanguage\":\"ca-ES\"},{\"@type\":\"Organization\",\"@id\":\"https:\/\/www.signum.cat\/#organization\",\"name\":\"SIGNUM\",\"url\":\"https:\/\/www.signum.cat\/\",\"logo\":{\"@type\":\"ImageObject\",\"inLanguage\":\"ca-ES\",\"@id\":\"https:\/\/www.signum.cat\/#\/schema\/logo\/image\/\",\"url\":\"https:\/\/www.signum.cat\/wp-content\/uploads\/2021\/02\/Logo-SIGNUM-Favicon-1.png\",\"contentUrl\":\"https:\/\/www.signum.cat\/wp-content\/uploads\/2021\/02\/Logo-SIGNUM-Favicon-1.png\",\"width\":80,\"height\":73,\"caption\":\"SIGNUM\"},\"image\":{\"@id\":\"https:\/\/www.signum.cat\/#\/schema\/logo\/image\/\"}}]}<\/script>\n<!-- \/ Yoast SEO plugin. -->","yoast_head_json":{"title":"Serveis de Climatitzaci\u00f3 a Barcelona i voltants - SIGNUM","description":"Oferim els nostres serveis de climatitzaci\u00f3 tant dom\u00e8stic com industrial. TRUCA'NS i sol\u00b7licita'ns un pressupost avui mateix!","robots":{"index":"index","follow":"follow","max-snippet":"max-snippet:-1","max-image-preview":"max-image-preview:large","max-video-preview":"max-video-preview:-1"},"canonical":"https:\/\/www.signum.cat\/servicios-de-climatizacion\/","og_locale":"ca_ES","og_type":"article","og_title":"Serveis de Climatitzaci\u00f3 a Barcelona i voltants - SIGNUM","og_description":"Oferim els nostres serveis de climatitzaci\u00f3 tant dom\u00e8stic com industrial. TRUCA'NS i sol\u00b7licita'ns un pressupost avui mateix!","og_url":"https:\/\/www.signum.cat\/servicios-de-climatizacion\/","og_site_name":"SIGNUM","article_modified_time":"2021-12-21T17:33:54+00:00","og_image":[{"width":1920,"height":763,"url":"https:\/\/www.signum.cat\/wp-content\/uploads\/2021\/04\/Instalacion-de-Sistemas-de-refrigeracion-SIGNUM.jpg","type":"image\/jpeg"}],"twitter_card":"summary_large_image","twitter_misc":{"Est. reading time":"5 minutes"},"schema":{"@context":"https:\/\/schema.org","@graph":[{"@type":"WebPage","@id":"https:\/\/www.signum.cat\/servicios-de-climatizacion\/","url":"https:\/\/www.signum.cat\/servicios-de-climatizacion\/","name":"Serveis de Climatitzaci\u00f3 a Barcelona i voltants - SIGNUM","isPartOf":{"@id":"https:\/\/www.signum.cat\/#website"},"datePublished":"2021-04-30T09:48:28+00:00","dateModified":"2021-12-21T17:33:54+00:00","description":"Oferim els nostres serveis de climatitzaci\u00f3 tant dom\u00e8stic com industrial. TRUCA'NS i sol\u00b7licita'ns un pressupost avui mateix!","breadcrumb":{"@id":"https:\/\/www.signum.cat\/servicios-de-climatizacion\/#breadcrumb"},"inLanguage":"ca-ES","potentialAction":[{"@type":"ReadAction","target":["https:\/\/www.signum.cat\/servicios-de-climatizacion\/"]}]},{"@type":"BreadcrumbList","@id":"https:\/\/www.signum.cat\/servicios-de-climatizacion\/#breadcrumb","itemListElement":[{"@type":"ListItem","position":1,"name":"Portada","item":"https:\/\/www.signum.cat\/ca\/"},{"@type":"ListItem","position":2,"name":"Serveis de Climatitzaci\u00f3"}]},{"@type":"WebSite","@id":"https:\/\/www.signum.cat\/#website","url":"https:\/\/www.signum.cat\/","name":"SIGNUM","description":"Electricidad, dom\u00f3tica e inm\u00f3tica","publisher":{"@id":"https:\/\/www.signum.cat\/#organization"},"potentialAction":[{"@type":"SearchAction","target":{"@type":"EntryPoint","urlTemplate":"https:\/\/www.signum.cat\/?s={search_term_string}"},"query-input":"required name=search_term_string"}],"inLanguage":"ca-ES"},{"@type":"Organization","@id":"https:\/\/www.signum.cat\/#organization","name":"SIGNUM","url":"https:\/\/www.signum.cat\/","logo":{"@type":"ImageObject","inLanguage":"ca-ES","@id":"https:\/\/www.signum.cat\/#\/schema\/logo\/image\/","url":"https:\/\/www.signum.cat\/wp-content\/uploads\/2021\/02\/Logo-SIGNUM-Favicon-1.png","contentUrl":"https:\/\/www.signum.cat\/wp-content\/uploads\/2021\/02\/Logo-SIGNUM-Favicon-1.png","width":80,"height":73,"caption":"SIGNUM"},"image":{"@id":"https:\/\/www.signum.cat\/#\/schema\/logo\/image\/"}}]}},"_links":{"self":[{"href":"https:\/\/www.signum.cat\/ca\/wp-json\/wp\/v2\/pages\/2092"}],"collection":[{"href":"https:\/\/www.signum.cat\/ca\/wp-json\/wp\/v2\/pages"}],"about":[{"href":"https:\/\/www.signum.cat\/ca\/wp-json\/wp\/v2\/types\/page"}],"author":[{"embeddable":true,"href":"https:\/\/www.signum.cat\/ca\/wp-json\/wp\/v2\/users\/2"}],"replies":[{"embeddable":true,"href":"https:\/\/www.signum.cat\/ca\/wp-json\/wp\/v2\/comments?post=2092"}],"version-history":[{"count":15,"href":"https:\/\/www.signum.cat\/ca\/wp-json\/wp\/v2\/pages\/2092\/revisions"}],"predecessor-version":[{"id":2716,"href":"https:\/\/www.signum.cat\/ca\/wp-json\/wp\/v2\/pages\/2092\/revisions\/2716"}],"wp:featuredmedia":[{"embeddable":true,"href":"https:\/\/www.signum.cat\/ca\/wp-json\/wp\/v2\/media\/2075"}],"wp:attachment":[{"href":"https:\/\/www.signum.cat\/ca\/wp-json\/wp\/v2\/media?parent=2092"}],"curies":[{"name":"wp","href":"https:\/\/api.w.org\/{rel}","templated":true}]}}