{"id":2250,"date":"2021-06-07T16:17:52","date_gmt":"2021-06-07T14:17:52","guid":{"rendered":"https:\/\/www.signum.cat\/energia-solar-fotovoltaica\/"},"modified":"2021-12-21T17:28:19","modified_gmt":"2021-12-21T16:28:19","slug":"energia-solar-fotovoltaica","status":"publish","type":"page","link":"https:\/\/www.signum.cat\/ca\/energia-solar-fotovoltaica\/","title":{"rendered":"Energia Solar Fotovoltaica"},"content":{"rendered":"<section class=\"wpb-content-wrapper\"><p>[vc_row full_width=&#8221;stretch_row_content&#8221; parallax=&#8221;content-moving&#8221; css=&#8221;.vc_custom_1622534374997{padding-top: 130px !important;padding-bottom: 130px !important;background-image: url(https:\/\/www.signum.cat\/wp-content\/uploads\/2021\/06\/Energia-Solar-Fotovoltaica.jpg?id=2158) !important;}&#8221;][vc_column][vc_custom_heading text=&#8221;Energia Solar Fotovoltaica&#8221; font_container=&#8221;tag:h1|text_align:center|color:%23ffffff&#8221; use_theme_fonts=&#8221;yes&#8221; css_animation=&#8221;fadeInUp&#8221;][\/vc_column][\/vc_row][vc_row][vc_column][vc_column_text]<\/p>\n<h2 style=\"text-align: center;\">Empresa especialitzada en Energia Solar Fotovoltaica<\/h2>\n<p style=\"text-align: center;\">En <strong>Signum<\/strong> som una empresa que es dedica a la <strong>instal\u00b7laci\u00f3, implantaci\u00f3 i el manteniment<\/strong> d&#8217;aquells projectes que estan basats en <strong>energies alternatives<\/strong> i l<strong>&#8216;efici\u00e8ncia<\/strong> <strong>energ\u00e8tica<\/strong> com \u00e9s l&#8217;energia solar fotovoltaica.<\/p>\n<p style=\"text-align: center;\">Apostem pel <strong>desenvolupament de la sostenibilitat<\/strong>, i per a aix\u00f2 comptem ja amb un gran equip de professionals que <strong>compten amb una llarga experi\u00e8ncia acumulada<\/strong>, que unida a la seva permanent formaci\u00f3 i reciclatge, aconsegueixen constituir una plantilla de treballadors de gran efic\u00e0cia, \u00e0mpliament acreditada amb projectes executats.<\/p>\n<p>[\/vc_column_text][vc_empty_space][\/vc_column][\/vc_row][vc_row][vc_column width=&#8221;1\/3&#8243;][vc_icon icon_fontawesome=&#8221;fas fa-medal&#8221; color=&#8221;custom&#8221; size=&#8221;xl&#8221; align=&#8221;center&#8221; custom_color=&#8221;#ea9c00&#8243;][vc_column_text]<\/p>\n<h3 style=\"text-align: center;\">Qu\u00e8 oferim<\/h3>\n<p style=\"text-align: justify;\">Ens encarreguem al m\u00e9s alt nivell de tot el treball d&#8217;instal\u00b7laci\u00f3, comen\u00e7ant amb la <strong>planificaci\u00f3 i la implementaci\u00f3<\/strong>, passant per les comprovacions de qualitat.<\/p>\n<p>[\/vc_column_text][\/vc_column][vc_column width=&#8221;1\/3&#8243;][vc_icon icon_fontawesome=&#8221;far fa-check-circle&#8221; color=&#8221;custom&#8221; size=&#8221;xl&#8221; align=&#8221;center&#8221; custom_color=&#8221;#ea9c00&#8243;][vc_column_text]<\/p>\n<h3 style=\"text-align: center;\">Proc\u00e9s de qualitat<\/h3>\n<p style=\"text-align: justify;\">La totalitat dels components de la instal\u00b7laci\u00f3 han estat sotmesos als <strong>m\u00e9s exigents controls de seguretat i qualitat<\/strong>.<\/p>\n<p>[\/vc_column_text][\/vc_column][vc_column width=&#8221;1\/3&#8243;][vc_icon icon_fontawesome=&#8221;fas fa-map-marked-alt&#8221; color=&#8221;custom&#8221; size=&#8221;xl&#8221; align=&#8221;center&#8221; custom_color=&#8221;#ea9c00&#8243;][vc_column_text]<\/p>\n<h3 style=\"text-align: center;\">Operem en tota Catalunya<\/h3>\n<p style=\"text-align: justify;\">Disposem de professionals que s&#8217;encarreguen del desenvolupament i l&#8217;execuci\u00f3 d&#8217;una <strong>instal\u00b7laci\u00f3 de panells solars fotovoltaics<\/strong>\u00a0m\u00e9s concorde a les seves necessitats.<\/p>\n<p>[\/vc_column_text][\/vc_column][\/vc_row][vc_row][vc_column][vc_empty_space][vc_single_image image=&#8221;2161&#8243; img_size=&#8221;full&#8221; alignment=&#8221;center&#8221;][\/vc_column][\/vc_row][vc_row][vc_column][vc_empty_space][\/vc_column][\/vc_row][vc_row][vc_column][vc_column_text]<\/p>\n<h2 style=\"text-align: center;\">Les millors marques en panells solars fotovoltaics<\/h2>\n<p style=\"text-align: center;\">Disposem de marques l\u00edders en el m\u00f3n en panells per a produir electricitat, la qual cosa suposa un <strong>comprom\u00eds<\/strong><br \/>\n<strong>de garantia i qualitat<\/strong> en la decisi\u00f3 de la compra o de la instal\u00b7laci\u00f3.<\/p>\n<p>[\/vc_column_text][\/vc_column][\/vc_row][vc_row][vc_column width=&#8221;1\/4&#8243;][vc_single_image image=&#8221;2243&#8243; alignment=&#8221;center&#8221;][\/vc_column][vc_column width=&#8221;1\/4&#8243;][vc_single_image image=&#8221;2232&#8243; alignment=&#8221;center&#8221;][\/vc_column][vc_column width=&#8221;1\/4&#8243;][vc_single_image image=&#8221;2238&#8243; alignment=&#8221;center&#8221;][\/vc_column][vc_column width=&#8221;1\/4&#8243;][vc_single_image image=&#8221;2236&#8243; alignment=&#8221;center&#8221;][\/vc_column][\/vc_row][vc_row][vc_column width=&#8221;1\/4&#8243;][vc_single_image image=&#8221;2230&#8243; alignment=&#8221;center&#8221;][\/vc_column][vc_column width=&#8221;1\/4&#8243;][vc_single_image image=&#8221;2226&#8243; alignment=&#8221;center&#8221;][\/vc_column][vc_column width=&#8221;1\/4&#8243;][vc_single_image image=&#8221;2228&#8243; alignment=&#8221;center&#8221;][\/vc_column][vc_column width=&#8221;1\/4&#8243;][vc_single_image image=&#8221;2240&#8243; alignment=&#8221;center&#8221;][\/vc_column][\/vc_row][vc_row content_placement=&#8221;middle&#8221; css_animation=&#8221;fadeInRight&#8221; css=&#8221;.vc_custom_1619712797108{background-color: #f4f4f4 !important;}&#8221;][vc_column width=&#8221;1\/2&#8243;][vc_column_text]<\/p>\n<h3 style=\"text-align: justify;\">Necessites instal\u00b7lar plaques d&#8217;energia<br \/>\nsolar fotovoltaica?<\/h3>\n<p style=\"text-align: justify;\">Pots contactar amb nosaltres enviant un<br \/>\nemail a <a href=\"mailto:info@signum.cat\">info@signum.cat<\/a>.<\/p>\n<p style=\"text-align: justify;\">Pots cridar-nos o enviar-nos un <strong>WhatsApp<br \/>\n<\/strong>al <strong>607 341 061.<\/strong><\/p>\n<p>[\/vc_column_text][vc_btn title=&#8221;TRUCA &#8216;NS&#8221; style=&#8221;flat&#8221; color=&#8221;success&#8221; size=&#8221;lg&#8221; align=&#8221;left&#8221; link=&#8221;url:tel%3A%20930%2010%2010%2085&#8243;][\/vc_column][vc_column width=&#8221;1\/2&#8243;][vc_single_image image=&#8221;2163&#8243; img_size=&#8221;full&#8221; alignment=&#8221;center&#8221; style=&#8221;vc_box_shadow_border&#8221;][\/vc_column][\/vc_row][vc_row][vc_column][vc_column_text]<\/p>\n<h2 style=\"text-align: center;\">Serveis d&#8217;instal\u00b7laci\u00f3 de panells solars fotovoltaics<\/h2>\n<p style=\"text-align: center;\">Tot el servei que oferim, tant de venda, <b>instal\u00b7laci\u00f3 i manteniment en plaques solars tant fotovoltaiques com t\u00e8rmiques<\/b>, se centra en la disminuci\u00f3 de l&#8217;impacte de l&#8217;escalfament global del planeta i anar cap a un model de major equitat i de sostenibilitat.<\/p>\n<p style=\"text-align: center;\">Els panells fotovoltaics solen ser f\u00e0cils d&#8217;instal\u00b7lar, per\u00f2 la seva implementaci\u00f3 pot resultar bastant complexa.<br \/>\nLa major part els instal\u00b7ladors \u00fanicament es concentren en dos aspectes de la instal\u00b7laci\u00f3 quan presenten els seus pressupostos: les caracter\u00edstiques dels panells i el tipus d&#8217;inversor.<\/p>\n<p>[\/vc_column_text][\/vc_column][\/vc_row][vc_row][vc_column][vc_empty_space][\/vc_column][\/vc_row][vc_row][vc_column width=&#8221;1\/2&#8243;][vc_icon icon_fontawesome=&#8221;fas fa-lightbulb&#8221; color=&#8221;custom&#8221; size=&#8221;xl&#8221; align=&#8221;center&#8221; custom_color=&#8221;#ea9c00&#8243;][vc_column_text]<\/p>\n<h3 style=\"text-align: center;\">Per qu\u00e8 triar-nos?<\/h3>\n<p style=\"text-align: justify;\">Comptem i oferim les <strong>millors marques en panells solars i instal\u00b7lacions<\/strong>, garantint sempre els millors preus. I gr\u00e0cies a l&#8217;experi\u00e8ncia que ens avala, podr\u00e0s trobar el millor assessorament.<\/p>\n<p style=\"text-align: center;\"><strong><a href=\"https:\/\/www.signum.cat\/ca\/contacta-amb-nososaltres\/\" target=\"_blank\" rel=\"noopener\">M\u00e9s informaci\u00f3<\/a><\/strong><\/p>\n<p>[\/vc_column_text][\/vc_column][vc_column width=&#8221;1\/2&#8243;][vc_icon icon_fontawesome=&#8221;fas fa-info&#8221; color=&#8221;custom&#8221; size=&#8221;xl&#8221; align=&#8221;center&#8221; custom_color=&#8221;#ea9c00&#8243;][vc_column_text]<\/p>\n<h3 style=\"text-align: center;\">Aix\u00ed funciona el servei<\/h3>\n<p style=\"text-align: justify;\">Oferim els nostres serveis dins de Barcelona com en la resta de prov\u00edncies <strong>de tota Catalunya<\/strong>, no hi ha costos afegits en les instal\u00b7lacions. No importa on et trobis, ens desplacem!<\/p>\n<p style=\"text-align: center;\"><strong><a href=\"https:\/\/www.signum.cat\/ca\/contacta-amb-nososaltres\/\" target=\"_blank\" rel=\"noopener\">M\u00e9s informaci\u00f3<\/a><\/strong><\/p>\n<p>[\/vc_column_text][\/vc_column][\/vc_row][vc_row][vc_column][vc_empty_space][\/vc_column][\/vc_row][vc_row][vc_column][vc_column_text]<\/p>\n<h2 style=\"text-align: center;\">Energia solar fotovoltaica en habitatges i empreses<\/h2>\n<p style=\"text-align: center;\">L&#8217;assessorament consisteix a dissenyar la instal\u00b7laci\u00f3 de panells solars adequats a cada necessitat i a totes les caracter\u00edstiques de les instal\u00b7lacions, de manera que el funcionament resulti totalment garantit.<\/p>\n<p style=\"text-align: center;\">I \u00e9s que ens especialitzem a oferir solucions a mesura per a la instal\u00b7laci\u00f3 de panells solars fotovoltaics en empreses, instal\u00b7lacions industrials, oficines, habitatges unifamiliars o hotels.<\/p>\n<p>[\/vc_column_text][\/vc_column][\/vc_row][vc_row][vc_column width=&#8221;1\/2&#8243;][vc_single_image image=&#8221;2185&#8243; img_size=&#8221;full&#8221; alignment=&#8221;center&#8221; style=&#8221;vc_box_rounded&#8221;][vc_column_text]<\/p>\n<h3 style=\"text-align: center;\">Energia<strong> Solar per a Habitatges<\/strong><\/h3>\n<p style=\"text-align: justify;\">Els preus d&#8217;una <strong>instal\u00b7laci\u00f3 fotovoltaica<\/strong> per a una casa unifamiliar oscil\u00b7len entorn de 0,8 i 1,4 per kWh a l&#8217;any de consum.<\/p>\n<p style=\"text-align: justify;\">Aix\u00f2 significa llavors que el cost d&#8217;una <strong>instal\u00b7laci\u00f3 d&#8217;energia solar d&#8217;autoconsum per a un habitatge<\/strong> que t\u00e9 un consum de 6.000 kWh anuals se situa entre els 5.000 i els 8.000 euros.<\/p>\n<p style=\"text-align: justify;\">Per\u00f2 la difer\u00e8ncia de preu pot dependre de diversos factors, entre ells la qualitat que tinguin els <strong>components fotovoltaics de la instal\u00b7laci\u00f3<\/strong> i el tipus de muntatge.<\/p>\n<p>[\/vc_column_text][\/vc_column][vc_column width=&#8221;1\/2&#8243;][vc_single_image image=&#8221;2187&#8243; img_size=&#8221;full&#8221; alignment=&#8221;center&#8221;][vc_column_text]<\/p>\n<h3 style=\"text-align: center;\">Energia Solar per a Empreses<\/h3>\n<p style=\"text-align: justify;\">L&#8217;energia solar en les empreses <strong>permet estalviar costos entre 20 i 25 anys<\/strong> amb un r\u00e0pid rendiment de la instal\u00b7laci\u00f3, i proporciona un benefici sostenible al negoci gr\u00e0cies a l&#8217;\u00fas d&#8217;energies renovables i assequibles.<\/p>\n<p style=\"text-align: justify;\">Sense importar el volum i el tipus de consum de l&#8217;empresa, els panells solars s\u00f3n capa\u00e7os de satisfer totes les necessitats energ\u00e8tiques i <strong>disminuir la factura el\u00e8ctrica fins a un 95%.<\/strong><br \/>\nI fins a un <strong>100%<\/strong> quan es tracta d&#8217;una empresa <strong>sense connexi\u00f3 a la xarxa el\u00e8ctrica<\/strong>.<\/p>\n<p>[\/vc_column_text][\/vc_column][\/vc_row][vc_row][vc_column][vc_empty_space height=&#8221;35px&#8221;][vc_column_text]<\/p>\n<h2 style=\"text-align: center;\">Tens preguntes sobre com funciona<br \/>\nl&#8217;energia solar fotovoltaica?<\/h2>\n<p style=\"text-align: center;\">Quins tipus d&#8217;energia solar hi ha? Quina \u00e9s la teulada m\u00e9s adequat a la teva casa per a la instal\u00b7laci\u00f3 de l&#8217;energia solar? Consulta el llistat de preguntes freq\u00fcents sobre l&#8217;energia solar i obtingues les respostes.<\/p>\n<p>[\/vc_column_text][\/vc_column][\/vc_row][vc_row][vc_column width=&#8221;1\/2&#8243;][vc_empty_space height=&#8221;35px&#8221;][vc_toggle title=&#8221;Funcionen els panells solars en dies ennuvolats?&#8221;]S\u00ed, en condicions de poca llum produeixen energia, per\u00f2 la producci\u00f3 ser\u00e0 menor.[\/vc_toggle][vc_toggle title=&#8221;Quant es pot estalviar gr\u00e0cies a l&#8217;energia solar?&#8221;]Amb l&#8217;energia solar tots estalvien. L&#8217;estalvi d&#8217;energia dependr\u00e0 de les dimensions de l&#8217;equip que s&#8217;hagi instal\u00b7lat i el consum d&#8217;energia durant les hores de producci\u00f3.[\/vc_toggle][vc_toggle title=&#8221;Quina \u00e9s la teulada m\u00e9s adequat per a instal\u00b7lar panells solars a la meva casa?&#8221;]Normalment, les teulades amb orientaci\u00f3 sud, sud-oest i sud-est resulten els millors. Tamb\u00e9 les teulades orientades a l&#8217;est i a l&#8217;oest <strong>proporcionen una bona energia.<\/strong>[\/vc_toggle][vc_toggle title=&#8221;Quina fiabilitat ofereixen els panells solars?&#8221;]Les instal\u00b7lacions solars manquen de peces m\u00f2bils i no requereixen manteniment. Els panells solars es caracteritzen per oferir <strong>m\u00e9s de 20 anys d&#8217;energia renovable cont\u00ednua.<\/strong>[\/vc_toggle][vc_toggle title=&#8221;Necessito autoritzaci\u00f3 del meu prove\u00efdor de serveis el\u00e8ctrics per a instal\u00b7lar un panell solar?&#8221;]S\u00ed, per a una instal\u00b7laci\u00f3 connectada a la xarxa. Com que l&#8217;exc\u00e9s d&#8217;energia que es produeixi es retornar\u00e0 a la xarxa. No obstant aix\u00f2, pot estar segur que nosaltres ens encarreguem de tot el proc\u00e9s de sol\u00b7licitud.[\/vc_toggle][vc_toggle title=&#8221;Quants m\u00f2duls fotovoltaics necessito?&#8221;]Una instal\u00b7laci\u00f3 fotovoltaica pot ser dissenyada per a satisfer totes les necessitats d&#8217;energia que es desitgin. Disposem de panells solars de totes les dimensions.[\/vc_toggle][vc_toggle title=&#8221;Necessito netejar els panells de manera peri\u00f2dica?&#8221;]En funci\u00f3 de la inclinaci\u00f3 pot ser necess\u00e0ria una neteja peri\u00f2dica. Quant mes net est el panell millor rendiment donar\u00e0. En cobertes inclinades o suports inclinats l&#8217;aigua de pluja pot ajudar.[\/vc_toggle][vc_toggle title=&#8221;Per a qu\u00e8 serveix un inversor solar?&#8221;]Els inversors solars s&#8217;encarreguen de transformar <strong>el corrent continu<\/strong> que generen els panells solars <strong>en corrent altern<\/strong> per al seu \u00fas en habitatges i empreses.[\/vc_toggle][\/vc_column][vc_column width=&#8221;1\/2&#8243;][vc_single_image image=&#8221;2202&#8243; img_size=&#8221;full&#8221; alignment=&#8221;center&#8221;][\/vc_column][\/vc_row][vc_row][vc_column][vc_empty_space height=&#8221;35px&#8221;][\/vc_column][\/vc_row][vc_row full_width=&#8221;stretch_row_content&#8221; parallax=&#8221;content-moving&#8221;][vc_column][vc_column_text]<\/p>\n<h2 style=\"text-align: center;\">Per qu\u00e8 invertir en energia solar fotovoltaica?<\/h2>\n<p style=\"text-align: center;\">El sol genera cada any una mica m\u00e9s de 20 vegades la quantitat d&#8217;energia requerida per a cobrir les necessitats energ\u00e8tiques del planeta.<br \/>\nPer\u00f2 aquesta tecnologia nom\u00e9s representa el 2% del total de la capacitat de generaci\u00f3 d&#8217;energia.<\/p>\n<h3 style=\"text-align: center;\"><strong>Qu\u00e8 esperem llavors?<\/strong><\/h3>\n<p>[\/vc_column_text][\/vc_column][\/vc_row][vc_row][vc_column width=&#8221;1\/4&#8243;][vc_single_image image=&#8221;2172&#8243; img_size=&#8221;full&#8221; alignment=&#8221;center&#8221; style=&#8221;vc_box_rounded&#8221;][vc_column_text]<\/p>\n<h3 style=\"text-align: center;\">Les tarifes no deixen d&#8217;augmentar<\/h3>\n<p style=\"text-align: center;\">En els \u00faltims <strong>10 anys<\/strong>, els principals <a href=\"https:\/\/www.ree.es\/es\/proveedores\" target=\"_blank\" rel=\"noopener\">prove\u00efdors energ\u00e8tics<\/a> <strong>han incrementat les seves factures fins a un 60%<\/strong>. Cal deixar de dependre d&#8217;elles.<\/p>\n<p>[\/vc_column_text][\/vc_column][vc_column width=&#8221;1\/4&#8243;][vc_single_image image=&#8221;2174&#8243; img_size=&#8221;full&#8221; alignment=&#8221;center&#8221;][vc_column_text]<\/p>\n<h3 style=\"text-align: center;\">Aprofitar millor els panells solars<\/h3>\n<p style=\"text-align: center;\">Amb la <a href=\"https:\/\/solar-energia.net\/energia-solar-termica\/componentes\/acumulador-solar\" target=\"_blank\" rel=\"noopener\">instal\u00b7laci\u00f3 un acumulador solar<\/a> es pot aprofitar tot l&#8217;energia <strong>solar que generen els panells solars fotovoltaics.<\/strong><\/p>\n<p>[\/vc_column_text][\/vc_column][vc_column width=&#8221;1\/4&#8243;][vc_single_image image=&#8221;2176&#8243; img_size=&#8221;full&#8221; alignment=&#8221;center&#8221;][vc_column_text]<\/p>\n<h3 style=\"text-align: center;\">Reduir les despeses de l&#8217;energia<\/h3>\n<p style=\"text-align: center;\">Es pot estalviar mitjan\u00e7ant la <strong>producci\u00f3 d&#8217;energia de forma m\u00e9s efica\u00e7<\/strong> mitjan\u00e7ant l&#8217;\u00fas i la instal\u00b7laci\u00f3 de panells solars<\/p>\n<p>[\/vc_column_text][\/vc_column][vc_column width=&#8221;1\/4&#8243;][vc_single_image image=&#8221;2178&#8243; img_size=&#8221;full&#8221; alignment=&#8221;center&#8221;][vc_column_text]<\/p>\n<h3 style=\"text-align: center;\">Ajuda a la reducci\u00f3 de la petjada de carboni<\/h3>\n<p style=\"text-align: center;\">Comen\u00e7a a aportar al medi ambient el teu granet de sorra.<br \/>\n<strong>Millorem el present<\/strong>, per a conservar <strong>el futur<\/strong> de les pr\u00f2ximes generacions.<\/p>\n<p>[\/vc_column_text][\/vc_column][\/vc_row][vc_row][vc_column][vc_empty_space height=&#8221;35px&#8221;][\/vc_column][\/vc_row][vc_row full_width=&#8221;stretch_row_content&#8221; parallax=&#8221;content-moving&#8221; parallax_image=&#8221;720&#8243;][vc_column][vc_column_text]<\/p>\n<h2 style=\"text-align: center;\">Digues-nos qu\u00e8 podem fer per tu<\/h2>\n<p style=\"text-align: center;\"><strong>SOM AQU\u00cd PER A AJUDAR-TE!<\/strong><\/p>\n<p>[\/vc_column_text][vc_btn title=&#8221;Contacta&#8217;ns&#8221; style=&#8221;flat&#8221; color=&#8221;white&#8221; align=&#8221;center&#8221; link=&#8221;url:https%3A%2F%2Fwww.signum.cat%2Fca%2Fcontacta-amb-nososaltres%2F&#8221;][\/vc_column][\/vc_row]<\/p>\n<\/section>","protected":false},"excerpt":{"rendered":"<p>[vc_row full_width=&#8221;stretch_row_content&#8221; parallax=&#8221;content-moving&#8221; css=&#8221;.vc_custom_1622534374997{padding-top: 130px !important;padding-bottom: 130px !important;background-image: url(https:\/\/www.signum.cat\/wp-content\/uploads\/2021\/06\/Energia-Solar-Fotovoltaica.jpg?id=2158) !important;}&#8221;][vc_column][vc_custom_heading text=&#8221;Energia Solar Fotovoltaica&#8221; font_container=&#8221;tag:h1|text_align:center|color:%23ffffff&#8221; use_theme_fonts=&#8221;yes&#8221; css_animation=&#8221;fadeInUp&#8221;][\/vc_column][\/vc_row][vc_row][vc_column][vc_column_text] Empresa especialitzada en Energia Solar Fotovoltaica En Signum som una empresa que es dedica a la instal\u00b7laci\u00f3, implantaci\u00f3 i el manteniment d&#8217;aquells projectes que estan basats en energies alternatives i l&#8216;efici\u00e8ncia energ\u00e8tica com \u00e9s l&#8217;energia solar fotovoltaica. Apostem pel&#8230;<\/p>\n","protected":false},"author":2,"featured_media":2159,"parent":0,"menu_order":0,"comment_status":"closed","ping_status":"closed","template":"","meta":{"_kad_post_transparent":"default","_kad_post_title":"default","_kad_post_layout":"default","_kad_post_sidebar_id":"","_kad_post_content_style":"default","_kad_post_vertical_padding":"default","_kad_post_feature":"","_kad_post_feature_position":"","_kad_post_header":false,"_kad_post_footer":false,"footnotes":"","_joinchat":[]},"yoast_head":"<!-- This site is optimized with the Yoast SEO plugin v21.7 - https:\/\/yoast.com\/wordpress\/plugins\/seo\/ -->\n<title>Energia Solar Fotovoltaica per a l&#039;Autoconsum - SIGNUM<\/title>\n<meta name=\"description\" content=\"Instal\u00b7lem plaques d&#039;energia solar fotovoltaica per a l&#039;autoconsum de la teva llar o empresa. Assessorament en tot el projecte d&#039;instal\u00b7laci\u00f3.\" \/>\n<meta name=\"robots\" content=\"index, follow, max-snippet:-1, max-image-preview:large, max-video-preview:-1\" \/>\n<link rel=\"canonical\" href=\"https:\/\/www.signum.cat\/ca\/energia-solar-fotovoltaica\/\" \/>\n<meta property=\"og:locale\" content=\"ca_ES\" \/>\n<meta property=\"og:type\" content=\"article\" \/>\n<meta property=\"og:title\" content=\"Energia Solar Fotovoltaica per a l&#039;Autoconsum - SIGNUM\" \/>\n<meta property=\"og:description\" content=\"Instal\u00b7lem plaques d&#039;energia solar fotovoltaica per a l&#039;autoconsum de la teva llar o empresa. Assessorament en tot el projecte d&#039;instal\u00b7laci\u00f3.\" \/>\n<meta property=\"og:url\" content=\"https:\/\/www.signum.cat\/ca\/energia-solar-fotovoltaica\/\" \/>\n<meta property=\"og:site_name\" content=\"SIGNUM\" \/>\n<meta property=\"article:modified_time\" content=\"2021-12-21T16:28:19+00:00\" \/>\n<meta property=\"og:image\" content=\"https:\/\/www.signum.cat\/wp-content\/uploads\/2021\/06\/Energia-Solar-Fotovoltaica.jpg\" \/>\n\t<meta property=\"og:image:width\" content=\"1920\" \/>\n\t<meta property=\"og:image:height\" content=\"763\" \/>\n\t<meta property=\"og:image:type\" content=\"image\/jpeg\" \/>\n<meta name=\"twitter:card\" content=\"summary_large_image\" \/>\n<meta name=\"twitter:label1\" content=\"Est. reading time\" \/>\n\t<meta name=\"twitter:data1\" content=\"6 minutes\" \/>\n<script type=\"application\/ld+json\" class=\"yoast-schema-graph\">{\"@context\":\"https:\/\/schema.org\",\"@graph\":[{\"@type\":\"WebPage\",\"@id\":\"https:\/\/www.signum.cat\/ca\/energia-solar-fotovoltaica\/\",\"url\":\"https:\/\/www.signum.cat\/ca\/energia-solar-fotovoltaica\/\",\"name\":\"Energia Solar Fotovoltaica per a l'Autoconsum - SIGNUM\",\"isPartOf\":{\"@id\":\"https:\/\/www.signum.cat\/#website\"},\"datePublished\":\"2021-06-07T14:17:52+00:00\",\"dateModified\":\"2021-12-21T16:28:19+00:00\",\"description\":\"Instal\u00b7lem plaques d'energia solar fotovoltaica per a l'autoconsum de la teva llar o empresa. Assessorament en tot el projecte d'instal\u00b7laci\u00f3.\",\"breadcrumb\":{\"@id\":\"https:\/\/www.signum.cat\/ca\/energia-solar-fotovoltaica\/#breadcrumb\"},\"inLanguage\":\"ca-ES\",\"potentialAction\":[{\"@type\":\"ReadAction\",\"target\":[\"https:\/\/www.signum.cat\/ca\/energia-solar-fotovoltaica\/\"]}]},{\"@type\":\"BreadcrumbList\",\"@id\":\"https:\/\/www.signum.cat\/ca\/energia-solar-fotovoltaica\/#breadcrumb\",\"itemListElement\":[{\"@type\":\"ListItem\",\"position\":1,\"name\":\"Portada\",\"item\":\"https:\/\/www.signum.cat\/ca\/\"},{\"@type\":\"ListItem\",\"position\":2,\"name\":\"Energia Solar Fotovoltaica\"}]},{\"@type\":\"WebSite\",\"@id\":\"https:\/\/www.signum.cat\/#website\",\"url\":\"https:\/\/www.signum.cat\/\",\"name\":\"SIGNUM\",\"description\":\"Electricidad, dom\u00f3tica e inm\u00f3tica\",\"publisher\":{\"@id\":\"https:\/\/www.signum.cat\/#organization\"},\"potentialAction\":[{\"@type\":\"SearchAction\",\"target\":{\"@type\":\"EntryPoint\",\"urlTemplate\":\"https:\/\/www.signum.cat\/?s={search_term_string}\"},\"query-input\":\"required name=search_term_string\"}],\"inLanguage\":\"ca-ES\"},{\"@type\":\"Organization\",\"@id\":\"https:\/\/www.signum.cat\/#organization\",\"name\":\"SIGNUM\",\"url\":\"https:\/\/www.signum.cat\/\",\"logo\":{\"@type\":\"ImageObject\",\"inLanguage\":\"ca-ES\",\"@id\":\"https:\/\/www.signum.cat\/#\/schema\/logo\/image\/\",\"url\":\"https:\/\/www.signum.cat\/wp-content\/uploads\/2021\/02\/Logo-SIGNUM-Favicon-1.png\",\"contentUrl\":\"https:\/\/www.signum.cat\/wp-content\/uploads\/2021\/02\/Logo-SIGNUM-Favicon-1.png\",\"width\":80,\"height\":73,\"caption\":\"SIGNUM\"},\"image\":{\"@id\":\"https:\/\/www.signum.cat\/#\/schema\/logo\/image\/\"}}]}<\/script>\n<!-- \/ Yoast SEO plugin. -->","yoast_head_json":{"title":"Energia Solar Fotovoltaica per a l'Autoconsum - SIGNUM","description":"Instal\u00b7lem plaques d'energia solar fotovoltaica per a l'autoconsum de la teva llar o empresa. Assessorament en tot el projecte d'instal\u00b7laci\u00f3.","robots":{"index":"index","follow":"follow","max-snippet":"max-snippet:-1","max-image-preview":"max-image-preview:large","max-video-preview":"max-video-preview:-1"},"canonical":"https:\/\/www.signum.cat\/ca\/energia-solar-fotovoltaica\/","og_locale":"ca_ES","og_type":"article","og_title":"Energia Solar Fotovoltaica per a l'Autoconsum - SIGNUM","og_description":"Instal\u00b7lem plaques d'energia solar fotovoltaica per a l'autoconsum de la teva llar o empresa. Assessorament en tot el projecte d'instal\u00b7laci\u00f3.","og_url":"https:\/\/www.signum.cat\/ca\/energia-solar-fotovoltaica\/","og_site_name":"SIGNUM","article_modified_time":"2021-12-21T16:28:19+00:00","og_image":[{"width":1920,"height":763,"url":"https:\/\/www.signum.cat\/wp-content\/uploads\/2021\/06\/Energia-Solar-Fotovoltaica.jpg","type":"image\/jpeg"}],"twitter_card":"summary_large_image","twitter_misc":{"Est. reading time":"6 minutes"},"schema":{"@context":"https:\/\/schema.org","@graph":[{"@type":"WebPage","@id":"https:\/\/www.signum.cat\/ca\/energia-solar-fotovoltaica\/","url":"https:\/\/www.signum.cat\/ca\/energia-solar-fotovoltaica\/","name":"Energia Solar Fotovoltaica per a l'Autoconsum - SIGNUM","isPartOf":{"@id":"https:\/\/www.signum.cat\/#website"},"datePublished":"2021-06-07T14:17:52+00:00","dateModified":"2021-12-21T16:28:19+00:00","description":"Instal\u00b7lem plaques d'energia solar fotovoltaica per a l'autoconsum de la teva llar o empresa. Assessorament en tot el projecte d'instal\u00b7laci\u00f3.","breadcrumb":{"@id":"https:\/\/www.signum.cat\/ca\/energia-solar-fotovoltaica\/#breadcrumb"},"inLanguage":"ca-ES","potentialAction":[{"@type":"ReadAction","target":["https:\/\/www.signum.cat\/ca\/energia-solar-fotovoltaica\/"]}]},{"@type":"BreadcrumbList","@id":"https:\/\/www.signum.cat\/ca\/energia-solar-fotovoltaica\/#breadcrumb","itemListElement":[{"@type":"ListItem","position":1,"name":"Portada","item":"https:\/\/www.signum.cat\/ca\/"},{"@type":"ListItem","position":2,"name":"Energia Solar Fotovoltaica"}]},{"@type":"WebSite","@id":"https:\/\/www.signum.cat\/#website","url":"https:\/\/www.signum.cat\/","name":"SIGNUM","description":"Electricidad, dom\u00f3tica e inm\u00f3tica","publisher":{"@id":"https:\/\/www.signum.cat\/#organization"},"potentialAction":[{"@type":"SearchAction","target":{"@type":"EntryPoint","urlTemplate":"https:\/\/www.signum.cat\/?s={search_term_string}"},"query-input":"required name=search_term_string"}],"inLanguage":"ca-ES"},{"@type":"Organization","@id":"https:\/\/www.signum.cat\/#organization","name":"SIGNUM","url":"https:\/\/www.signum.cat\/","logo":{"@type":"ImageObject","inLanguage":"ca-ES","@id":"https:\/\/www.signum.cat\/#\/schema\/logo\/image\/","url":"https:\/\/www.signum.cat\/wp-content\/uploads\/2021\/02\/Logo-SIGNUM-Favicon-1.png","contentUrl":"https:\/\/www.signum.cat\/wp-content\/uploads\/2021\/02\/Logo-SIGNUM-Favicon-1.png","width":80,"height":73,"caption":"SIGNUM"},"image":{"@id":"https:\/\/www.signum.cat\/#\/schema\/logo\/image\/"}}]}},"_links":{"self":[{"href":"https:\/\/www.signum.cat\/ca\/wp-json\/wp\/v2\/pages\/2250"}],"collection":[{"href":"https:\/\/www.signum.cat\/ca\/wp-json\/wp\/v2\/pages"}],"about":[{"href":"https:\/\/www.signum.cat\/ca\/wp-json\/wp\/v2\/types\/page"}],"author":[{"embeddable":true,"href":"https:\/\/www.signum.cat\/ca\/wp-json\/wp\/v2\/users\/2"}],"replies":[{"embeddable":true,"href":"https:\/\/www.signum.cat\/ca\/wp-json\/wp\/v2\/comments?post=2250"}],"version-history":[{"count":12,"href":"https:\/\/www.signum.cat\/ca\/wp-json\/wp\/v2\/pages\/2250\/revisions"}],"predecessor-version":[{"id":2703,"href":"https:\/\/www.signum.cat\/ca\/wp-json\/wp\/v2\/pages\/2250\/revisions\/2703"}],"wp:featuredmedia":[{"embeddable":true,"href":"https:\/\/www.signum.cat\/ca\/wp-json\/wp\/v2\/media\/2159"}],"wp:attachment":[{"href":"https:\/\/www.signum.cat\/ca\/wp-json\/wp\/v2\/media?parent=2250"}],"curies":[{"name":"wp","href":"https:\/\/api.w.org\/{rel}","templated":true}]}}