{"id":2430,"date":"2021-09-17T14:35:06","date_gmt":"2021-09-17T12:35:06","guid":{"rendered":"https:\/\/www.signum.cat\/instal%c2%b7lacio-de-plaques-solars-per-a-lautoconsum\/"},"modified":"2021-12-21T17:31:03","modified_gmt":"2021-12-21T16:31:03","slug":"instal%c2%b7lacio-de-plaques-solars-per-autoconsum","status":"publish","type":"page","link":"https:\/\/www.signum.cat\/ca\/instal%c2%b7lacio-de-plaques-solars-per-autoconsum\/","title":{"rendered":"Instal\u00b7laci\u00f3 de Plaques Solars per Autoconsum"},"content":{"rendered":"<section class=\"wpb-content-wrapper\"><p>[vc_row full_width=&#8221;stretch_row_content&#8221; parallax=&#8221;content-moving&#8221; css=&#8221;.vc_custom_1623089082743{padding-top: 130px !important;padding-bottom: 130px !important;background-image: url(https:\/\/www.signum.cat\/wp-content\/uploads\/2021\/06\/Energia-Solar-Termica-Signum.jpg?id=2271) !important;}&#8221;][vc_column][vc_custom_heading text=&#8221;Instal\u00b7laci\u00f3 de Plaques Solars per Autoconsum&#8221; font_container=&#8221;tag:h1|text_align:center|color:%23ffffff&#8221; use_theme_fonts=&#8221;yes&#8221; css_animation=&#8221;fadeInUp&#8221;][\/vc_column][\/vc_row][vc_row][vc_column][vc_column_text]<\/p>\n<h2 style=\"text-align: center;\">Especialitzats a instal\u00b7lar plaques solars<\/h2>\n<p style=\"text-align: center;\">En SIGNUM ens hem fet especialistes en la <em>instal\u00b7laci\u00f3 de plaques solars per autoconsum<\/em> i l&#8217;estalvi <strong>energ\u00e8tic <\/strong>per a cases o empreses.<\/p>\n<p style=\"text-align: center;\">No podem oblidar que l<strong>a energia solar constitueix un mitj\u00e0 d&#8217;estalvi i efici\u00e8ncia energ\u00e8tica<\/strong>, no sols com a compliment de les normatives legals aplicables, aix\u00ed com una opci\u00f3 intel\u00b7ligent quan es dissenya una instal\u00b7laci\u00f3 destinada a la <strong>producci\u00f3 d&#8217;aigua calenta<\/strong>, sin\u00f3 tamb\u00e9 com a suport als <strong>sistemes de calefacci\u00f3<\/strong> que no precisen d&#8217;alt\u00edssimes temperatures.<\/p>\n<p style=\"text-align: center;\">Els nostres especialistes elaboren el projecte, realitzen el condicionament segons les necessitats i demandes i integren la instal\u00b7laci\u00f3 existent amb l&#8217;objectiu d&#8217;aconseguir <strong>el major rendiment del sistema<\/strong>.<\/p>\n<p>[\/vc_column_text][vc_empty_space][\/vc_column][\/vc_row][vc_row][vc_column width=&#8221;1\/3&#8243;][vc_icon icon_fontawesome=&#8221;fas fa-medal&#8221; color=&#8221;custom&#8221; size=&#8221;xl&#8221; align=&#8221;center&#8221; custom_color=&#8221;#ea9c00&#8243;][vc_column_text]<\/p>\n<h3 style=\"text-align: center;\">Qu\u00e8 oferim<\/h3>\n<p style=\"text-align: justify;\">Ens encarreguem al m\u00e9s alt nivell de tot el treball d&#8217;instal\u00b7laci\u00f3, comen\u00e7ant amb la <strong>planificaci\u00f3 i la implementaci\u00f3<\/strong>, passant per les comprovacions de qualitat.<\/p>\n<p>[\/vc_column_text][\/vc_column][vc_column width=&#8221;1\/3&#8243;][vc_icon icon_fontawesome=&#8221;far fa-check-circle&#8221; color=&#8221;custom&#8221; size=&#8221;xl&#8221; align=&#8221;center&#8221; custom_color=&#8221;#ea9c00&#8243;][vc_column_text]<\/p>\n<h3 style=\"text-align: center;\">Proc\u00e9s de qualitat<\/h3>\n<p style=\"text-align: justify;\">La totalitat dels components de la instal\u00b7laci\u00f3 han estat sotmesos als <strong>m\u00e9s exigents controls de seguretat i qualitat<\/strong>.<\/p>\n<p>[\/vc_column_text][\/vc_column][vc_column width=&#8221;1\/3&#8243;][vc_icon icon_fontawesome=&#8221;fas fa-map-marked-alt&#8221; color=&#8221;custom&#8221; size=&#8221;xl&#8221; align=&#8221;center&#8221; custom_color=&#8221;#ea9c00&#8243;][vc_column_text]<\/p>\n<h3 style=\"text-align: center;\">Operem en tota Catalunya<\/h3>\n<p style=\"text-align: justify;\">Disposem de professionals que s&#8217;encarreguen del desenvolupament i l&#8217;execuci\u00f3 d&#8217;una <strong>instal\u00b7laci\u00f3 de plaques solars<\/strong>\u00a0m\u00e9s concorde a les seves necessitats.<\/p>\n<p>[\/vc_column_text][\/vc_column][\/vc_row][vc_row][vc_column][vc_empty_space][vc_single_image image=&#8221;2278&#8243; img_size=&#8221;full&#8221; alignment=&#8221;center&#8221;][\/vc_column][\/vc_row][vc_row][vc_column][vc_empty_space][\/vc_column][\/vc_row][vc_row][vc_column][vc_column_text]<\/p>\n<h2 style=\"text-align: center;\">Les millors marques en plaques solars per autoconsum<\/h2>\n<p style=\"text-align: center;\">Disposem de marques l\u00edders en el m\u00f3n en panells per a produir electricitat, la qual cosa suposa un <strong>comprom\u00eds<\/strong><br \/>\n<strong>de garantia i qualitat<\/strong> en la decisi\u00f3 de la compra o de la instal\u00b7laci\u00f3.<\/p>\n<p>[\/vc_column_text][\/vc_column][\/vc_row][vc_row][vc_column width=&#8221;1\/4&#8243;][vc_single_image image=&#8221;2243&#8243; alignment=&#8221;center&#8221;][\/vc_column][vc_column width=&#8221;1\/4&#8243;][vc_single_image image=&#8221;2232&#8243; alignment=&#8221;center&#8221;][\/vc_column][vc_column width=&#8221;1\/4&#8243;][vc_single_image image=&#8221;2238&#8243; alignment=&#8221;center&#8221;][\/vc_column][vc_column width=&#8221;1\/4&#8243;][vc_single_image image=&#8221;2236&#8243; alignment=&#8221;center&#8221;][\/vc_column][\/vc_row][vc_row][vc_column width=&#8221;1\/4&#8243;][vc_single_image image=&#8221;2230&#8243; alignment=&#8221;center&#8221;][\/vc_column][vc_column width=&#8221;1\/4&#8243;][vc_single_image image=&#8221;2226&#8243; alignment=&#8221;center&#8221;][\/vc_column][vc_column width=&#8221;1\/4&#8243;][vc_single_image image=&#8221;2228&#8243; alignment=&#8221;center&#8221;][\/vc_column][vc_column width=&#8221;1\/4&#8243;][vc_single_image image=&#8221;2240&#8243; alignment=&#8221;center&#8221;][\/vc_column][\/vc_row][vc_row content_placement=&#8221;middle&#8221; css_animation=&#8221;fadeInRight&#8221; css=&#8221;.vc_custom_1619712797108{background-color: #f4f4f4 !important;}&#8221;][vc_column width=&#8221;1\/2&#8243;][vc_column_text]<\/p>\n<h3 style=\"text-align: justify;\">Necessites fer una instal\u00b7laci\u00f3<br \/>\nde plaques solars per autoconsum?<\/h3>\n<p style=\"text-align: justify;\">Pots contactar amb nosaltres enviant un<br \/>\nemail a <a href=\"mailto:info@signum.cat\">info@signum.cat<\/a>.<\/p>\n<p style=\"text-align: justify;\">Pots cridar-nos o enviar-nos un <strong>WhatsApp<br \/>\n<\/strong>al <strong><a href=\"tel: 607 341 061\">607 341 061<\/a>.<\/strong><\/p>\n<p>[\/vc_column_text][vc_btn title=&#8221;LL\u00c1MANOS&#8221; style=&#8221;flat&#8221; color=&#8221;success&#8221; size=&#8221;lg&#8221; align=&#8221;left&#8221; link=&#8221;url:tel%3A%20930%2010%2010%2085&#8243;][\/vc_column][vc_column width=&#8221;1\/2&#8243;][vc_single_image image=&#8221;2282&#8243; img_size=&#8221;full&#8221; alignment=&#8221;center&#8221; style=&#8221;vc_box_shadow_border&#8221;][\/vc_column][\/vc_row][vc_row][vc_column][vc_column_text]<\/p>\n<h2 style=\"text-align: center;\">Serveis d&#8217;Instal\u00b7laci\u00f3 de Plaques Solars fotovoltaics<\/h2>\n<p style=\"text-align: center;\">Tot el servei que oferim, tant de venda , <b>instal\u00b7laci\u00f3 i manteniment en <a href=\"https:\/\/www.signum.cat\/ca\/energia-solar-fotovoltaica\/\">plaques solars fotovoltaiques<\/a> com a t\u00e8rmiques<\/b>, se centra en la disminuci\u00f3 de l&#8217;impacte de l&#8217;escalfament global del planeta i anar cap a un model de major equitat i de sostenibilitat.<\/p>\n<p style=\"text-align: center;\"><strong>Els panells solars per autoconsum<\/strong> solen ser f\u00e0cils d&#8217;instal\u00b7lar, per\u00f2 la seva implementaci\u00f3 pot resultar bastant complexa.<br \/>\nLa major part els instal\u00b7ladors \u00fanicament es concentren en dos aspectes de la instal\u00b7laci\u00f3 quan presenten els seus pressupostos: les caracter\u00edstiques dels panells i el tipus d&#8217;inversor.<\/p>\n<p>[\/vc_column_text][\/vc_column][\/vc_row][vc_row][vc_column][vc_empty_space][\/vc_column][\/vc_row][vc_row][vc_column width=&#8221;1\/2&#8243;][vc_icon icon_fontawesome=&#8221;fas fa-lightbulb&#8221; color=&#8221;custom&#8221; size=&#8221;xl&#8221; align=&#8221;center&#8221; custom_color=&#8221;#ea9c00&#8243;][vc_column_text]<\/p>\n<h3 style=\"text-align: center;\">Per qu\u00e8 triar-nos?<\/h3>\n<p style=\"text-align: justify;\">Comptem i oferim les <strong>millors marques en panells solars i instal\u00b7lacions<\/strong>, garantint sempre els millors preus. I gr\u00e0cies a l&#8217;experi\u00e8ncia que ens avala, podr\u00e0s trobar el millor assessorament.<\/p>\n<p style=\"text-align: center;\"><strong><a href=\"https:\/\/www.signum.cat\/ca\/contacta-amb-nososaltres\/\" target=\"_blank\" rel=\"noopener\">M\u00e9s informaci\u00f3<\/a><\/strong><\/p>\n<p>[\/vc_column_text][\/vc_column][vc_column width=&#8221;1\/2&#8243;][vc_icon icon_fontawesome=&#8221;fas fa-info&#8221; color=&#8221;custom&#8221; size=&#8221;xl&#8221; align=&#8221;center&#8221; custom_color=&#8221;#ea9c00&#8243;][vc_column_text]<\/p>\n<h3 style=\"text-align: center;\">Aix\u00ed funciona el servei<\/h3>\n<p style=\"text-align: justify;\">Oferim els nostres serveis dins de Barcelona com en la resta de prov\u00edncies <strong>de tota Catalunya<\/strong>, no hi ha costos afegits en les instal\u00b7lacions. No importa on et trobis, ens desplacem!<\/p>\n<p style=\"text-align: center;\"><strong><a href=\"https:\/\/www.signum.cat\/ca\/contacta-amb-nososaltres\/\" target=\"_blank\" rel=\"noopener\">M\u00e9s informaci\u00f3<\/a><\/strong><\/p>\n<p>[\/vc_column_text][\/vc_column][\/vc_row][vc_row][vc_column][vc_empty_space][\/vc_column][\/vc_row][vc_row][vc_column][vc_column_text]<\/p>\n<h2 style=\"text-align: center;\">Per qu\u00e8 triar la instal\u00b7laci\u00f3 de plaques solars per autoconsum?<\/h2>\n<p style=\"text-align: center;\">Existeixen moltes causes per les quals els particulars es decideixen per l&#8217;energia <em>solar<\/em>, encara que les dues m\u00e9s importants consisteixen en <strong>l&#8217;estalvi<\/strong> <strong>econ\u00f2mic<\/strong> i la <strong>contribuci\u00f3 al medi ambient<\/strong>.<\/p>\n<p style=\"text-align: center;\">Ja sigui que el seu objectiu sigui l&#8217;estalvi econ\u00f2mic, el mediambiental o tots dos, a continuaci\u00f3 trobar\u00e0 una relaci\u00f3 dels principals beneficis que pot obtenir de l&#8217;energia solar.<\/p>\n<p>[\/vc_column_text][\/vc_column][\/vc_row][vc_row][vc_column width=&#8221;1\/2&#8243;][vc_single_image image=&#8221;2393&#8243; img_size=&#8221;full&#8221; alignment=&#8221;center&#8221; style=&#8221;vc_box_rounded&#8221;][vc_column_text]<\/p>\n<h3 style=\"text-align: center;\">Reduir o eliminar la factura d&#8217;electricitat<\/h3>\n<p style=\"text-align: center;\">La despesa d&#8217;electricitat pot suposar una gran part del cost mensual.\u00a0Gr\u00e0cies a un sistema de panells solars, produir\u00e0 energia gratu\u00efta al llarg dels <strong>20 anys de vida del sistema<\/strong>.<\/p>\n<p>[\/vc_column_text][\/vc_column][vc_column width=&#8221;1\/2&#8243;][vc_single_image image=&#8221;2404&#8243; img_size=&#8221;full&#8221; alignment=&#8221;center&#8221;][vc_column_text]<\/p>\n<h3 style=\"text-align: center;\">Evitar els increments en els costos d&#8217;energia<\/h3>\n<p style=\"text-align: center;\">Els preus de l&#8217;electricitat continuen pujant cada any. Invertint ara en una <strong>instal\u00b7laci\u00f3 d&#8217;energia solar<\/strong>, podrem mantenir el preu de l&#8217;electricitat que pagues avui i aix\u00ed protegir-nos de futures alces.<\/p>\n<p>[\/vc_column_text][\/vc_column][\/vc_row][vc_row][vc_column width=&#8221;1\/2&#8243;][vc_single_image image=&#8221;2402&#8243; img_size=&#8221;full&#8221; alignment=&#8221;center&#8221;][vc_column_text]<\/p>\n<h3 style=\"text-align: center;\">Incrementar el valor del nostre habitatge<\/h3>\n<p style=\"text-align: center;\">Els habitatges amb energia solar solen vendre&#8217;s m\u00e9s cares enfront de les quals no la tenen. I si tenim en compte que l&#8217;energia solar ens permet <strong>reduir o fins i tot suprimir les factures d&#8217;electricitat<\/strong>, comprendrem per qu\u00e8: no prefereixes viure en un lloc sense factures mensuals?<\/p>\n<p>[\/vc_column_text][\/vc_column][vc_column width=&#8221;1\/2&#8243;][vc_single_image image=&#8221;2406&#8243; img_size=&#8221;full&#8221; alignment=&#8221;center&#8221; style=&#8221;vc_box_rounded&#8221;][vc_column_text]<\/p>\n<h3 style=\"text-align: center;\">Gran rendiment en les instal\u00b7lacions<\/h3>\n<p style=\"text-align: center;\">L&#8217;energia solar \u00e9s la millor inversi\u00f3 que es pot fer. Amb la instal\u00b7laci\u00f3 de plaques solars solem <strong>obtenir un rendiment de la inversi\u00f3 del 20% o m\u00e9s<\/strong>, mentre que la majoria dels sistemes de panells solars es rendibilitzen al llarg de les seves d\u00e8cades de vida \u00fatil.<\/p>\n<p>[\/vc_column_text][\/vc_column][\/vc_row][vc_row][vc_column][vc_empty_space height=&#8221;35px&#8221;][vc_column_text]<\/p>\n<h2 style=\"text-align: center;\">Tens preguntes sobre com funcionen<br \/>\nles plaques solars per autoconsum?<\/h2>\n<p style=\"text-align: center;\">Quina \u00e9s la teulada m\u00e9s adequat a la teva casa per a la instal\u00b7laci\u00f3 de l&#8217;energia solar? Consulta el llistat de preguntes freq\u00fcents sobre l&#8217;energia solar i obtingues les respostes.<\/p>\n<p>[\/vc_column_text][\/vc_column][\/vc_row][vc_row][vc_column width=&#8221;1\/2&#8243;][vc_single_image image=&#8221;2411&#8243; img_size=&#8221;full&#8221; alignment=&#8221;center&#8221;][\/vc_column][vc_column width=&#8221;1\/2&#8243;][vc_empty_space height=&#8221;35px&#8221;][vc_toggle title=&#8221;Qu\u00e8 \u00e9s l&#8217;energia solar d&#8217;autoconsum?&#8221;]L&#8217;energia solar \u00e9s l&#8217;aprofitament del sol per mitj\u00e0 de captadors solars o panells solars t\u00e8rmics.[\/vc_toggle][vc_toggle title=&#8221;Quant podem arribar a estalviar?&#8221;]Mitjan\u00e7ant la utilitzaci\u00f3 de l&#8217;energia solar a l&#8217;hora d&#8217;obtenir aigua calenta per a la llar \u00e9s possible estalviar al voltant d&#8217;un 70% del consum actual de l&#8217;energia convencional.[\/vc_toggle][vc_toggle title=&#8221;Quina \u00e9s la durada de la inversi\u00f3?&#8221;]S&#8217;estima que la vida \u00fatil de tota instal\u00b7laci\u00f3 d&#8217;energia <strong>solar t\u00e8rmica<\/strong> destinada a aigua calenta dom\u00e8stica \u00e9s de 20 <strong>anys<\/strong>.[\/vc_toggle][vc_toggle title=&#8221;Quin \u00e9s l&#8217;\u00fas de l&#8217;energia solar d&#8217;autoconsum?&#8221;]Les seves aplicacions m\u00e9s habituals consisteixen en la generaci\u00f3 d&#8217;aigua calenta per a \u00fas dom\u00e8stic i en la calefacci\u00f3 del s\u00f2l radiant.\u00a0Unes altres usos habituals consisteix en l&#8217;escalfat d&#8217;aigua de piscines cobertes o exteriors i per a la producci\u00f3 de refrigeraci\u00f3 per a la climatitzaci\u00f3.[\/vc_toggle][vc_toggle title=&#8221;En quant temps es recuperar\u00e0 la inversi\u00f3?&#8221;]El per\u00edode d&#8217;amortitzaci\u00f3 de la inversi\u00f3 variar\u00e0 fonamentalment en relaci\u00f3 amb la regi\u00f3 geogr\u00e0fica, les dimensions la instal\u00b7laci\u00f3 i el tipus d&#8217;energia que substitu\u00efm.[\/vc_toggle][vc_toggle title=&#8221;Escalfen les plaques solars amb n\u00favols o amb pluja?&#8221;]La pluja neta les plaques, amb els n\u00favols les plaques fan que s&#8217;escalfin menys que amb el sol,\u00a0 La dada important que t\u00e9 el nostre pa\u00eds est\u00e0 en el fet que dels 365 dies de l&#8217;any, hi ha m\u00e9s de 300 assolellats&#8230; Ens trobem en un pa\u00eds de sol.[\/vc_toggle][vc_toggle title=&#8221;\u00c9s possible que els panells generin tamb\u00e9 electricitat?&#8221;]El col\u00b7lector solar t\u00e8rmic nom\u00e9s s&#8217;utilitza per a l&#8217;escalfament de l&#8217;aigua, i per tant no produeix electricitat.[\/vc_toggle][vc_toggle title=&#8221;Quin \u00e9s el sistema de la calefacci\u00f3 m\u00e9s adequat amb l&#8217;energia solar?&#8221;]El <strong>sistema de calefacci\u00f3<\/strong> <strong>radiant<\/strong> ofereix una rendibilitat solar major que altres sistemes, pel fet que el seu funcionament es produeix a una temperatura menys elevada.[\/vc_toggle][\/vc_column][\/vc_row][vc_row parallax=&#8221;content-moving&#8221;][vc_column][vc_column_text]<\/p>\n<h2 style=\"text-align: center;\"><strong>Instal\u00b7laci\u00f3 de plaques solars per autoconsum:<br \/>\nen la llar i en negocis\u00a0<\/strong><\/h2>\n<p style=\"text-align: center;\">El primer i el m\u00e9s evident a l&#8217;hora d&#8217;apostar per l&#8217;energia solar consisteix a adquirir panells solars destinats per a l&#8217;autoconsum del nostre habitatge o empresa.<\/p>\n<p style=\"text-align: center;\">Aquesta \u00e9s una de les <strong>modalitats m\u00e9s rendibles d&#8217;inversi\u00f3 en energia solar<\/strong>, podent optar a la modalitat de l&#8217;excedent, de manera que tot el sobrant d&#8217;energia generat en la xarxa el\u00e8ctrica es descomptar\u00e0 en concepte de pagament de la quota mensual de la factura.<\/p>\n<p style=\"text-align: center;\">Per aix\u00f2, resulta una forma rendible d&#8217;emprendre la inversi\u00f3 en energia solar, at\u00e8s que gr\u00e0cies al <a href=\"https:\/\/autoconsumo.unef.es\/real-decreto-244-2019\/\" target=\"_blank\" rel=\"noopener\"><strong>Reial decret 244\/2019<\/strong> <\/a>no hi ha necessitat de realitzar cars tr\u00e0mits legals per a les <strong>instal\u00b7lacions d&#8217;una pot\u00e8ncia inferior a 15 kW,<\/strong> alguna cosa m\u00e9s que suficient en un habitatge.<\/p>\n<p>[\/vc_column_text][vc_empty_space height=&#8221;35px&#8221;][\/vc_column][\/vc_row][vc_row full_width=&#8221;stretch_row_content&#8221; parallax=&#8221;content-moving&#8221; parallax_image=&#8221;720&#8243;][vc_column][vc_column_text]<\/p>\n<h2 style=\"text-align: center;\">Digues-nos qu\u00e8 podem fer per tu<\/h2>\n<p style=\"text-align: center;\"><strong>SOM AQU\u00cd PER A AJUDAR-TE!<\/strong><\/p>\n<p>[\/vc_column_text][vc_btn title=&#8221;Contacta&#8217;ns&#8221; style=&#8221;flat&#8221; color=&#8221;white&#8221; align=&#8221;center&#8221; link=&#8221;url:https%3A%2F%2Fwww.signum.cat%2Fca%2Fcontacta-amb-nososaltres%2F&#8221;][\/vc_column][\/vc_row]<\/p>\n<\/section>","protected":false},"excerpt":{"rendered":"<p>[vc_row full_width=&#8221;stretch_row_content&#8221; parallax=&#8221;content-moving&#8221; css=&#8221;.vc_custom_1623089082743{padding-top: 130px !important;padding-bottom: 130px !important;background-image: url(https:\/\/www.signum.cat\/wp-content\/uploads\/2021\/06\/Energia-Solar-Termica-Signum.jpg?id=2271) !important;}&#8221;][vc_column][vc_custom_heading text=&#8221;Instal\u00b7laci\u00f3 de Plaques Solars per Autoconsum&#8221; font_container=&#8221;tag:h1|text_align:center|color:%23ffffff&#8221; use_theme_fonts=&#8221;yes&#8221; css_animation=&#8221;fadeInUp&#8221;][\/vc_column][\/vc_row][vc_row][vc_column][vc_column_text] Especialitzats a instal\u00b7lar plaques solars En SIGNUM ens hem fet especialistes en la instal\u00b7laci\u00f3 de plaques solars per autoconsum i l&#8217;estalvi energ\u00e8tic per a cases o empreses. No podem oblidar que la energia solar constitueix un&#8230;<\/p>\n","protected":false},"author":2,"featured_media":2279,"parent":0,"menu_order":0,"comment_status":"closed","ping_status":"closed","template":"","meta":{"_kad_post_transparent":"default","_kad_post_title":"default","_kad_post_layout":"default","_kad_post_sidebar_id":"","_kad_post_content_style":"default","_kad_post_vertical_padding":"default","_kad_post_feature":"","_kad_post_feature_position":"","_kad_post_header":false,"_kad_post_footer":false,"footnotes":"","_joinchat":[]},"yoast_head":"<!-- This site is optimized with the Yoast SEO plugin v21.7 - https:\/\/yoast.com\/wordpress\/plugins\/seo\/ -->\n<title>Instal\u00b7laci\u00f3 de Plaques Solars per Autoconsum - SIGNUM<\/title>\n<meta name=\"description\" content=\"Necessites una instal\u00b7laci\u00f3 de plaques solars per autoconsum de la teva casa o empresa? Som instal\u00b7ladors experts en plaques solars.\" \/>\n<meta name=\"robots\" content=\"index, follow, max-snippet:-1, max-image-preview:large, max-video-preview:-1\" \/>\n<link rel=\"canonical\" href=\"https:\/\/www.signum.cat\/ca\/instal\u00b7lacio-de-plaques-solars-per-autoconsum\/\" \/>\n<meta property=\"og:locale\" content=\"ca_ES\" \/>\n<meta property=\"og:type\" content=\"article\" \/>\n<meta property=\"og:title\" content=\"Instal\u00b7laci\u00f3 de Plaques Solars per Autoconsum - SIGNUM\" \/>\n<meta property=\"og:description\" content=\"Necessites una instal\u00b7laci\u00f3 de plaques solars per autoconsum de la teva casa o empresa? Som instal\u00b7ladors experts en plaques solars.\" \/>\n<meta property=\"og:url\" content=\"https:\/\/www.signum.cat\/ca\/instal\u00b7lacio-de-plaques-solars-per-autoconsum\/\" \/>\n<meta property=\"og:site_name\" content=\"SIGNUM\" \/>\n<meta property=\"article:modified_time\" content=\"2021-12-21T16:31:03+00:00\" \/>\n<meta property=\"og:image\" content=\"https:\/\/www.signum.cat\/wp-content\/uploads\/2021\/06\/Instalacion-de-Placas-Solares.jpg\" \/>\n\t<meta property=\"og:image:width\" content=\"1920\" \/>\n\t<meta property=\"og:image:height\" content=\"550\" \/>\n\t<meta property=\"og:image:type\" content=\"image\/jpeg\" \/>\n<meta name=\"twitter:card\" content=\"summary_large_image\" \/>\n<meta name=\"twitter:label1\" content=\"Est. reading time\" \/>\n\t<meta name=\"twitter:data1\" content=\"6 minutes\" \/>\n<script type=\"application\/ld+json\" class=\"yoast-schema-graph\">{\"@context\":\"https:\/\/schema.org\",\"@graph\":[{\"@type\":\"WebPage\",\"@id\":\"https:\/\/www.signum.cat\/ca\/instal%c2%b7lacio-de-plaques-solars-per-autoconsum\/\",\"url\":\"https:\/\/www.signum.cat\/ca\/instal%c2%b7lacio-de-plaques-solars-per-autoconsum\/\",\"name\":\"Instal\u00b7laci\u00f3 de Plaques Solars per Autoconsum - SIGNUM\",\"isPartOf\":{\"@id\":\"https:\/\/www.signum.cat\/#website\"},\"datePublished\":\"2021-09-17T12:35:06+00:00\",\"dateModified\":\"2021-12-21T16:31:03+00:00\",\"description\":\"Necessites una instal\u00b7laci\u00f3 de plaques solars per autoconsum de la teva casa o empresa? Som instal\u00b7ladors experts en plaques solars.\",\"breadcrumb\":{\"@id\":\"https:\/\/www.signum.cat\/ca\/instal%c2%b7lacio-de-plaques-solars-per-autoconsum\/#breadcrumb\"},\"inLanguage\":\"ca-ES\",\"potentialAction\":[{\"@type\":\"ReadAction\",\"target\":[\"https:\/\/www.signum.cat\/ca\/instal%c2%b7lacio-de-plaques-solars-per-autoconsum\/\"]}]},{\"@type\":\"BreadcrumbList\",\"@id\":\"https:\/\/www.signum.cat\/ca\/instal%c2%b7lacio-de-plaques-solars-per-autoconsum\/#breadcrumb\",\"itemListElement\":[{\"@type\":\"ListItem\",\"position\":1,\"name\":\"Portada\",\"item\":\"https:\/\/www.signum.cat\/ca\/\"},{\"@type\":\"ListItem\",\"position\":2,\"name\":\"Instal\u00b7laci\u00f3 de Plaques Solars per Autoconsum\"}]},{\"@type\":\"WebSite\",\"@id\":\"https:\/\/www.signum.cat\/#website\",\"url\":\"https:\/\/www.signum.cat\/\",\"name\":\"SIGNUM\",\"description\":\"Electricidad, dom\u00f3tica e inm\u00f3tica\",\"publisher\":{\"@id\":\"https:\/\/www.signum.cat\/#organization\"},\"potentialAction\":[{\"@type\":\"SearchAction\",\"target\":{\"@type\":\"EntryPoint\",\"urlTemplate\":\"https:\/\/www.signum.cat\/?s={search_term_string}\"},\"query-input\":\"required name=search_term_string\"}],\"inLanguage\":\"ca-ES\"},{\"@type\":\"Organization\",\"@id\":\"https:\/\/www.signum.cat\/#organization\",\"name\":\"SIGNUM\",\"url\":\"https:\/\/www.signum.cat\/\",\"logo\":{\"@type\":\"ImageObject\",\"inLanguage\":\"ca-ES\",\"@id\":\"https:\/\/www.signum.cat\/#\/schema\/logo\/image\/\",\"url\":\"https:\/\/www.signum.cat\/wp-content\/uploads\/2021\/02\/Logo-SIGNUM-Favicon-1.png\",\"contentUrl\":\"https:\/\/www.signum.cat\/wp-content\/uploads\/2021\/02\/Logo-SIGNUM-Favicon-1.png\",\"width\":80,\"height\":73,\"caption\":\"SIGNUM\"},\"image\":{\"@id\":\"https:\/\/www.signum.cat\/#\/schema\/logo\/image\/\"}}]}<\/script>\n<!-- \/ Yoast SEO plugin. -->","yoast_head_json":{"title":"Instal\u00b7laci\u00f3 de Plaques Solars per Autoconsum - SIGNUM","description":"Necessites una instal\u00b7laci\u00f3 de plaques solars per autoconsum de la teva casa o empresa? Som instal\u00b7ladors experts en plaques solars.","robots":{"index":"index","follow":"follow","max-snippet":"max-snippet:-1","max-image-preview":"max-image-preview:large","max-video-preview":"max-video-preview:-1"},"canonical":"https:\/\/www.signum.cat\/ca\/instal\u00b7lacio-de-plaques-solars-per-autoconsum\/","og_locale":"ca_ES","og_type":"article","og_title":"Instal\u00b7laci\u00f3 de Plaques Solars per Autoconsum - SIGNUM","og_description":"Necessites una instal\u00b7laci\u00f3 de plaques solars per autoconsum de la teva casa o empresa? Som instal\u00b7ladors experts en plaques solars.","og_url":"https:\/\/www.signum.cat\/ca\/instal\u00b7lacio-de-plaques-solars-per-autoconsum\/","og_site_name":"SIGNUM","article_modified_time":"2021-12-21T16:31:03+00:00","og_image":[{"width":1920,"height":550,"url":"https:\/\/www.signum.cat\/wp-content\/uploads\/2021\/06\/Instalacion-de-Placas-Solares.jpg","type":"image\/jpeg"}],"twitter_card":"summary_large_image","twitter_misc":{"Est. reading time":"6 minutes"},"schema":{"@context":"https:\/\/schema.org","@graph":[{"@type":"WebPage","@id":"https:\/\/www.signum.cat\/ca\/instal%c2%b7lacio-de-plaques-solars-per-autoconsum\/","url":"https:\/\/www.signum.cat\/ca\/instal%c2%b7lacio-de-plaques-solars-per-autoconsum\/","name":"Instal\u00b7laci\u00f3 de Plaques Solars per Autoconsum - SIGNUM","isPartOf":{"@id":"https:\/\/www.signum.cat\/#website"},"datePublished":"2021-09-17T12:35:06+00:00","dateModified":"2021-12-21T16:31:03+00:00","description":"Necessites una instal\u00b7laci\u00f3 de plaques solars per autoconsum de la teva casa o empresa? Som instal\u00b7ladors experts en plaques solars.","breadcrumb":{"@id":"https:\/\/www.signum.cat\/ca\/instal%c2%b7lacio-de-plaques-solars-per-autoconsum\/#breadcrumb"},"inLanguage":"ca-ES","potentialAction":[{"@type":"ReadAction","target":["https:\/\/www.signum.cat\/ca\/instal%c2%b7lacio-de-plaques-solars-per-autoconsum\/"]}]},{"@type":"BreadcrumbList","@id":"https:\/\/www.signum.cat\/ca\/instal%c2%b7lacio-de-plaques-solars-per-autoconsum\/#breadcrumb","itemListElement":[{"@type":"ListItem","position":1,"name":"Portada","item":"https:\/\/www.signum.cat\/ca\/"},{"@type":"ListItem","position":2,"name":"Instal\u00b7laci\u00f3 de Plaques Solars per Autoconsum"}]},{"@type":"WebSite","@id":"https:\/\/www.signum.cat\/#website","url":"https:\/\/www.signum.cat\/","name":"SIGNUM","description":"Electricidad, dom\u00f3tica e inm\u00f3tica","publisher":{"@id":"https:\/\/www.signum.cat\/#organization"},"potentialAction":[{"@type":"SearchAction","target":{"@type":"EntryPoint","urlTemplate":"https:\/\/www.signum.cat\/?s={search_term_string}"},"query-input":"required name=search_term_string"}],"inLanguage":"ca-ES"},{"@type":"Organization","@id":"https:\/\/www.signum.cat\/#organization","name":"SIGNUM","url":"https:\/\/www.signum.cat\/","logo":{"@type":"ImageObject","inLanguage":"ca-ES","@id":"https:\/\/www.signum.cat\/#\/schema\/logo\/image\/","url":"https:\/\/www.signum.cat\/wp-content\/uploads\/2021\/02\/Logo-SIGNUM-Favicon-1.png","contentUrl":"https:\/\/www.signum.cat\/wp-content\/uploads\/2021\/02\/Logo-SIGNUM-Favicon-1.png","width":80,"height":73,"caption":"SIGNUM"},"image":{"@id":"https:\/\/www.signum.cat\/#\/schema\/logo\/image\/"}}]}},"_links":{"self":[{"href":"https:\/\/www.signum.cat\/ca\/wp-json\/wp\/v2\/pages\/2430"}],"collection":[{"href":"https:\/\/www.signum.cat\/ca\/wp-json\/wp\/v2\/pages"}],"about":[{"href":"https:\/\/www.signum.cat\/ca\/wp-json\/wp\/v2\/types\/page"}],"author":[{"embeddable":true,"href":"https:\/\/www.signum.cat\/ca\/wp-json\/wp\/v2\/users\/2"}],"replies":[{"embeddable":true,"href":"https:\/\/www.signum.cat\/ca\/wp-json\/wp\/v2\/comments?post=2430"}],"version-history":[{"count":7,"href":"https:\/\/www.signum.cat\/ca\/wp-json\/wp\/v2\/pages\/2430\/revisions"}],"predecessor-version":[{"id":2705,"href":"https:\/\/www.signum.cat\/ca\/wp-json\/wp\/v2\/pages\/2430\/revisions\/2705"}],"wp:featuredmedia":[{"embeddable":true,"href":"https:\/\/www.signum.cat\/ca\/wp-json\/wp\/v2\/media\/2279"}],"wp:attachment":[{"href":"https:\/\/www.signum.cat\/ca\/wp-json\/wp\/v2\/media?parent=2430"}],"curies":[{"name":"wp","href":"https:\/\/api.w.org\/{rel}","templated":true}]}}