{"id":2710,"date":"2021-12-21T18:08:11","date_gmt":"2021-12-21T17:08:11","guid":{"rendered":"https:\/\/www.signum.cat\/calefaccio-a-barcelona\/"},"modified":"2021-12-21T18:25:53","modified_gmt":"2021-12-21T17:25:53","slug":"calefaccio-a-barcelona","status":"publish","type":"page","link":"https:\/\/www.signum.cat\/ca\/calefaccio-a-barcelona\/","title":{"rendered":"Calefacci\u00f3 a Barcelona"},"content":{"rendered":"<section class=\"wpb-content-wrapper\"><p>[vc_row full_width=&#8221;stretch_row_content&#8221; parallax=&#8221;content-moving&#8221; css=&#8221;.vc_custom_1639768130690{padding-top: 150px !important;padding-bottom: 180px !important;background-image: url(https:\/\/www.signum.cat\/wp-content\/uploads\/2021\/12\/Calefaccion-en-Barcelona-SIGNUM-1.jpg?id=2642) !important;}&#8221;][vc_column][vc_custom_heading text=&#8221;Calefacci\u00f3 a Barcelona&#8221; font_container=&#8221;tag:h1|text_align:center|color:%23ffffff&#8221; use_theme_fonts=&#8221;yes&#8221; css_animation=&#8221;fadeInUp&#8221;][\/vc_column][\/vc_row][vc_row][vc_column][vc_column_text]<\/p>\n<h2 style=\"text-align: center;\">Empresa especialitzada en serveis de calefacci\u00f3<\/h2>\n<p style=\"text-align: center;\">Som una empresa d&#8217;instal\u00b7ladors <strong>de calefacci\u00f3 a Barcelona, <\/strong>tamb\u00e9 treballem la resta de prov\u00edncies, tant a nivell dom\u00e8stic com industrial.<\/p>\n<p style=\"text-align: center;\">Els dies de m\u00e9s fred resulten ser alguns dels m\u00e9s durs de suportar. \u00c9s per aix\u00f2 que \u00e9s necessari disposar d&#8217;un <strong>bon sistema de calefacci\u00f3<\/strong>.<\/p>\n<p style=\"text-align: center;\">Explica&#8217;ns quines s\u00f3n les teves necessitats de <strong>calefacci\u00f3 per a la teva casa o negoci<\/strong> i nosaltres t&#8217;assessorarem la quantitat de dispositius que necessites concorde a les dimensions de les instal\u00b7lacions.<\/p>\n<p>[\/vc_column_text][vc_empty_space][\/vc_column][\/vc_row][vc_row][vc_column width=&#8221;1\/3&#8243;][vc_icon icon_fontawesome=&#8221;fas fa-tools&#8221; color=&#8221;custom&#8221; size=&#8221;xl&#8221; align=&#8221;center&#8221; custom_color=&#8221;#ea9c00&#8243;][vc_column_text]<\/p>\n<h3 style=\"text-align: center;\">Professionals al seu servei<\/h3>\n<p style=\"text-align: justify;\">La instal\u00b7laci\u00f3 d&#8217;un nou sistema de calefacci\u00f3 o aire condicionat que mantingui regulada la temperatura es realitza per part d&#8217;experts t\u00e8cnics en una gran varietat d&#8217;entorns comercials i dom\u00e8stics.<\/p>\n<p>[\/vc_column_text][\/vc_column][vc_column width=&#8221;1\/3&#8243;][vc_icon icon_fontawesome=&#8221;far fa-handshake&#8221; color=&#8221;custom&#8221; size=&#8221;xl&#8221; align=&#8221;center&#8221; custom_color=&#8221;#ea9c00&#8243;][vc_column_text]<\/p>\n<h3 style=\"text-align: center;\">Suport a la seva disposici\u00f3<\/h3>\n<p style=\"text-align: justify;\">T&#8217;oferim un servei personalitzat i tractem d&#8217;aconseguir la m\u00e0xima satisfacci\u00f3 dels nostres clients. Ens adaptem a les circumst\u00e0ncies que ens demani per a fer la instal\u00b7laci\u00f3 de calefacci\u00f3 en la seva llar.<\/p>\n<p>[\/vc_column_text][\/vc_column][vc_column width=&#8221;1\/3&#8243;][vc_icon icon_fontawesome=&#8221;fas fa-map-marked-alt&#8221; color=&#8221;custom&#8221; size=&#8221;xl&#8221; align=&#8221;center&#8221; custom_color=&#8221;#ea9c00&#8243;][vc_column_text]<\/p>\n<h3 style=\"text-align: center;\">Operem en tota Catalunya<\/h3>\n<p style=\"text-align: justify;\">No importa el lloc en el qual estigui situat, el tenim cobert. El nostre personal es despla\u00e7ar\u00e0 a la seva localitat amb totes les eines adequades perqu\u00e8 el treball s&#8217;efectu\u00ef correctament.<\/p>\n<p>[\/vc_column_text][\/vc_column][\/vc_row][vc_row][vc_column][vc_empty_space][vc_single_image image=&#8221;2646&#8243; img_size=&#8221;full&#8221; alignment=&#8221;center&#8221;][\/vc_column][\/vc_row][vc_row][vc_column][vc_empty_space][\/vc_column][\/vc_row][vc_row][vc_column][vc_column_text]<\/p>\n<h2 style=\"text-align: center;\">Les millors marques en calderes de calefacci\u00f3<\/h2>\n<p style=\"text-align: center;\">Disposem de les marques l\u00edders en el m\u00f3n de <strong>calderes<\/strong> <strong>de calefacci\u00f3 a Barcelona<\/strong>, la qual cosa suposa un <strong>comprom\u00eds<\/strong><br \/>\n<strong>de garantia i qualitat<\/strong> en la decisi\u00f3 de la compra o de la instal\u00b7laci\u00f3.<\/p>\n<p style=\"text-align: center;\">Triar un tipus de caldera \u00e9s una decisi\u00f3 bastant complexa. En el mercat hi ha infinitat de models, aix\u00ed que les possibilitats s\u00f3n m\u00faltiples.<\/p>\n<p style=\"text-align: center;\">El primer que hem de tenir en compte per a una elecci\u00f3 encertada, s\u00f3n les especificacions requerides.<br \/>\nPer a aix\u00f2, et suggerim sempre que tri\u00efs les <a href=\"https:\/\/www.saunierduval.es\/para-el-usuario\/productos\/tecnologias\/calderas-de-condensacion\/\" target=\"_blank\" rel=\"noopener\">calderes per condensaci\u00f3<\/a>.<\/p>\n<p>[\/vc_column_text][\/vc_column][\/vc_row][vc_row][vc_column width=&#8221;1\/4&#8243;][vc_single_image image=&#8221;2669&#8243; alignment=&#8221;center&#8221;][\/vc_column][vc_column width=&#8221;1\/4&#8243;][vc_single_image image=&#8221;2663&#8243; alignment=&#8221;center&#8221;][\/vc_column][vc_column width=&#8221;1\/4&#8243;][vc_single_image image=&#8221;2665&#8243; alignment=&#8221;center&#8221;][\/vc_column][vc_column width=&#8221;1\/4&#8243;][vc_single_image image=&#8221;2653&#8243; alignment=&#8221;center&#8221;][\/vc_column][\/vc_row][vc_row][vc_column width=&#8221;1\/4&#8243;][vc_single_image image=&#8221;2657&#8243; alignment=&#8221;center&#8221;][\/vc_column][vc_column width=&#8221;1\/4&#8243;][vc_single_image image=&#8221;2661&#8243; alignment=&#8221;center&#8221;][\/vc_column][vc_column width=&#8221;1\/4&#8243;][vc_single_image image=&#8221;2667&#8243; alignment=&#8221;center&#8221;][\/vc_column][vc_column width=&#8221;1\/4&#8243;][vc_single_image image=&#8221;2659&#8243; alignment=&#8221;center&#8221;][\/vc_column][\/vc_row][vc_row][vc_column][vc_empty_space height=&#8221;20px&#8221;][\/vc_column][\/vc_row][vc_row content_placement=&#8221;middle&#8221; css_animation=&#8221;fadeInRight&#8221; css=&#8221;.vc_custom_1619712797108{background-color: #f4f4f4 !important;}&#8221;][vc_column width=&#8221;1\/2&#8243;][vc_column_text]<\/p>\n<h3 style=\"text-align: justify;\">Necessites els nostres serveis de<br \/>\ncalefacci\u00f3 a Barcelona?<\/h3>\n<p style=\"text-align: justify;\">Pots contactar amb nosaltres enviant un<br \/>\nemail a <a style=\"font-family: inherit;\" href=\"mailto:info@signum.com\">info@signum.cat<\/a><\/p>\n<p style=\"text-align: justify;\">Pots cridar-nos o enviar-nos un <strong>WhatsApp<br \/>\n<\/strong>al <strong>607 341 061.<\/strong><\/p>\n<p>[\/vc_column_text][vc_btn title=&#8221;TRUCA&#8217;NS&#8221; style=&#8221;flat&#8221; color=&#8221;success&#8221; size=&#8221;lg&#8221; align=&#8221;left&#8221; link=&#8221;url:tel%3A%20930%2010%2010%2085&#8243;][\/vc_column][vc_column width=&#8221;1\/2&#8243;][vc_single_image image=&#8221;2612&#8243; img_size=&#8221;full&#8221; alignment=&#8221;center&#8221; style=&#8221;vc_box_shadow_border&#8221;][\/vc_column][\/vc_row][vc_row][vc_column][vc_column_text]<\/p>\n<h2 style=\"text-align: center;\">Per qu\u00e8 usar els serveis de calefacci\u00f3 a Barcelona?<\/h2>\n<p style=\"text-align: center;\">Som l&#8217;empresa que donar\u00e0 soluci\u00f3 a totes les seves necessitats de calefacci\u00f3.<\/p>\n<p style=\"text-align: center;\">Oferim la instal\u00b7laci\u00f3 de qualsevol caldera o escalfador d&#8217;aigua del mercat.<\/p>\n<p style=\"text-align: center;\"><strong>Contacta&#8217;ns avui per a saber m\u00e9s!<\/strong><\/p>\n<p>[\/vc_column_text][\/vc_column][\/vc_row][vc_row][vc_column][vc_empty_space][\/vc_column][\/vc_row][vc_row][vc_column width=&#8221;1\/2&#8243;][vc_icon icon_fontawesome=&#8221;fas fa-lightbulb&#8221; color=&#8221;custom&#8221; size=&#8221;xl&#8221; align=&#8221;center&#8221; custom_color=&#8221;#ea9c00&#8243;][vc_column_text]<\/p>\n<h3 style=\"text-align: center;\">Per qu\u00e8 triar-nos?<\/h3>\n<p style=\"text-align: justify;\">Comptem i oferim les <strong>millors marques en climatitzaci\u00f3 i calefacci\u00f3 a Barcelona. <\/strong>I gr\u00e0cies a l&#8217;experi\u00e8ncia que ens avala, podr\u00e0s trobar a m\u00e9s el millor assessorament.<\/p>\n<p style=\"text-align: center;\"><strong><a href=\"https:\/\/www.signum.cat\/ca\/contacta-amb-nososaltres\/\" target=\"_blank\" rel=\"noopener\">M\u00e9s informaci\u00f3<\/a><\/strong><\/p>\n<p>[\/vc_column_text][\/vc_column][vc_column width=&#8221;1\/2&#8243;][vc_icon icon_fontawesome=&#8221;fas fa-info&#8221; color=&#8221;custom&#8221; size=&#8221;xl&#8221; align=&#8221;center&#8221; custom_color=&#8221;#ea9c00&#8243;][vc_column_text]<\/p>\n<h3 style=\"text-align: center;\">Aix\u00ed funciona el servei<\/h3>\n<p style=\"text-align: justify;\">Els nostres serveis dins de Barcelona manquen de sobrecost perqu\u00e8 els nostres clients <strong>\u00fanicament abonin l&#8217;import de l&#8217;equip d&#8217;aire i del muntatge<\/strong>. Sense despeses addicionals ni sorpreses.<\/p>\n<p style=\"text-align: center;\"><strong><a href=\"https:\/\/www.signum.cat\/ca\/contacta-amb-nososaltres\/\" target=\"_blank\" rel=\"noopener\">M\u00e9s informaci\u00f3<\/a><\/strong><\/p>\n<p>[\/vc_column_text][\/vc_column][\/vc_row][vc_row][vc_column][vc_empty_space][\/vc_column][\/vc_row][vc_row][vc_column][vc_column_text]<\/p>\n<h2 style=\"text-align: center;\">Tipus d&#8217;instal\u00b7lacions de calefacci\u00f3 a Barcelona<\/h2>\n<p style=\"text-align: center;\">Oferim el servei de\u00a0 assessorament, el qual consisteix a dissenyar la instal\u00b7laci\u00f3 de calefacci\u00f3 o de climatitzaci\u00f3 adequada a cada necessitat i a totes les caracter\u00edstiques de les instal\u00b7lacions, de manera que el funcionament resulti totalment garantit.<\/p>\n<p style=\"text-align: center;\">I \u00e9s que ens especialitzem a oferir <a href=\"https:\/\/www.signum.cat\/ca\/serveis-de-climatitzacio\/\">serveis de climatitzaci\u00f3<\/a> totalment a mesura en locals comercials, instal\u00b7lacions industrials,<br \/>\nrestaurants i oficines.<\/p>\n<p>[\/vc_column_text][\/vc_column][\/vc_row][vc_row][vc_column width=&#8221;1\/2&#8243;][vc_single_image image=&#8221;2676&#8243; img_size=&#8221;full&#8221; alignment=&#8221;center&#8221; style=&#8221;vc_box_rounded&#8221;][vc_column_text]<\/p>\n<h3 style=\"text-align: center;\"><strong>Calefacci\u00f3 en Oficines<\/strong><\/h3>\n<p style=\"text-align: justify;\">Hi ha molts tipus de sistemes de calefacci\u00f3 que s&#8217;utilitzen normalment a l&#8217;entorn de l&#8217;oficina. <strong>Els m\u00e9s comuns s\u00f3n: caldera\/radiadors o caldera\/fancoils. <\/strong><\/p>\n<p style=\"text-align: justify;\">Els nous fancoils proporcionen un funcionament summament silenci\u00f3s, que els converteix en solucions molt adequades per a la seva utilitzaci\u00f3 sobretot en oficines i hotels.<\/p>\n<p style=\"text-align: justify;\">Les calderes utilitzen aigua escalfada per gas o gasoil per a <strong>proporcionar calor a les canonades d&#8217;aigua de la seva oficina<\/strong>.<\/p>\n<p style=\"text-align: justify;\"><strong>Proporcionen una distribuci\u00f3 uniforme de la radiaci\u00f3 t\u00e8rmica<\/strong>, per\u00f2 necessiten molta m\u00e9s pot\u00e8ncia per a funcionar.\u00a0Els radiadors s\u00f3n millors per a \u00e0rees que necessiten calefacci\u00f3 localitzada, com un escriptori o un banc d&#8217;oficina, perqu\u00e8 <strong>estan dissenyats per a emetre calor sola en una direcci\u00f3<\/strong>.<\/p>\n<p>[\/vc_column_text][\/vc_column][vc_column width=&#8221;1\/2&#8243;][vc_single_image image=&#8221;2614&#8243; img_size=&#8221;full&#8221; alignment=&#8221;center&#8221;][vc_column_text]<\/p>\n<h3 style=\"text-align: center;\"><strong>Calefacci\u00f3 en Restaurants<\/strong><\/h3>\n<p style=\"text-align: justify;\">Quan la calefacci\u00f3 es controla b\u00e9, pot marcar una difer\u00e8ncia en la vida de les persones.<\/p>\n<p style=\"text-align: justify;\">\u00c9s per aix\u00f2 que molts bars i restaurants estan optant ara per un <strong>sistema de calefacci\u00f3 eficient<\/strong> que els ajudar\u00e0 a estalviar costos.<\/p>\n<p style=\"text-align: justify;\">Quan arriben les baixes temperatures, els bars i restaurants hauran de cuidar els seus consums energ\u00e8tics.<\/p>\n<p style=\"text-align: justify;\">El consum de calefacci\u00f3 pot suposar un percentatge molt significatiu de l&#8217;electricitat, en el cas que s&#8217;hagi optat per un sistema de calefacci\u00f3 d&#8217;expansi\u00f3 directa<strong> (bomba de calor)<\/strong>.<\/p>\n<p style=\"text-align: justify;\">Francament, en funci\u00f3 de la mena d&#8217;energia que s&#8217;empri, <strong>pot representar m\u00e9s del 50% de la despesa energ\u00e8tica total<\/strong>.<\/p>\n<p>[\/vc_column_text][\/vc_column][\/vc_row][vc_row][vc_column][vc_empty_space height=&#8221;35px&#8221;][\/vc_column][\/vc_row][vc_row][vc_column width=&#8221;1\/2&#8243;][vc_single_image image=&#8221;2618&#8243; img_size=&#8221;full&#8221; alignment=&#8221;center&#8221;][vc_column_text]<\/p>\n<h3 style=\"text-align: center;\"><strong>Calefacci\u00f3 en Habitatges<\/strong><\/h3>\n<p style=\"text-align: justify;\">La calefacci\u00f3 de la llar <strong>\u00e9s una despesa important en la majoria de les llars<\/strong>. Les calderes i els sistemes d&#8217;aigua calenta representen una quantitat considerable de l&#8217;energia utilitzada en la llar. <strong>Poden representar fins al 40% de la seva factura mensual<\/strong>.<\/p>\n<p style=\"text-align: justify;\">Amb un \u00fas d&#8217;energia tan alt, \u00e9s important considerar els escalfadors en triar la teva <strong>nova caldera o sistema de calefacci\u00f3 central<\/strong>. Existeix una varietat de diferents tipus d&#8217;escalfadors, per la qual cosa \u00e9s fonamental saber quin model ens conv\u00e9 m\u00e9s.<\/p>\n<p>[\/vc_column_text][\/vc_column][vc_column width=&#8221;1\/2&#8243;][vc_single_image image=&#8221;2620&#8243; img_size=&#8221;full&#8221; alignment=&#8221;center&#8221;][vc_column_text]<\/p>\n<h3 style=\"text-align: center;\"><strong>Calefacci\u00f3 en Locals Comercials<\/strong><\/h3>\n<p style=\"text-align: justify;\">Durant l&#8217;hivern, hem d&#8217;assegurar-nos que el nostre local tingui el servei de calefacci\u00f3 adequat per raons de <strong>comoditat i salut<\/strong>.<br \/>\nExisteixen solucions per a mantenir una temperatura agradable en totes aquestes <strong>instal\u00b7lacions mitjan\u00e7ant l&#8217;\u00fas de sistemes de calefacci\u00f3 a base d&#8217;aigua<\/strong>.<\/p>\n<p style=\"text-align: justify;\">Una caldera proporcionar\u00e0 <strong>aigua calenta en radiadors, calefacci\u00f3 central o sistemes de calefacci\u00f3 per s\u00f2l radiant<\/strong> que sovint es troben en grans edificis.<\/p>\n<p>[\/vc_column_text][\/vc_column][\/vc_row][vc_row css=&#8221;.vc_custom_1639769837282{background-color: #f4f4f4 !important;}&#8221;][vc_column][vc_column_text]<\/p>\n<h3 style=\"text-align: center;\">Necessites substituir el teu equip de calefacci\u00f3 a Barcelona?<\/h3>\n<p style=\"text-align: center;\">Instal\u00b7lem sistemes de calefacci\u00f3 de tota mena: calefacci\u00f3 a gas natural, instal\u00b7lacions de aerotermia, calefacci\u00f3 per plaques solars, calefacci\u00f3 per s\u00f2l radiant, calefacci\u00f3 el\u00e8ctrica baix consum.<\/p>\n<p>[\/vc_column_text][\/vc_column][\/vc_row][vc_row][vc_column][vc_empty_space height=&#8221;35px&#8221;][\/vc_column][\/vc_row][vc_row full_width=&#8221;stretch_row_content&#8221; parallax=&#8221;content-moving&#8221; parallax_image=&#8221;720&#8243;][vc_column][vc_column_text]<\/p>\n<h2 style=\"text-align: center;\">Digues-nos qu\u00e8 podem fer per tu<\/h2>\n<p style=\"text-align: center;\"><strong>Posa&#8217;t en contacte amb nosaltres<\/strong><\/p>\n<p>[\/vc_column_text][vc_btn title=&#8221;Contacta&#8221; style=&#8221;flat&#8221; color=&#8221;white&#8221; align=&#8221;center&#8221; link=&#8221;url:https%3A%2F%2Fwww.signum.cat%2Fca%2Fcontacta-amb-nososaltres%2F|title:Contacta%20amb%20Nososaltres&#8221;][\/vc_column][\/vc_row]<\/p>\n<\/section>","protected":false},"excerpt":{"rendered":"<p>[vc_row full_width=&#8221;stretch_row_content&#8221; parallax=&#8221;content-moving&#8221; css=&#8221;.vc_custom_1639768130690{padding-top: 150px !important;padding-bottom: 180px !important;background-image: url(https:\/\/www.signum.cat\/wp-content\/uploads\/2021\/12\/Calefaccion-en-Barcelona-SIGNUM-1.jpg?id=2642) !important;}&#8221;][vc_column][vc_custom_heading text=&#8221;Calefacci\u00f3 a Barcelona&#8221; font_container=&#8221;tag:h1|text_align:center|color:%23ffffff&#8221; use_theme_fonts=&#8221;yes&#8221; css_animation=&#8221;fadeInUp&#8221;][\/vc_column][\/vc_row][vc_row][vc_column][vc_column_text] Empresa especialitzada en serveis de calefacci\u00f3 Som una empresa d&#8217;instal\u00b7ladors de calefacci\u00f3 a Barcelona, tamb\u00e9 treballem la resta de prov\u00edncies, tant a nivell dom\u00e8stic com industrial. Els dies de m\u00e9s fred resulten ser alguns dels m\u00e9s durs de suportar&#8230;.<\/p>\n","protected":false},"author":2,"featured_media":2643,"parent":0,"menu_order":0,"comment_status":"closed","ping_status":"closed","template":"","meta":{"_kad_post_transparent":"default","_kad_post_title":"default","_kad_post_layout":"default","_kad_post_sidebar_id":"","_kad_post_content_style":"default","_kad_post_vertical_padding":"default","_kad_post_feature":"","_kad_post_feature_position":"","_kad_post_header":false,"_kad_post_footer":false,"footnotes":"","_joinchat":[]},"yoast_head":"<!-- This site is optimized with the Yoast SEO plugin v21.7 - https:\/\/yoast.com\/wordpress\/plugins\/seo\/ -->\n<title>Calefacci\u00f3 a Barcelona - Empreses i particulars - SIGNUM<\/title>\n<meta name=\"description\" content=\"Empresa especialitzada en instal\u00b7lacions de calefacci\u00f3 a Barcelona: terra radiant, muntatge de calderes i radiadors. Demana el teu pressupost\" \/>\n<meta name=\"robots\" content=\"index, follow, max-snippet:-1, max-image-preview:large, max-video-preview:-1\" \/>\n<link rel=\"canonical\" href=\"https:\/\/www.signum.cat\/ca\/calefaccio-a-barcelona\/\" \/>\n<meta property=\"og:locale\" content=\"ca_ES\" \/>\n<meta property=\"og:type\" content=\"article\" \/>\n<meta property=\"og:title\" content=\"Calefacci\u00f3 a Barcelona - Empreses i particulars - SIGNUM\" \/>\n<meta property=\"og:description\" content=\"Empresa especialitzada en instal\u00b7lacions de calefacci\u00f3 a Barcelona: terra radiant, muntatge de calderes i radiadors. Demana el teu pressupost\" \/>\n<meta property=\"og:url\" content=\"https:\/\/www.signum.cat\/ca\/calefaccio-a-barcelona\/\" \/>\n<meta property=\"og:site_name\" content=\"SIGNUM\" \/>\n<meta property=\"article:modified_time\" content=\"2021-12-21T17:25:53+00:00\" \/>\n<meta property=\"og:image\" content=\"https:\/\/www.signum.cat\/wp-content\/uploads\/2021\/12\/Calefaccion-en-Barcelona-SIGNUM-1.jpg\" \/>\n\t<meta property=\"og:image:width\" content=\"1920\" \/>\n\t<meta property=\"og:image:height\" content=\"763\" \/>\n\t<meta property=\"og:image:type\" content=\"image\/jpeg\" \/>\n<meta name=\"twitter:card\" content=\"summary_large_image\" \/>\n<meta name=\"twitter:label1\" content=\"Est. reading time\" \/>\n\t<meta name=\"twitter:data1\" content=\"5 minutes\" \/>\n<script type=\"application\/ld+json\" class=\"yoast-schema-graph\">{\"@context\":\"https:\/\/schema.org\",\"@graph\":[{\"@type\":\"WebPage\",\"@id\":\"https:\/\/www.signum.cat\/ca\/calefaccio-a-barcelona\/\",\"url\":\"https:\/\/www.signum.cat\/ca\/calefaccio-a-barcelona\/\",\"name\":\"Calefacci\u00f3 a Barcelona - Empreses i particulars - SIGNUM\",\"isPartOf\":{\"@id\":\"https:\/\/www.signum.cat\/#website\"},\"datePublished\":\"2021-12-21T17:08:11+00:00\",\"dateModified\":\"2021-12-21T17:25:53+00:00\",\"description\":\"Empresa especialitzada en instal\u00b7lacions de calefacci\u00f3 a Barcelona: terra radiant, muntatge de calderes i radiadors. Demana el teu pressupost\",\"breadcrumb\":{\"@id\":\"https:\/\/www.signum.cat\/ca\/calefaccio-a-barcelona\/#breadcrumb\"},\"inLanguage\":\"ca-ES\",\"potentialAction\":[{\"@type\":\"ReadAction\",\"target\":[\"https:\/\/www.signum.cat\/ca\/calefaccio-a-barcelona\/\"]}]},{\"@type\":\"BreadcrumbList\",\"@id\":\"https:\/\/www.signum.cat\/ca\/calefaccio-a-barcelona\/#breadcrumb\",\"itemListElement\":[{\"@type\":\"ListItem\",\"position\":1,\"name\":\"Portada\",\"item\":\"https:\/\/www.signum.cat\/ca\/\"},{\"@type\":\"ListItem\",\"position\":2,\"name\":\"Calefacci\u00f3 a Barcelona\"}]},{\"@type\":\"WebSite\",\"@id\":\"https:\/\/www.signum.cat\/#website\",\"url\":\"https:\/\/www.signum.cat\/\",\"name\":\"SIGNUM\",\"description\":\"Electricidad, dom\u00f3tica e inm\u00f3tica\",\"publisher\":{\"@id\":\"https:\/\/www.signum.cat\/#organization\"},\"potentialAction\":[{\"@type\":\"SearchAction\",\"target\":{\"@type\":\"EntryPoint\",\"urlTemplate\":\"https:\/\/www.signum.cat\/?s={search_term_string}\"},\"query-input\":\"required name=search_term_string\"}],\"inLanguage\":\"ca-ES\"},{\"@type\":\"Organization\",\"@id\":\"https:\/\/www.signum.cat\/#organization\",\"name\":\"SIGNUM\",\"url\":\"https:\/\/www.signum.cat\/\",\"logo\":{\"@type\":\"ImageObject\",\"inLanguage\":\"ca-ES\",\"@id\":\"https:\/\/www.signum.cat\/#\/schema\/logo\/image\/\",\"url\":\"https:\/\/www.signum.cat\/wp-content\/uploads\/2021\/02\/Logo-SIGNUM-Favicon-1.png\",\"contentUrl\":\"https:\/\/www.signum.cat\/wp-content\/uploads\/2021\/02\/Logo-SIGNUM-Favicon-1.png\",\"width\":80,\"height\":73,\"caption\":\"SIGNUM\"},\"image\":{\"@id\":\"https:\/\/www.signum.cat\/#\/schema\/logo\/image\/\"}}]}<\/script>\n<!-- \/ Yoast SEO plugin. -->","yoast_head_json":{"title":"Calefacci\u00f3 a Barcelona - Empreses i particulars - SIGNUM","description":"Empresa especialitzada en instal\u00b7lacions de calefacci\u00f3 a Barcelona: terra radiant, muntatge de calderes i radiadors. Demana el teu pressupost","robots":{"index":"index","follow":"follow","max-snippet":"max-snippet:-1","max-image-preview":"max-image-preview:large","max-video-preview":"max-video-preview:-1"},"canonical":"https:\/\/www.signum.cat\/ca\/calefaccio-a-barcelona\/","og_locale":"ca_ES","og_type":"article","og_title":"Calefacci\u00f3 a Barcelona - Empreses i particulars - SIGNUM","og_description":"Empresa especialitzada en instal\u00b7lacions de calefacci\u00f3 a Barcelona: terra radiant, muntatge de calderes i radiadors. Demana el teu pressupost","og_url":"https:\/\/www.signum.cat\/ca\/calefaccio-a-barcelona\/","og_site_name":"SIGNUM","article_modified_time":"2021-12-21T17:25:53+00:00","og_image":[{"width":1920,"height":763,"url":"https:\/\/www.signum.cat\/wp-content\/uploads\/2021\/12\/Calefaccion-en-Barcelona-SIGNUM-1.jpg","type":"image\/jpeg"}],"twitter_card":"summary_large_image","twitter_misc":{"Est. reading time":"5 minutes"},"schema":{"@context":"https:\/\/schema.org","@graph":[{"@type":"WebPage","@id":"https:\/\/www.signum.cat\/ca\/calefaccio-a-barcelona\/","url":"https:\/\/www.signum.cat\/ca\/calefaccio-a-barcelona\/","name":"Calefacci\u00f3 a Barcelona - Empreses i particulars - SIGNUM","isPartOf":{"@id":"https:\/\/www.signum.cat\/#website"},"datePublished":"2021-12-21T17:08:11+00:00","dateModified":"2021-12-21T17:25:53+00:00","description":"Empresa especialitzada en instal\u00b7lacions de calefacci\u00f3 a Barcelona: terra radiant, muntatge de calderes i radiadors. Demana el teu pressupost","breadcrumb":{"@id":"https:\/\/www.signum.cat\/ca\/calefaccio-a-barcelona\/#breadcrumb"},"inLanguage":"ca-ES","potentialAction":[{"@type":"ReadAction","target":["https:\/\/www.signum.cat\/ca\/calefaccio-a-barcelona\/"]}]},{"@type":"BreadcrumbList","@id":"https:\/\/www.signum.cat\/ca\/calefaccio-a-barcelona\/#breadcrumb","itemListElement":[{"@type":"ListItem","position":1,"name":"Portada","item":"https:\/\/www.signum.cat\/ca\/"},{"@type":"ListItem","position":2,"name":"Calefacci\u00f3 a Barcelona"}]},{"@type":"WebSite","@id":"https:\/\/www.signum.cat\/#website","url":"https:\/\/www.signum.cat\/","name":"SIGNUM","description":"Electricidad, dom\u00f3tica e inm\u00f3tica","publisher":{"@id":"https:\/\/www.signum.cat\/#organization"},"potentialAction":[{"@type":"SearchAction","target":{"@type":"EntryPoint","urlTemplate":"https:\/\/www.signum.cat\/?s={search_term_string}"},"query-input":"required name=search_term_string"}],"inLanguage":"ca-ES"},{"@type":"Organization","@id":"https:\/\/www.signum.cat\/#organization","name":"SIGNUM","url":"https:\/\/www.signum.cat\/","logo":{"@type":"ImageObject","inLanguage":"ca-ES","@id":"https:\/\/www.signum.cat\/#\/schema\/logo\/image\/","url":"https:\/\/www.signum.cat\/wp-content\/uploads\/2021\/02\/Logo-SIGNUM-Favicon-1.png","contentUrl":"https:\/\/www.signum.cat\/wp-content\/uploads\/2021\/02\/Logo-SIGNUM-Favicon-1.png","width":80,"height":73,"caption":"SIGNUM"},"image":{"@id":"https:\/\/www.signum.cat\/#\/schema\/logo\/image\/"}}]}},"_links":{"self":[{"href":"https:\/\/www.signum.cat\/ca\/wp-json\/wp\/v2\/pages\/2710"}],"collection":[{"href":"https:\/\/www.signum.cat\/ca\/wp-json\/wp\/v2\/pages"}],"about":[{"href":"https:\/\/www.signum.cat\/ca\/wp-json\/wp\/v2\/types\/page"}],"author":[{"embeddable":true,"href":"https:\/\/www.signum.cat\/ca\/wp-json\/wp\/v2\/users\/2"}],"replies":[{"embeddable":true,"href":"https:\/\/www.signum.cat\/ca\/wp-json\/wp\/v2\/comments?post=2710"}],"version-history":[{"count":3,"href":"https:\/\/www.signum.cat\/ca\/wp-json\/wp\/v2\/pages\/2710\/revisions"}],"predecessor-version":[{"id":2713,"href":"https:\/\/www.signum.cat\/ca\/wp-json\/wp\/v2\/pages\/2710\/revisions\/2713"}],"wp:featuredmedia":[{"embeddable":true,"href":"https:\/\/www.signum.cat\/ca\/wp-json\/wp\/v2\/media\/2643"}],"wp:attachment":[{"href":"https:\/\/www.signum.cat\/ca\/wp-json\/wp\/v2\/media?parent=2710"}],"curies":[{"name":"wp","href":"https:\/\/api.w.org\/{rel}","templated":true}]}}