{"id":272,"date":"2017-12-14T11:28:58","date_gmt":"2017-12-14T11:28:58","guid":{"rendered":"https:\/\/www.signum.cat\/?page_id=272"},"modified":"2022-07-26T09:55:18","modified_gmt":"2022-07-26T07:55:18","slug":"instal%c2%b7lacio-punts-de-recarrega-per-cotxe-electric","status":"publish","type":"page","link":"https:\/\/www.signum.cat\/ca\/instal%c2%b7lacio-punts-de-recarrega-per-cotxe-electric\/","title":{"rendered":"Instal\u00b7laci\u00f3 Punt de Rec\u00e0rrega per a Cotxe El\u00e8ctric"},"content":{"rendered":"<section class=\"wpb-content-wrapper\"><p>[vc_row full_width=&#8221;stretch_row_content&#8221; parallax=&#8221;content-moving&#8221; parallax_image=&#8221;2538&#8243; parallax_speed_bg=&#8221;2.5&#8243; css=&#8221;.vc_custom_1635850157366{padding-top: 130px !important;padding-bottom: 130px !important;}&#8221;][vc_column][vc_custom_heading text=&#8221;Instal\u00b7lacions de Punt de Rec\u00e0rrega per a Cotxe El\u00e8ctric&#8221; font_container=&#8221;tag:h1|text_align:center|color:%23ffffff&#8221; use_theme_fonts=&#8221;yes&#8221; css_animation=&#8221;fadeInUp&#8221;][\/vc_column][\/vc_row][vc_row css=&#8221;.vc_custom_1513845055352{margin-top: 80px !important;margin-bottom: 80px !important;}&#8221;][vc_column][vc_column_text]<\/p>\n<p style=\"text-align: center;\">La instal\u00b7laci\u00f3 del punt de rec\u00e0rrega per al seu cotxe el\u00e8ctric no li representar\u00e0 dificultat de cap mena si ja s&#8217;ha canviat a la modalitat de motor el\u00e8ctric o si est\u00e0 pensant a canviar-se en breu.<\/p>\n<p style=\"text-align: center;\">Tenim molt en compte des del comen\u00e7ament fins al final, aconseguir que la instal\u00b7laci\u00f3 del punt de c\u00e0rrega per al seu vehicle el\u00e8ctric resulti c\u00f2moda, eficient i sense complicacions.<\/p>\n<p>[\/vc_column_text][vc_column_text]<\/p>\n<h2 style=\"text-align: center;\">Apostem per la sostenibilitat: <strong>Infraestructures per a una mobilitat amb energia neta.<\/strong><\/h2>\n<p style=\"text-align: center;\">Amb una aparici\u00f3 inicial t\u00edmida de propostes per part de diferents fabricants d&#8217;autom\u00f2bils, se&#8217;ns presenta avui dia, <a href=\"https:\/\/circontrol.com\/es\/carga-de-vehiculo-electrico\/postes-de-carga-ac\/\" target=\"_blank\" rel=\"noopener\">un ventall molt m\u00e9s ampli, cada vegada m\u00e9s desenvolupat i m\u00e9s funcional<\/a>.<\/p>\n<p style=\"text-align: center;\">La conscienciaci\u00f3 en la disminuci\u00f3 de la contaminaci\u00f3 ambiental, els beneficis ecol\u00f2gics i econ\u00f2mics que ofereix aquesta nova tecnologia, s&#8217;ha tradu\u00eft en una major pres\u00e8ncia de vehicles el\u00e8ctrics.<\/p>\n<p style=\"text-align: center;\"><strong>Per\u00f2 es requereix una infraestructura que acompanyi aquesta innovaci\u00f3 en mat\u00e8ria de mobilitat.<\/strong><\/p>\n<p>[\/vc_column_text][\/vc_column][\/vc_row][vc_row full_width=&#8221;stretch_row_content_no_spaces&#8221; css=&#8221;.vc_custom_1513776263432{margin-top: 100px !important;}&#8221;][vc_column][vc_masonry_media_grid element_width=&#8221;3&#8243; gap=&#8221;10&#8243; item=&#8221;masonryMedia_SolidBlurOut&#8221; initial_loading_animation=&#8221;fadeIn&#8221; grid_id=&#8221;vc_gid:1635851184054-e327dbbf-cce8-7&#8243; include=&#8221;647,648,649,650&#8243;][\/vc_column][\/vc_row][vc_row css=&#8221;.vc_custom_1513610162218{margin-top: 80px !important;margin-bottom: 80px !important;}&#8221;][vc_column][vc_row_inner][vc_column_inner][vc_column_text]<\/p>\n<h2 style=\"text-align: center;\">En SIGNUM t&#8217;oferim diferents propostes d&#8217;instal\u00b7laci\u00f3 de punt de rec\u00e0rrega cotxe el\u00e8ctric<\/h2>\n<p style=\"text-align: center;\">Segons les teves necessitats, disposem de solucions des de <strong>c\u00e0rrega dom\u00e8stica fins a <a href=\"https:\/\/www.signum.cat\/ca\/instal%c2%b7lacio-punt-de-recarrega-cotxe-electric\/\">carregadors r\u00e0pids DC<\/a><\/strong>.<\/p>\n<p style=\"text-align: center;\">Els carregadors r\u00e0pids per a vehicles <strong>el\u00e8ctrics utilitzen la<\/strong> <strong>c\u00e0rrega de corrent continu<\/strong>; converteixen l&#8217;energia abans que entri en el vehicle i l&#8217;energia que emmagatzema servir\u00e0 exclusivament per al seu despla\u00e7ament.<\/p>\n<p style=\"text-align: center;\">Despr\u00e9s de la conversi\u00f3, l&#8217;energia passa directament a la bateria del cotxe, sense passar pel convertidor d&#8217;aquest.<\/p>\n<p>[\/vc_column_text][\/vc_column_inner][\/vc_row_inner][vc_row_inner css=&#8221;.vc_custom_1635850565238{margin-top: 40px !important;margin-bottom: -40px !important;}&#8221;][vc_column_inner][vc_column_text]<\/p>\n<h2 style=\"text-align: center;\">Opcions d&#8217;Instal\u00b7laci\u00f3 de carregadors per a cotxes el\u00e8ctrics<\/h2>\n<p>[\/vc_column_text][\/vc_column_inner][\/vc_row_inner][\/vc_column][\/vc_row][vc_section full_width=&#8221;stretch_row_content&#8221; content_placement=&#8221;middle&#8221; parallax=&#8221;content-moving&#8221; parallax_image=&#8221;851&#8243; css=&#8221;.vc_custom_1517230060983{padding-top: 80px !important;padding-bottom: 80px !important;}&#8221;][vc_row gap=&#8221;35&#8243; equal_height=&#8221;yes&#8221; css=&#8221;.vc_custom_1513696103759{margin-right: 40px !important;margin-left: 40px !important;}&#8221;][vc_column css_animation=&#8221;flipInX&#8221; width=&#8221;1\/3&#8243; css=&#8221;.vc_custom_1513611131882{background-color: #f2d100 !important;border-radius: 35px !important;}&#8221;][vc_column_text css_animation=&#8221;flipInX&#8221;]<\/p>\n<h4 style=\"text-align: center;\"><span style=\"color: #94ba33;\"><span style=\"color: #ff6600;\">\u2713<\/span> <span style=\"color: #ffffff;\">Punt de rec\u00e0rrega d&#8217;emerg\u00e8ncia: Pot\u00e8ncia inferior a 3 kW.<\/span><\/span><\/h4>\n<p>[\/vc_column_text][\/vc_column][vc_column css_animation=&#8221;flipInX&#8221; width=&#8221;1\/3&#8243; css=&#8221;.vc_custom_1513611164216{background-color: #f2d100 !important;border-radius: 35px !important;}&#8221;][vc_column_text css_animation=&#8221;none&#8221;]<\/p>\n<h4 style=\"text-align: center;\"><span style=\"color: #ffffff;\"><span style=\"color: #ff6600;\">\u2713\u00a0<\/span>Punt de rec\u00e0rrega convencional. Pot\u00e8ncia igual o superior a 3,7 kW i inferior a 15 kW<\/span><\/h4>\n<p>[\/vc_column_text][\/vc_column][vc_column css_animation=&#8221;flipInX&#8221; width=&#8221;1\/3&#8243; css=&#8221;.vc_custom_1513611188571{background-color: #f2d100 !important;border-radius: 35px !important;}&#8221;][vc_column_text css_animation=&#8221;flipInX&#8221;]<\/p>\n<h4 style=\"text-align: center;\"><span style=\"color: #94ba33;\"><span style=\"color: #ff6600;\">\u2713<\/span> <span style=\"color: #ffffff;\">Punt rec\u00e0rrega semi-r\u00e0pida (en corrent altern o cont\u00ednua): Pot\u00e8ncia igual o superior a 15 kW i inferior a 40 kW<\/span><\/span><\/h4>\n<p>[\/vc_column_text][\/vc_column][\/vc_row][vc_row gap=&#8221;35&#8243; equal_height=&#8221;yes&#8221; css=&#8221;.vc_custom_1513696103759{margin-right: 40px !important;margin-left: 40px !important;}&#8221;][vc_column css_animation=&#8221;flipInX&#8221; width=&#8221;1\/4&#8243; css=&#8221;.vc_custom_1517230128529{border-radius: 35px !important;}&#8221;][\/vc_column][vc_column css_animation=&#8221;flipInX&#8221; width=&#8221;1\/4&#8243; css=&#8221;.vc_custom_1513611188571{background-color: #f2d100 !important;border-radius: 35px !important;}&#8221;][vc_column_text css_animation=&#8221;flipInX&#8221;]<\/p>\n<h4 style=\"text-align: center;\"><span style=\"color: #94ba33;\"><span style=\"color: #ff6600;\">\u2713<\/span> <span style=\"color: #ffffff;\">Punt de rec\u00e0rrega r\u00e0pida: Pot\u00e8ncia igual o superior a 40 kW i inferior a 100 kW<\/span><\/span><\/h4>\n<p>[\/vc_column_text][\/vc_column][vc_column css_animation=&#8221;flipInX&#8221; width=&#8221;1\/4&#8243; css=&#8221;.vc_custom_1517230720309{background-color: #f2d100 !important;border-radius: 35px !important;}&#8221;][vc_column_text css_animation=&#8221;flipInX&#8221;]<\/p>\n<h4 style=\"text-align: center;\"><span style=\"color: #ffffff;\"><span style=\"color: #ff6600;\">\u2713 <span style=\"color: #ffffff;\">Punt de rec\u00e0rrega ultra r\u00e0pida: Pot\u00e8ncia igual o superior a 100 kW<\/span><\/span><\/span><\/h4>\n<p>[\/vc_column_text][\/vc_column][vc_column width=&#8221;1\/4&#8243;][\/vc_column][\/vc_row][\/vc_section][vc_row css=&#8221;.vc_custom_1513847143940{margin-top: 100px !important;margin-bottom: 80px !important;}&#8221;][vc_column][vc_cta h2=&#8221;Desitges m\u00e9s informaci\u00f3 sobre la instal\u00b7laci\u00f3 punt de rec\u00e0rrega per a cotxe el\u00e8ctric?&#8221; txt_align=&#8221;right&#8221; color=&#8221;orange&#8221; add_button=&#8221;bottom&#8221; btn_title=&#8221;Vull m\u00e9s informaci\u00f3&#8221; btn_style=&#8221;flat&#8221; btn_color=&#8221;warning&#8221; btn_align=&#8221;right&#8221; add_icon=&#8221;left&#8221; i_icon_fontawesome=&#8221;fas fa-car&#8221; i_color=&#8221;orange&#8221; i_size=&#8221;xl&#8221; i_css_animation=&#8221;zoomInUp&#8221; btn_link=&#8221;url:https%3A%2F%2Fwww.signum.cat%2Fcontacte%23contacte|||&#8221;]Posem a la teva disposici\u00f3 el nostre equip t\u00e8cnic per a informar-te i resoldre qualsevol dubte![\/vc_cta][\/vc_column][\/vc_row][vc_row full_width=&#8221;stretch_row&#8221; css_animation=&#8221;fadeIn&#8221; css=&#8221;.vc_custom_1635851224573{padding-top: 40px !important;padding-bottom: 40px !important;background-color: rgba(98,178,55,0.19) !important;*background-color: rgb(98,178,55) !important;}&#8221;][vc_column][vc_column_text]<\/p>\n<h2 style=\"text-align: center;\">Preguntes freq\u00fcents sobre els cotxes el\u00e8ctrics<\/h2>\n<p>[\/vc_column_text][vc_column_text]<\/p>\n<h3>Qu\u00e8 \u00e9s un cotxe el\u00e8ctric i com funciona?<\/h3>\n<p>Un <strong>autom\u00f2bil el\u00e8ctric<\/strong> \u00e9s un vehicle que utilitza <strong>electricitat emmagatzemada en bateries<\/strong>, en lloc de combustible. Els cotxes el\u00e8ctrics requereixen m\u00e9s manteniment en comparaci\u00f3 amb els cotxes tradicionals.[\/vc_column_text][vc_column_text]<\/p>\n<h3>Beneficis de conduir cotxes el\u00e8ctrics<\/h3>\n<p>At\u00e8s que els <strong>autom\u00f2bils el\u00e8ctrics s\u00f3n molt m\u00e9s barats de fabricar i mantenir que els autom\u00f2bils a gasolina<\/strong>, \u00e9s m\u00e9s probable que siguin menys costosos en el futur. Els cotxes el\u00e8ctrics <strong>en utilitzar electricitat en lloc de gasolina no produeixen emissions nocives<\/strong> ni contribueixen al canvi clim\u00e0tic.[\/vc_column_text][vc_column_text]<\/p>\n<h3>Com carregar el seu vehicle el\u00e8ctric a casa o mentre viatja<\/h3>\n<p><strong>Carregar el seu vehicle el\u00e8ctric<\/strong> a casa \u00e9s la forma m\u00e9s econ\u00f2mica de carregar-lo. Per\u00f2 no sempre pots carregar el teu cotxe a casa. Algunes persones viuen en condominis, apartaments o edificis de gran altura on les estacions de c\u00e0rrega no estan f\u00e0cilment disponibles.<br \/>\n<strong>Hi ha moltes formes diferents de carregar el seu autom\u00f2bil el\u00e8ctric sobre la marxa. Pot planificar amb anticipaci\u00f3 i utilitzar un dels seg\u00fcents m\u00e8todes<\/strong>:<\/p>\n<p>&#8211; Estacions de c\u00e0rrega en els llocs de treball<br \/>\n&#8211; Estacions en carreteres<br \/>\n&#8211; C\u00e0rregues de *VE en centres comercials<br \/>\n&#8211; Endollar-ho a una presa de corrent dom\u00e8stic normal (sempre que tingui perm\u00eds)[\/vc_column_text][\/vc_column][\/vc_row][vc_row full_width=&#8221;stretch_row&#8221;][vc_column][vc_single_image image=&#8221;2543&#8243; img_size=&#8221;full&#8221;][vc_column_text]<\/p>\n<h3 style=\"text-align: center;\">S\u00f3n molts els beneficis d&#8217;instal\u00b7lar un carregador de cotxe el\u00e8ctric en la seva llar.<\/h3>\n<p style=\"text-align: center;\">El m\u00e9s obvi \u00e9s la quantitat de temps que li estalviar\u00e0 a l&#8217;hora de carregar el seu autom\u00f2bil. Per exemple, si t\u00e9 un viatge diari de 30 minuts, el temps de c\u00e0rrega mitjana seria d&#8217;aproximadament 3 hores per a recarregar completament. Aix\u00f2 contrasta amb un viatge diari de 10 minuts en el qual el temps de c\u00e0rrega mitjana seria de 60 minuts.<\/p>\n<p>[\/vc_column_text][\/vc_column][\/vc_row][vc_row full_width=&#8221;stretch_row&#8221;][vc_column][vc_column_text]<\/p>\n<h3 style=\"text-align: center;\">Totes s\u00f3n avantatges en instal\u00b7lar un carregador de cotxe el\u00e8ctric en el seu lloc de treball o \u00e0rea p\u00fablica<\/h3>\n<p style=\"text-align: center;\"><strong>Estalvi\u00ef diners i temps instal\u00b7lant un carregador de cotxe el\u00e8ctric en el seu lloc de treball o \u00e0rea p\u00fablica<\/strong>. Aix\u00f2 animar\u00e0 als empleats a utilitzar cotxes el\u00e8ctrics, reduint les emissions i el consum de combustible.<\/p>\n<p>[\/vc_column_text][\/vc_column][\/vc_row][vc_row][vc_column][vc_column_text]<\/p>\n<h3 style=\"text-align: center;\">Partner de<\/h3>\n<p>[\/vc_column_text][\/vc_column][\/vc_row][vc_row][vc_column][vc_single_image image=&#8221;828&#8243; img_size=&#8221;full&#8221; alignment=&#8221;center&#8221; onclick=&#8221;custom_link&#8221; img_link_target=&#8221;_blank&#8221; link=&#8221;http:\/\/circontrol.com\/es\/&#8221;][\/vc_column][\/vc_row][vc_row full_width=&#8221;stretch_row_content&#8221; parallax=&#8221;content-moving&#8221; parallax_image=&#8221;720&#8243;][vc_column][vc_column_text]<\/p>\n<h2 style=\"text-align: center;\">Digues-nos qu\u00e8 podem fer per tu<\/h2>\n<p style=\"text-align: center;\"><strong>SOM AQU\u00cd PER A AJUDAR-TE!<\/strong><\/p>\n<p>[\/vc_column_text][vc_btn title=&#8221;Contacta&#8217;ns&#8221; style=&#8221;flat&#8221; color=&#8221;white&#8221; align=&#8221;center&#8221; link=&#8221;url:https%3A%2F%2Fwww.signum.cat%2Fca%2Fcontacta-amb-nososaltres%2F&#8221;][\/vc_column][\/vc_row]<\/p>\n<\/section>","protected":false},"excerpt":{"rendered":"<p>[vc_row full_width=&#8221;stretch_row_content&#8221; parallax=&#8221;content-moving&#8221; parallax_image=&#8221;2538&#8243; parallax_speed_bg=&#8221;2.5&#8243; css=&#8221;.vc_custom_1635850157366{padding-top: 130px !important;padding-bottom: 130px !important;}&#8221;][vc_column][vc_custom_heading text=&#8221;Instal\u00b7lacions de Punt de Rec\u00e0rrega per a Cotxe El\u00e8ctric&#8221; font_container=&#8221;tag:h1|text_align:center|color:%23ffffff&#8221; use_theme_fonts=&#8221;yes&#8221; css_animation=&#8221;fadeInUp&#8221;][\/vc_column][\/vc_row][vc_row css=&#8221;.vc_custom_1513845055352{margin-top: 80px !important;margin-bottom: 80px !important;}&#8221;][vc_column][vc_column_text] La instal\u00b7laci\u00f3 del punt de rec\u00e0rrega per al seu cotxe el\u00e8ctric no li representar\u00e0 dificultat de cap mena si ja s&#8217;ha canviat a la modalitat de motor el\u00e8ctric&#8230;<\/p>\n","protected":false},"author":2,"featured_media":851,"parent":0,"menu_order":0,"comment_status":"closed","ping_status":"closed","template":"","meta":{"_kad_post_transparent":"default","_kad_post_title":"default","_kad_post_layout":"normal","_kad_post_sidebar_id":"","_kad_post_content_style":"default","_kad_post_vertical_padding":"hide","_kad_post_feature":"","_kad_post_feature_position":"","_kad_post_header":false,"_kad_post_footer":false,"footnotes":"","_joinchat":[]},"yoast_head":"<!-- This site is optimized with the Yoast SEO plugin v21.7 - https:\/\/yoast.com\/wordpress\/plugins\/seo\/ -->\n<title>Instal\u00b7laci\u00f3 Punt de Rec\u00e0rrega per a Cotxe El\u00e8ctric - SIGNUM<\/title>\n<meta name=\"description\" content=\"Ens encarreguem de fer la instal\u00b7laci\u00f3 punt de rec\u00e0rrega per a cotxe el\u00e8ctric a Barcelona. Apostem sempre per la mobilitat amb energia neta.\" \/>\n<meta name=\"robots\" content=\"index, follow, max-snippet:-1, max-image-preview:large, max-video-preview:-1\" \/>\n<link rel=\"canonical\" href=\"https:\/\/www.signum.cat\/ca\/instal\u00b7lacio-punts-de-recarrega-per-cotxe-electric\/\" \/>\n<meta property=\"og:locale\" content=\"ca_ES\" \/>\n<meta property=\"og:type\" content=\"article\" \/>\n<meta property=\"og:title\" content=\"Instal\u00b7laci\u00f3 Punt de Rec\u00e0rrega per a Cotxe El\u00e8ctric - SIGNUM\" \/>\n<meta property=\"og:description\" content=\"Ens encarreguem de fer la instal\u00b7laci\u00f3 punt de rec\u00e0rrega per a cotxe el\u00e8ctric a Barcelona. Apostem sempre per la mobilitat amb energia neta.\" \/>\n<meta property=\"og:url\" content=\"https:\/\/www.signum.cat\/ca\/instal\u00b7lacio-punts-de-recarrega-per-cotxe-electric\/\" \/>\n<meta property=\"og:site_name\" content=\"SIGNUM\" \/>\n<meta property=\"article:modified_time\" content=\"2022-07-26T07:55:18+00:00\" \/>\n<meta property=\"og:image\" content=\"https:\/\/www.signum.cat\/wp-content\/uploads\/2018\/01\/fondo-VE-3.jpg\" \/>\n\t<meta property=\"og:image:width\" content=\"1440\" \/>\n\t<meta property=\"og:image:height\" content=\"921\" \/>\n\t<meta property=\"og:image:type\" content=\"image\/jpeg\" \/>\n<meta name=\"twitter:card\" content=\"summary_large_image\" \/>\n<meta name=\"twitter:label1\" content=\"Est. reading time\" \/>\n\t<meta name=\"twitter:data1\" content=\"4 minutes\" \/>\n<script type=\"application\/ld+json\" class=\"yoast-schema-graph\">{\"@context\":\"https:\/\/schema.org\",\"@graph\":[{\"@type\":\"WebPage\",\"@id\":\"https:\/\/www.signum.cat\/ca\/instal%c2%b7lacio-punts-de-recarrega-per-cotxe-electric\/\",\"url\":\"https:\/\/www.signum.cat\/ca\/instal%c2%b7lacio-punts-de-recarrega-per-cotxe-electric\/\",\"name\":\"Instal\u00b7laci\u00f3 Punt de Rec\u00e0rrega per a Cotxe El\u00e8ctric - SIGNUM\",\"isPartOf\":{\"@id\":\"https:\/\/www.signum.cat\/#website\"},\"datePublished\":\"2017-12-14T11:28:58+00:00\",\"dateModified\":\"2022-07-26T07:55:18+00:00\",\"description\":\"Ens encarreguem de fer la instal\u00b7laci\u00f3 punt de rec\u00e0rrega per a cotxe el\u00e8ctric a Barcelona. Apostem sempre per la mobilitat amb energia neta.\",\"breadcrumb\":{\"@id\":\"https:\/\/www.signum.cat\/ca\/instal%c2%b7lacio-punts-de-recarrega-per-cotxe-electric\/#breadcrumb\"},\"inLanguage\":\"ca-ES\",\"potentialAction\":[{\"@type\":\"ReadAction\",\"target\":[\"https:\/\/www.signum.cat\/ca\/instal%c2%b7lacio-punts-de-recarrega-per-cotxe-electric\/\"]}]},{\"@type\":\"BreadcrumbList\",\"@id\":\"https:\/\/www.signum.cat\/ca\/instal%c2%b7lacio-punts-de-recarrega-per-cotxe-electric\/#breadcrumb\",\"itemListElement\":[{\"@type\":\"ListItem\",\"position\":1,\"name\":\"Portada\",\"item\":\"https:\/\/www.signum.cat\/ca\/\"},{\"@type\":\"ListItem\",\"position\":2,\"name\":\"Instal\u00b7laci\u00f3 Punt de Rec\u00e0rrega per a Cotxe El\u00e8ctric\"}]},{\"@type\":\"WebSite\",\"@id\":\"https:\/\/www.signum.cat\/#website\",\"url\":\"https:\/\/www.signum.cat\/\",\"name\":\"SIGNUM\",\"description\":\"Electricidad, dom\u00f3tica e inm\u00f3tica\",\"publisher\":{\"@id\":\"https:\/\/www.signum.cat\/#organization\"},\"potentialAction\":[{\"@type\":\"SearchAction\",\"target\":{\"@type\":\"EntryPoint\",\"urlTemplate\":\"https:\/\/www.signum.cat\/?s={search_term_string}\"},\"query-input\":\"required name=search_term_string\"}],\"inLanguage\":\"ca-ES\"},{\"@type\":\"Organization\",\"@id\":\"https:\/\/www.signum.cat\/#organization\",\"name\":\"SIGNUM\",\"url\":\"https:\/\/www.signum.cat\/\",\"logo\":{\"@type\":\"ImageObject\",\"inLanguage\":\"ca-ES\",\"@id\":\"https:\/\/www.signum.cat\/#\/schema\/logo\/image\/\",\"url\":\"https:\/\/www.signum.cat\/wp-content\/uploads\/2021\/02\/Logo-SIGNUM-Favicon-1.png\",\"contentUrl\":\"https:\/\/www.signum.cat\/wp-content\/uploads\/2021\/02\/Logo-SIGNUM-Favicon-1.png\",\"width\":80,\"height\":73,\"caption\":\"SIGNUM\"},\"image\":{\"@id\":\"https:\/\/www.signum.cat\/#\/schema\/logo\/image\/\"}}]}<\/script>\n<!-- \/ Yoast SEO plugin. -->","yoast_head_json":{"title":"Instal\u00b7laci\u00f3 Punt de Rec\u00e0rrega per a Cotxe El\u00e8ctric - SIGNUM","description":"Ens encarreguem de fer la instal\u00b7laci\u00f3 punt de rec\u00e0rrega per a cotxe el\u00e8ctric a Barcelona. Apostem sempre per la mobilitat amb energia neta.","robots":{"index":"index","follow":"follow","max-snippet":"max-snippet:-1","max-image-preview":"max-image-preview:large","max-video-preview":"max-video-preview:-1"},"canonical":"https:\/\/www.signum.cat\/ca\/instal\u00b7lacio-punts-de-recarrega-per-cotxe-electric\/","og_locale":"ca_ES","og_type":"article","og_title":"Instal\u00b7laci\u00f3 Punt de Rec\u00e0rrega per a Cotxe El\u00e8ctric - SIGNUM","og_description":"Ens encarreguem de fer la instal\u00b7laci\u00f3 punt de rec\u00e0rrega per a cotxe el\u00e8ctric a Barcelona. Apostem sempre per la mobilitat amb energia neta.","og_url":"https:\/\/www.signum.cat\/ca\/instal\u00b7lacio-punts-de-recarrega-per-cotxe-electric\/","og_site_name":"SIGNUM","article_modified_time":"2022-07-26T07:55:18+00:00","og_image":[{"width":1440,"height":921,"url":"https:\/\/www.signum.cat\/wp-content\/uploads\/2018\/01\/fondo-VE-3.jpg","type":"image\/jpeg"}],"twitter_card":"summary_large_image","twitter_misc":{"Est. reading time":"4 minutes"},"schema":{"@context":"https:\/\/schema.org","@graph":[{"@type":"WebPage","@id":"https:\/\/www.signum.cat\/ca\/instal%c2%b7lacio-punts-de-recarrega-per-cotxe-electric\/","url":"https:\/\/www.signum.cat\/ca\/instal%c2%b7lacio-punts-de-recarrega-per-cotxe-electric\/","name":"Instal\u00b7laci\u00f3 Punt de Rec\u00e0rrega per a Cotxe El\u00e8ctric - SIGNUM","isPartOf":{"@id":"https:\/\/www.signum.cat\/#website"},"datePublished":"2017-12-14T11:28:58+00:00","dateModified":"2022-07-26T07:55:18+00:00","description":"Ens encarreguem de fer la instal\u00b7laci\u00f3 punt de rec\u00e0rrega per a cotxe el\u00e8ctric a Barcelona. Apostem sempre per la mobilitat amb energia neta.","breadcrumb":{"@id":"https:\/\/www.signum.cat\/ca\/instal%c2%b7lacio-punts-de-recarrega-per-cotxe-electric\/#breadcrumb"},"inLanguage":"ca-ES","potentialAction":[{"@type":"ReadAction","target":["https:\/\/www.signum.cat\/ca\/instal%c2%b7lacio-punts-de-recarrega-per-cotxe-electric\/"]}]},{"@type":"BreadcrumbList","@id":"https:\/\/www.signum.cat\/ca\/instal%c2%b7lacio-punts-de-recarrega-per-cotxe-electric\/#breadcrumb","itemListElement":[{"@type":"ListItem","position":1,"name":"Portada","item":"https:\/\/www.signum.cat\/ca\/"},{"@type":"ListItem","position":2,"name":"Instal\u00b7laci\u00f3 Punt de Rec\u00e0rrega per a Cotxe El\u00e8ctric"}]},{"@type":"WebSite","@id":"https:\/\/www.signum.cat\/#website","url":"https:\/\/www.signum.cat\/","name":"SIGNUM","description":"Electricidad, dom\u00f3tica e inm\u00f3tica","publisher":{"@id":"https:\/\/www.signum.cat\/#organization"},"potentialAction":[{"@type":"SearchAction","target":{"@type":"EntryPoint","urlTemplate":"https:\/\/www.signum.cat\/?s={search_term_string}"},"query-input":"required name=search_term_string"}],"inLanguage":"ca-ES"},{"@type":"Organization","@id":"https:\/\/www.signum.cat\/#organization","name":"SIGNUM","url":"https:\/\/www.signum.cat\/","logo":{"@type":"ImageObject","inLanguage":"ca-ES","@id":"https:\/\/www.signum.cat\/#\/schema\/logo\/image\/","url":"https:\/\/www.signum.cat\/wp-content\/uploads\/2021\/02\/Logo-SIGNUM-Favicon-1.png","contentUrl":"https:\/\/www.signum.cat\/wp-content\/uploads\/2021\/02\/Logo-SIGNUM-Favicon-1.png","width":80,"height":73,"caption":"SIGNUM"},"image":{"@id":"https:\/\/www.signum.cat\/#\/schema\/logo\/image\/"}}]}},"_links":{"self":[{"href":"https:\/\/www.signum.cat\/ca\/wp-json\/wp\/v2\/pages\/272"}],"collection":[{"href":"https:\/\/www.signum.cat\/ca\/wp-json\/wp\/v2\/pages"}],"about":[{"href":"https:\/\/www.signum.cat\/ca\/wp-json\/wp\/v2\/types\/page"}],"author":[{"embeddable":true,"href":"https:\/\/www.signum.cat\/ca\/wp-json\/wp\/v2\/users\/2"}],"replies":[{"embeddable":true,"href":"https:\/\/www.signum.cat\/ca\/wp-json\/wp\/v2\/comments?post=272"}],"version-history":[{"count":128,"href":"https:\/\/www.signum.cat\/ca\/wp-json\/wp\/v2\/pages\/272\/revisions"}],"predecessor-version":[{"id":2604,"href":"https:\/\/www.signum.cat\/ca\/wp-json\/wp\/v2\/pages\/272\/revisions\/2604"}],"wp:featuredmedia":[{"embeddable":true,"href":"https:\/\/www.signum.cat\/ca\/wp-json\/wp\/v2\/media\/851"}],"wp:attachment":[{"href":"https:\/\/www.signum.cat\/ca\/wp-json\/wp\/v2\/media?parent=272"}],"curies":[{"name":"wp","href":"https:\/\/api.w.org\/{rel}","templated":true}]}}