{"id":2831,"date":"2022-01-21T12:42:56","date_gmt":"2022-01-21T11:42:56","guid":{"rendered":"https:\/\/www.signum.cat\/sobre-nosaltres\/"},"modified":"2022-02-21T11:17:20","modified_gmt":"2022-02-21T10:17:20","slug":"sobre-nosaltres","status":"publish","type":"page","link":"https:\/\/www.signum.cat\/ca\/sobre-nosaltres\/","title":{"rendered":"Sobre Nosaltres"},"content":{"rendered":"<section class=\"wpb-content-wrapper\"><p>[vc_row full_width=&#8221;stretch_row_content&#8221; css=&#8221;.vc_custom_1642684109872{padding-top: 130px !important;padding-bottom: 130px !important;background-image: url(https:\/\/www.signum.cat\/wp-content\/uploads\/2022\/01\/NUEVAS-SECCIONES-SIGNUM-1.jpg?id=2745) !important;background-position: center !important;background-repeat: no-repeat !important;background-size: cover !important;}&#8221;][vc_column][vc_custom_heading text=&#8221;Sobre Nosaltres&#8221; font_container=&#8221;tag:h1|text_align:center|color:%23ffffff&#8221; use_theme_fonts=&#8221;yes&#8221; css_animation=&#8221;fadeInUp&#8221;][\/vc_column][\/vc_row][vc_row][vc_column width=&#8221;1\/2&#8243;][vc_single_image image=&#8221;2760&#8243; img_size=&#8221;full&#8221;][\/vc_column][vc_column width=&#8221;1\/2&#8243;][vc_column_text]<\/p>\n<h2>Som un equip que estem al servei dels nostres clients.<\/h2>\n<p>Aquest \u00e8xit sorgeix gr\u00e0cies a la capacitat i efectivitat del nostre equip t\u00e8cnic, i aix\u00ed ho demostren di\u00e0riament en les instal\u00b7lacions que realitzem.<\/p>\n<p><strong>Els departaments permeten desenvolupar i gestionar eficientment el treball.<\/strong><\/p>\n<p>Tota la nostra activitat gira entorn de les <strong>instal\u00b7lacions integrals en edificis, habitatges, obres p\u00fabliques i empreses<\/strong>.<\/p>\n<p>El ventall d&#8217;instal\u00b7lacions que oferim ens dona la possibilitat de garantir al client un servei complet.<\/p>\n<p>Cont\u00ednuament estem apostant per l&#8217;actualitzaci\u00f3<strong> en les novetats tecnol\u00f2giques<\/strong>, amb l&#8217;objectiu sobretot d&#8217;oferir els millors serveis en funci\u00f3 de les circumst\u00e0ncies dels nostres clients.[\/vc_column_text][\/vc_column][\/vc_row][vc_row css=&#8221;.vc_custom_1642756414773{padding-top: 30px !important;padding-bottom: 30px !important;background-color: #efefef !important;}&#8221;][vc_column][vc_column_text]<\/p>\n<h2 style=\"text-align: center;\">Els nostres Valors M\u00e9s Importants<\/h2>\n<p style=\"text-align: center;\">El nostre principal objectiu \u00e9s <strong>satisfer les necessitats del client<\/strong> oferint un tracte completament personalitzat.<\/p>\n<p style=\"text-align: center;\">Un mateix problema pot ser abordat des de diferents plans i la decisi\u00f3 de com fer-ho es prendr\u00e0 ajustant-nos a all\u00f2 que benefici\u00ef m\u00e9s a l&#8217;usuari dels nostres serveis.<\/p>\n<p style=\"text-align: center;\">L&#8217;equip est\u00e0 liderat per <a href=\"https:\/\/www.linkedin.com\/in\/albert-martinez-charles-36854512a\/\" target=\"_blank\" rel=\"noopener\">Albert Mart\u00ednez<\/a>, Enginyer t\u00e8cnic el\u00e8ctric. Els seus coneixements i la seva <strong>experi\u00e8ncia en el sector de m\u00e9s de 20 anys<\/strong>, li permeten oferir solucions eficients i adaptades a qualsevol mena de necessitat.<\/p>\n<p style=\"text-align: center;\">Li acompanyen un grup de professionals d&#8217;acreditada solv\u00e8ncia en el camp de l&#8217;electricitat , el gas, l&#8217;aigua, la <a href=\"https:\/\/www.signum.cat\/ca\/serveis-de-climatitzacio\/\">climatitzaci\u00f3<\/a>, la <a href=\"https:\/\/www.signum.cat\/ca\/instal%c2%b7lacions-domotiques\/\">dom\u00f2tica<\/a> , la <a href=\"https:\/\/www.signum.cat\/ca\/automatitzacio-dedificis\/\">imm\u00f2tica<\/a> i l&#8217;<a href=\"https:\/\/www.signum.cat\/ca\/energia-solar-fotovoltaica\/\">energia solar<\/a>.<\/p>\n<p style=\"text-align: center;\">La nostra activitat gira entorn a instal\u00b7lacions integrals, manteniment i reparaci\u00f3 en:<\/p>\n<p style=\"text-align: center;\"><strong>Comunitats d&#8217;habitatges<\/strong><br \/>\n<strong>Domicilis particulars \/ residencial<\/strong><br \/>\n<strong>Obra publica<\/strong><br \/>\n<strong>Industrial<\/strong><\/p>\n<p style=\"text-align: center;\">Ens formem cont\u00ednuament i incorporem en els nostres projectes els \u00faltims avan\u00e7os tecnol\u00f2gics perqu\u00e8 puguis obtenir el major rendiment possible amb el menor cost.<\/p>\n<p>[\/vc_column_text][\/vc_column][\/vc_row][vc_row][vc_column width=&#8221;1\/2&#8243;][vc_icon icon_fontawesome=&#8221;fas fa-users&#8221; color=&#8221;custom&#8221; size=&#8221;xl&#8221; align=&#8221;center&#8221; custom_color=&#8221;#ea9c00&#8243;][vc_column_text]<\/p>\n<h3 style=\"text-align: center;\">El nostre Equip<\/h3>\n<p style=\"text-align: justify;\">Els instal\u00b7ladors que formen part de la nostra plantilla <strong>posseeixen una formaci\u00f3 i experi\u00e8ncia<\/strong> que els situa com a <strong>professionals de primer nivell,<\/strong> capacitats per a fer tasques d&#8217;instal\u00b7laci\u00f3, <strong>reparaci\u00f3 i manteniment amb un alt grau d&#8217;especialitzaci\u00f3.<\/strong><\/p>\n<p>[\/vc_column_text][\/vc_column][vc_column width=&#8221;1\/2&#8243;][vc_icon icon_fontawesome=&#8221;fas fa-american-sign-language-interpreting&#8221; color=&#8221;custom&#8221; size=&#8221;xl&#8221; align=&#8221;center&#8221; custom_color=&#8221;#ea9c00&#8243;][vc_column_text]<\/p>\n<h3 style=\"text-align: center;\">Assessorament Personalitzat<\/h3>\n<p style=\"text-align: justify;\">Proporcionem un <strong>assessorament personalitzat<\/strong> amb la finalitat de poder oferir a cada client <strong>la soluci\u00f3 m\u00e9s adequada a les seves necessitats<\/strong>. Prioritzem la satisfacci\u00f3 del client amb qui volem mantenir una <strong>relaci\u00f3 de complicitat, transpar\u00e8ncia i confian\u00e7a.<\/strong><\/p>\n<p>[\/vc_column_text][\/vc_column][\/vc_row][vc_row][vc_column][vc_empty_space][\/vc_column][\/vc_row][vc_row][vc_column][vc_single_image image=&#8221;2785&#8243; img_size=&#8221;full&#8221; alignment=&#8221;center&#8221;][\/vc_column][\/vc_row][vc_row][vc_column][vc_empty_space][\/vc_column][\/vc_row][vc_row][vc_column width=&#8221;1\/2&#8243;][vc_icon icon_fontawesome=&#8221;fas fa-solar-panel&#8221; color=&#8221;custom&#8221; size=&#8221;xl&#8221; align=&#8221;center&#8221; custom_color=&#8221;#ea9c00&#8243;][vc_column_text]<\/p>\n<h3 style=\"text-align: center;\">MEDI AMBIENT<\/h3>\n<p>Proporcionar al client un servei que satisfaci totes les seves expectatives i conjugar-lo amb un <strong>alt grau de respecte mig ambiental<\/strong> \u00e9s un dels nostres principals objectius, per aix\u00f2 <strong>apostem per les instal\u00b7lacions eficients<\/strong>, posant en valor la dom\u00f2tica, la imm\u00f2tica i l&#8217;energia solar.<\/p>\n<p><strong>Minimitzar la generaci\u00f3 de residus en els nostres treballs<\/strong> i fer una bona gesti\u00f3 d&#8217;aquests, complint amb criteris sostenibles, forma part de la nostra marca.[\/vc_column_text][\/vc_column][vc_column width=&#8221;1\/2&#8243;][vc_icon icon_fontawesome=&#8221;fas fa-eye&#8221; color=&#8221;custom&#8221; size=&#8221;xl&#8221; align=&#8221;center&#8221; custom_color=&#8221;#ea9c00&#8243;][vc_column_text]<\/p>\n<h3 style=\"text-align: center;\">SOCIAL<\/h3>\n<p>Som una empresa orientada, d&#8217;acreditada solv\u00e8ncia a buscar la satisfacci\u00f3 del client, sense oblidar-nos del <strong>benestar dels professionals que conformen el nostre equip.<\/strong><\/p>\n<p>Ens cuidem per a poder cuidar-vos millor. Tanquem, aix\u00ed, el <strong>cercle de la sostenibilitat<\/strong> respectant els seus tres vessants: <strong>la social, l&#8217;econ\u00f2mica i la mig ambiental.<\/strong>[\/vc_column_text][\/vc_column][\/vc_row][vc_row][vc_column][vc_empty_space height=&#8221;60px&#8221;][vc_column_text]<\/p>\n<h2 style=\"text-align: center;\">Alguns dels nostres Partners<\/h2>\n<p>[\/vc_column_text][\/vc_column][\/vc_row][vc_row][vc_column width=&#8221;1\/3&#8243;][vc_single_image image=&#8221;1361&#8243; img_size=&#8221;medium&#8221; alignment=&#8221;center&#8221;][\/vc_column][vc_column width=&#8221;1\/3&#8243;][vc_single_image image=&#8221;1339&#8243; img_size=&#8221;medium&#8221; alignment=&#8221;center&#8221; onclick=&#8221;custom_link&#8221; link=&#8221;https:\/\/www.netxautomation.com\/netx\/es\/&#8221;][\/vc_column][vc_column width=&#8221;1\/3&#8243;][vc_single_image image=&#8221;1337&#8243; img_size=&#8221;medium&#8221; alignment=&#8221;center&#8221;][\/vc_column][\/vc_row][vc_row][vc_column][vc_empty_space height=&#8221;60px&#8221;][\/vc_column][\/vc_row][vc_row full_width=&#8221;stretch_row_content&#8221; parallax=&#8221;content-moving&#8221; parallax_image=&#8221;720&#8243;][vc_column][vc_column_text]<\/p>\n<h2 style=\"text-align: center;\">Qu\u00e8 podem fer per tu<\/h2>\n<p style=\"text-align: center;\"><strong>Posa&#8217;t en contacte amb nosaltres<\/strong><\/p>\n<p>[\/vc_column_text][vc_btn title=&#8221;Contacto&#8221; style=&#8221;flat&#8221; color=&#8221;white&#8221; align=&#8221;center&#8221; link=&#8221;url:https%3A%2F%2Fwww.signum.cat%2Fcontacta-con-nosotros%2F&#8221;][\/vc_column][\/vc_row]<\/p>\n<\/section>","protected":false},"excerpt":{"rendered":"<p>[vc_row full_width=&#8221;stretch_row_content&#8221; css=&#8221;.vc_custom_1642684109872{padding-top: 130px !important;padding-bottom: 130px !important;background-image: url(https:\/\/www.signum.cat\/wp-content\/uploads\/2022\/01\/NUEVAS-SECCIONES-SIGNUM-1.jpg?id=2745) !important;background-position: center !important;background-repeat: no-repeat !important;background-size: cover !important;}&#8221;][vc_column][vc_custom_heading text=&#8221;Sobre Nosaltres&#8221; font_container=&#8221;tag:h1|text_align:center|color:%23ffffff&#8221; use_theme_fonts=&#8221;yes&#8221; css_animation=&#8221;fadeInUp&#8221;][\/vc_column][\/vc_row][vc_row][vc_column width=&#8221;1\/2&#8243;][vc_single_image image=&#8221;2760&#8243; img_size=&#8221;full&#8221;][\/vc_column][vc_column width=&#8221;1\/2&#8243;][vc_column_text] Som un equip que estem al servei dels nostres clients. Aquest \u00e8xit sorgeix gr\u00e0cies a la capacitat i efectivitat del nostre equip t\u00e8cnic, i aix\u00ed ho demostren di\u00e0riament en les instal\u00b7lacions&#8230;<\/p>\n","protected":false},"author":2,"featured_media":2786,"parent":0,"menu_order":0,"comment_status":"closed","ping_status":"closed","template":"","meta":{"_kad_post_transparent":"default","_kad_post_title":"default","_kad_post_layout":"default","_kad_post_sidebar_id":"","_kad_post_content_style":"default","_kad_post_vertical_padding":"default","_kad_post_feature":"","_kad_post_feature_position":"","_kad_post_header":false,"_kad_post_footer":false,"footnotes":"","_joinchat":[]},"yoast_head":"<!-- This site is optimized with the Yoast SEO plugin v21.7 - https:\/\/yoast.com\/wordpress\/plugins\/seo\/ -->\n<title>Sobre Nosaltres - SIGNUM<\/title>\n<meta name=\"description\" content=\"Som instal\u00b7ladors professionals que oferim una gran varietat de serveis per a cobrir les necessitats tant a particulars com empreses.\" \/>\n<meta name=\"robots\" content=\"index, follow, max-snippet:-1, max-image-preview:large, max-video-preview:-1\" \/>\n<link rel=\"canonical\" href=\"https:\/\/www.signum.cat\/ca\/sobre-nosaltres\/\" \/>\n<meta property=\"og:locale\" content=\"ca_ES\" \/>\n<meta property=\"og:type\" content=\"article\" \/>\n<meta property=\"og:title\" content=\"Sobre Nosaltres - SIGNUM\" \/>\n<meta property=\"og:description\" content=\"Som instal\u00b7ladors professionals que oferim una gran varietat de serveis per a cobrir les necessitats tant a particulars com empreses.\" \/>\n<meta property=\"og:url\" content=\"https:\/\/www.signum.cat\/ca\/sobre-nosaltres\/\" \/>\n<meta property=\"og:site_name\" content=\"SIGNUM\" \/>\n<meta property=\"article:modified_time\" content=\"2022-02-21T10:17:20+00:00\" \/>\n<meta property=\"og:image\" content=\"https:\/\/www.signum.cat\/wp-content\/uploads\/2022\/01\/Sobre-Nosotros-SIGNUM-2.jpeg\" \/>\n\t<meta property=\"og:image:width\" content=\"2016\" \/>\n\t<meta property=\"og:image:height\" content=\"980\" \/>\n\t<meta property=\"og:image:type\" content=\"image\/jpeg\" \/>\n<meta name=\"twitter:card\" content=\"summary_large_image\" \/>\n<meta name=\"twitter:label1\" content=\"Est. reading time\" \/>\n\t<meta name=\"twitter:data1\" content=\"3 minutes\" \/>\n<script type=\"application\/ld+json\" class=\"yoast-schema-graph\">{\"@context\":\"https:\/\/schema.org\",\"@graph\":[{\"@type\":\"WebPage\",\"@id\":\"https:\/\/www.signum.cat\/ca\/sobre-nosaltres\/\",\"url\":\"https:\/\/www.signum.cat\/ca\/sobre-nosaltres\/\",\"name\":\"Sobre Nosaltres - SIGNUM\",\"isPartOf\":{\"@id\":\"https:\/\/www.signum.cat\/#website\"},\"datePublished\":\"2022-01-21T11:42:56+00:00\",\"dateModified\":\"2022-02-21T10:17:20+00:00\",\"description\":\"Som instal\u00b7ladors professionals que oferim una gran varietat de serveis per a cobrir les necessitats tant a particulars com empreses.\",\"breadcrumb\":{\"@id\":\"https:\/\/www.signum.cat\/ca\/sobre-nosaltres\/#breadcrumb\"},\"inLanguage\":\"ca-ES\",\"potentialAction\":[{\"@type\":\"ReadAction\",\"target\":[\"https:\/\/www.signum.cat\/ca\/sobre-nosaltres\/\"]}]},{\"@type\":\"BreadcrumbList\",\"@id\":\"https:\/\/www.signum.cat\/ca\/sobre-nosaltres\/#breadcrumb\",\"itemListElement\":[{\"@type\":\"ListItem\",\"position\":1,\"name\":\"Portada\",\"item\":\"https:\/\/www.signum.cat\/ca\/\"},{\"@type\":\"ListItem\",\"position\":2,\"name\":\"Sobre Nosaltres\"}]},{\"@type\":\"WebSite\",\"@id\":\"https:\/\/www.signum.cat\/#website\",\"url\":\"https:\/\/www.signum.cat\/\",\"name\":\"SIGNUM\",\"description\":\"Electricidad, dom\u00f3tica e inm\u00f3tica\",\"publisher\":{\"@id\":\"https:\/\/www.signum.cat\/#organization\"},\"potentialAction\":[{\"@type\":\"SearchAction\",\"target\":{\"@type\":\"EntryPoint\",\"urlTemplate\":\"https:\/\/www.signum.cat\/?s={search_term_string}\"},\"query-input\":\"required name=search_term_string\"}],\"inLanguage\":\"ca-ES\"},{\"@type\":\"Organization\",\"@id\":\"https:\/\/www.signum.cat\/#organization\",\"name\":\"SIGNUM\",\"url\":\"https:\/\/www.signum.cat\/\",\"logo\":{\"@type\":\"ImageObject\",\"inLanguage\":\"ca-ES\",\"@id\":\"https:\/\/www.signum.cat\/#\/schema\/logo\/image\/\",\"url\":\"https:\/\/www.signum.cat\/wp-content\/uploads\/2021\/02\/Logo-SIGNUM-Favicon-1.png\",\"contentUrl\":\"https:\/\/www.signum.cat\/wp-content\/uploads\/2021\/02\/Logo-SIGNUM-Favicon-1.png\",\"width\":80,\"height\":73,\"caption\":\"SIGNUM\"},\"image\":{\"@id\":\"https:\/\/www.signum.cat\/#\/schema\/logo\/image\/\"}}]}<\/script>\n<!-- \/ Yoast SEO plugin. -->","yoast_head_json":{"title":"Sobre Nosaltres - SIGNUM","description":"Som instal\u00b7ladors professionals que oferim una gran varietat de serveis per a cobrir les necessitats tant a particulars com empreses.","robots":{"index":"index","follow":"follow","max-snippet":"max-snippet:-1","max-image-preview":"max-image-preview:large","max-video-preview":"max-video-preview:-1"},"canonical":"https:\/\/www.signum.cat\/ca\/sobre-nosaltres\/","og_locale":"ca_ES","og_type":"article","og_title":"Sobre Nosaltres - SIGNUM","og_description":"Som instal\u00b7ladors professionals que oferim una gran varietat de serveis per a cobrir les necessitats tant a particulars com empreses.","og_url":"https:\/\/www.signum.cat\/ca\/sobre-nosaltres\/","og_site_name":"SIGNUM","article_modified_time":"2022-02-21T10:17:20+00:00","og_image":[{"width":2016,"height":980,"url":"https:\/\/www.signum.cat\/wp-content\/uploads\/2022\/01\/Sobre-Nosotros-SIGNUM-2.jpeg","type":"image\/jpeg"}],"twitter_card":"summary_large_image","twitter_misc":{"Est. reading time":"3 minutes"},"schema":{"@context":"https:\/\/schema.org","@graph":[{"@type":"WebPage","@id":"https:\/\/www.signum.cat\/ca\/sobre-nosaltres\/","url":"https:\/\/www.signum.cat\/ca\/sobre-nosaltres\/","name":"Sobre Nosaltres - SIGNUM","isPartOf":{"@id":"https:\/\/www.signum.cat\/#website"},"datePublished":"2022-01-21T11:42:56+00:00","dateModified":"2022-02-21T10:17:20+00:00","description":"Som instal\u00b7ladors professionals que oferim una gran varietat de serveis per a cobrir les necessitats tant a particulars com empreses.","breadcrumb":{"@id":"https:\/\/www.signum.cat\/ca\/sobre-nosaltres\/#breadcrumb"},"inLanguage":"ca-ES","potentialAction":[{"@type":"ReadAction","target":["https:\/\/www.signum.cat\/ca\/sobre-nosaltres\/"]}]},{"@type":"BreadcrumbList","@id":"https:\/\/www.signum.cat\/ca\/sobre-nosaltres\/#breadcrumb","itemListElement":[{"@type":"ListItem","position":1,"name":"Portada","item":"https:\/\/www.signum.cat\/ca\/"},{"@type":"ListItem","position":2,"name":"Sobre Nosaltres"}]},{"@type":"WebSite","@id":"https:\/\/www.signum.cat\/#website","url":"https:\/\/www.signum.cat\/","name":"SIGNUM","description":"Electricidad, dom\u00f3tica e inm\u00f3tica","publisher":{"@id":"https:\/\/www.signum.cat\/#organization"},"potentialAction":[{"@type":"SearchAction","target":{"@type":"EntryPoint","urlTemplate":"https:\/\/www.signum.cat\/?s={search_term_string}"},"query-input":"required name=search_term_string"}],"inLanguage":"ca-ES"},{"@type":"Organization","@id":"https:\/\/www.signum.cat\/#organization","name":"SIGNUM","url":"https:\/\/www.signum.cat\/","logo":{"@type":"ImageObject","inLanguage":"ca-ES","@id":"https:\/\/www.signum.cat\/#\/schema\/logo\/image\/","url":"https:\/\/www.signum.cat\/wp-content\/uploads\/2021\/02\/Logo-SIGNUM-Favicon-1.png","contentUrl":"https:\/\/www.signum.cat\/wp-content\/uploads\/2021\/02\/Logo-SIGNUM-Favicon-1.png","width":80,"height":73,"caption":"SIGNUM"},"image":{"@id":"https:\/\/www.signum.cat\/#\/schema\/logo\/image\/"}}]}},"_links":{"self":[{"href":"https:\/\/www.signum.cat\/ca\/wp-json\/wp\/v2\/pages\/2831"}],"collection":[{"href":"https:\/\/www.signum.cat\/ca\/wp-json\/wp\/v2\/pages"}],"about":[{"href":"https:\/\/www.signum.cat\/ca\/wp-json\/wp\/v2\/types\/page"}],"author":[{"embeddable":true,"href":"https:\/\/www.signum.cat\/ca\/wp-json\/wp\/v2\/users\/2"}],"replies":[{"embeddable":true,"href":"https:\/\/www.signum.cat\/ca\/wp-json\/wp\/v2\/comments?post=2831"}],"version-history":[{"count":4,"href":"https:\/\/www.signum.cat\/ca\/wp-json\/wp\/v2\/pages\/2831\/revisions"}],"predecessor-version":[{"id":2833,"href":"https:\/\/www.signum.cat\/ca\/wp-json\/wp\/v2\/pages\/2831\/revisions\/2833"}],"wp:featuredmedia":[{"embeddable":true,"href":"https:\/\/www.signum.cat\/ca\/wp-json\/wp\/v2\/media\/2786"}],"wp:attachment":[{"href":"https:\/\/www.signum.cat\/ca\/wp-json\/wp\/v2\/media?parent=2831"}],"curies":[{"name":"wp","href":"https:\/\/api.w.org\/{rel}","templated":true}]}}