{"id":32,"date":"2017-11-09T11:16:12","date_gmt":"2017-11-09T11:16:12","guid":{"rendered":"https:\/\/www.signum.cat?page_id=32"},"modified":"2023-12-14T12:14:52","modified_gmt":"2023-12-14T11:14:52","slug":"inici","status":"publish","type":"page","link":"https:\/\/www.signum.cat\/ca\/","title":{"rendered":"Empresa"},"content":{"rendered":"<section class=\"wpb-content-wrapper\"><p>[vc_row full_width=&#8221;stretch_row_content_no_spaces&#8221;][vc_column][vc_empty_space][\/vc_column][\/vc_row][vc_row parallax=&#8221;content-moving&#8221; css=&#8221;.vc_custom_1646738714706{border-radius: 5px !important;}&#8221;][vc_column][vc_row_inner][vc_column_inner][vc_column_text]<\/p>\n<h1 style=\"text-align: center;\">Instal\u00b7ladors professionals especialitzats en dom\u00f2tica, inm\u00f2tica, electricitat i climatitzaci\u00f3.<\/h1>\n<p style=\"text-align: center;\">M\u00e9s de 20 anys dedicats a aquest sector, la formaci\u00f3 continuada dirigida a tot el personal i la nostra orientaci\u00f3 al client, tot i cercant un resultat que s\u2019adapti a les seves necessitats, ens configuren com una bona opci\u00f3 a l\u2019hora de escollir un instal\u00b7lador que pugui dur a terme els teus projectes de dom\u00f2tica, inm\u00f2tica, electricitat o climatitzaci\u00f3.<\/p>\n<p>[\/vc_column_text][vc_btn title=&#8221;Coneix-nos&#8221; style=&#8221;outline&#8221; color=&#8221;success&#8221; align=&#8221;center&#8221; link=&#8221;url:https%3A%2F%2Fwww.signum.cat%2Fca%2Fsobre-nosaltres%2F|title:Sobre%20Nosaltres&#8221;][vc_empty_space height=&#8221;40&#8243;][\/vc_column_inner][\/vc_row_inner][vc_row_inner css=&#8221;.vc_custom_1646738808117{background-color: #efefef !important;}&#8221;][vc_column_inner][vc_column_text css_animation=&#8221;bounceInUp&#8221;]<\/p>\n<p style=\"text-align: center;\">Proporcionem solucions tecnol\u00f2giques avan\u00e7ades per a <a href=\"https:\/\/www.signum.cat\/ca\/instal\u00b7lacions-electriques\/\">sistemes el\u00e8ctrics i electr\u00f2nics<\/a>, destacant a la integraci\u00f3 de<a href=\"https:\/\/www.signum.cat\/ca\/automatitzacio-dedificis\/\"> sistemes d&#8217;automatitzaci\u00f3<\/a> <strong>BMS<\/strong> (<em>Building Manager System, aix\u00ed com en el desplegament de sistemes aut\u00f2noms de gesti\u00f3 energ\u00e8tica. La nostra experi\u00e8ncia inclou el control integral d&#8217;instal\u00b7lacions el\u00e8ctriques.<\/em><\/p>\n<p style=\"text-align: center;\">L&#8217;equip de <strong>SIGNUM<\/strong> est\u00e0 compost per instal\u00b7ladors professionals altament especialitzats en projectes el\u00e8ctrics, amb una \u00e0mplia traject\u00f2ria tant en instal\u00b7lacions industrials com dom\u00e8stiques. Aix\u00f2 ens capacita per dur a terme projectes de principi a fi a <strong>Barcelona<\/strong> i<strong> Catalunya<\/strong>.<\/p>\n<h3 style=\"text-align: center;\">El nostres projectes<\/h3>\n<p>Dividim els projectes en tres fases:<\/p>\n<p style=\"text-align: center;\"><strong>FASE INICIAL (Elaboraci\u00f3 del projecte)<br \/>\n<\/strong><\/p>\n<p style=\"text-align: center;\">Ser\u00e0s part important en aquesta fase. Ho planificarem amb tu. T\u2019escoltarem, t\u2019aconsellarem i entre tots dos decidirem que \u00e9s el que m\u00e9s et conv\u00e9 i el que s\u2019adapta m\u00e9s a les teves necessitats.<\/p>\n<p style=\"text-align: center;\"><strong>FASE INTERM\u00c8DIA (Execuci\u00f3 del projecte)<br \/>\n<\/strong><\/p>\n<p style=\"text-align: center;\">Ens posem en marxa. Traslladem tot all\u00f2 que hem acordat sobre un paper a la realitat, ajustant-nos als est\u00e0ndards de qualitat i efici\u00e8ncia vigents al mercat.<\/p>\n<p style=\"text-align: center;\"><strong>FASE FINAL (Posada en servei)<br \/>\n<\/strong><\/p>\n<p style=\"text-align: center;\">Ens posem en marxa. Traslladem tot all\u00f2 que hem acordat sobre un paper a la realitat, ajustant-nos als est\u00e0ndards de qualitat i efici\u00e8ncia vigents al mercat.<\/p>\n<p style=\"text-align: center;\">A m\u00e9s, oferim serveis addicionals que inclouen <strong>assessorament en estalvi energ\u00e8tic<\/strong>, <strong>legalitzacions i manteniment continu<\/strong>.<\/p>\n<p style=\"text-align: center;\">Estem compromesos amb proporcionar solucions innovadores i eficients que superin les expectatives dels nostres clients.<\/p>\n<h3 style=\"text-align: center;\"><strong>Ens mouen els reptes! Posa&#8217;ns a prova.<\/strong><\/h3>\n<p style=\"text-align: center;\"><strong>Signum: Lighting up your life<\/strong><\/p>\n<p>[\/vc_column_text][\/vc_column_inner][\/vc_row_inner][\/vc_column][\/vc_row][vc_row parallax=&#8221;content-moving-fade&#8221;][vc_column][vc_column_text]<\/p>\n<h2 style=\"text-align: center;\">Els nostres serveis com a instal\u00b7ladors professionals<\/h2>\n<p>[\/vc_column_text][\/vc_column][\/vc_row][vc_row][vc_column][\/vc_column][\/vc_row][vc_row][vc_column][vc_row_inner css=&#8221;.vc_custom_1510390141613{border-radius: 5px !important;}&#8221;][vc_column_inner width=&#8221;1\/4&#8243;][vc_single_image image=&#8221;320&#8243; img_size=&#8221;full&#8221; alignment=&#8221;center&#8221;][\/vc_column_inner][vc_column_inner width=&#8221;3\/4&#8243; css=&#8221;.vc_custom_1513681544147{background-color: #f4f4f4 !important;border-radius: 5px !important;}&#8221;][vc_column_text]<\/p>\n<h2>Instal\u00b7lacions El\u00e8ctriques<\/h2>\n<p>[\/vc_column_text][vc_column_text]Som instal\u00b7ladors oficials autoritzats amb categoria d\u2019especialista i estem inscrits al <strong>Gremi d\u2019Instal\u00b7ladors de Barcelona.<\/strong><\/p>\n<p>Fem instal\u00b7lacions dom\u00e8stiques i industrials. Tanmateix, oferim serveis de <strong>manteniment i reparaci\u00f3.<\/strong><\/p>\n<p>Els nostres operaris compten amb una amplia <strong>experi\u00e8ncia<\/strong> i <strong>formaci\u00f3 continuada<\/strong>, el que ens permet donar un servei de <strong>qualitat<\/strong>.<\/p>\n<p>Truca\u2019ns i t\u2019assessorarem gratu\u00eftament.[\/vc_column_text][vc_btn title=&#8221;M\u00e9s informaci\u00f3&#8221; style=&#8221;outline&#8221; color=&#8221;success&#8221; align=&#8221;right&#8221; link=&#8221;url:https%3A%2F%2Fwww.signum.cat%2Finstallacions-electriques-bt%2F|||&#8221;][\/vc_column_inner][\/vc_row_inner][vc_empty_space height=&#8221;40&#8243;][\/vc_column][\/vc_row][vc_row][vc_column][vc_row_inner css=&#8221;.vc_custom_1510390141613{border-radius: 5px !important;}&#8221;][vc_column_inner width=&#8221;1\/4&#8243;][vc_single_image image=&#8221;516&#8243; img_size=&#8221;full&#8221; alignment=&#8221;center&#8221;][\/vc_column_inner][vc_column_inner width=&#8221;3\/4&#8243; css=&#8221;.vc_custom_1510390301142{background-color: #f4f4f4 !important;border-radius: 5px !important;}&#8221;][vc_column_text]<\/p>\n<h2 class=\"vc_custom_heading wpb_animate_when_almost_visible wpb_fadeInUp fadeInUp wpb_start_animation animated\">Instal\u00b7lacions de Punt de Rec\u00e0rrega per a vehicle el\u00e8ctric<\/h2>\n<p>[\/vc_column_text][vc_column_text]Aquest tipus d\u2019instal\u00b7laci\u00f3 sempre requereix d\u2019un estudi previ perqu\u00e8 en funci\u00f3 de la casu\u00edstica, que \u00e9s amplia i variada, (p\u00e0rquing privat o comunitari, dist\u00e0ncia del punt de rec\u00e0rrega al punt de llum subministrador d\u2019energia, model de vehicle, carrega dom\u00e8stica o r\u00e0pida DC, etc) es pot tractar d\u2019un projecte molt senzill o b\u00e9 pot comportar cert grau de dificultat.<\/p>\n<p>No dubtis a demanar-nos informaci\u00f3 i estudiarem el teu cas amb deteniment.[\/vc_column_text][vc_btn title=&#8221;M\u00e9s informaci\u00f3&#8221; style=&#8221;outline&#8221; color=&#8221;success&#8221; align=&#8221;right&#8221; link=&#8221;url:https%3A%2F%2Fwww.signum.cat%2Fca%2Finstal%25c2%25b7lacio-punt-de-recarrega-cotxe-electric%2F&#8221;][\/vc_column_inner][\/vc_row_inner][vc_empty_space height=&#8221;40&#8243;][\/vc_column][\/vc_row][vc_row][vc_column][vc_row_inner css=&#8221;.vc_custom_1510390141613{border-radius: 5px !important;}&#8221;][vc_column_inner width=&#8221;1\/4&#8243;][vc_single_image image=&#8221;526&#8243; img_size=&#8221;full&#8221; alignment=&#8221;center&#8221;][\/vc_column_inner][vc_column_inner width=&#8221;3\/4&#8243; css=&#8221;.vc_custom_1510390301142{background-color: #f4f4f4 !important;border-radius: 5px !important;}&#8221;][vc_column_text]<\/p>\n<h2>Imm\u00f2tica i Automatitzaci\u00f3 d&#8217;Instal\u00b7lacions<\/h2>\n<p>[\/vc_column_text][vc_column_text]Les noves tecnologies en mat\u00e8ria d\u2019<strong>automatitzaci\u00f3<\/strong> i control d\u2019instal\u00b7lacions ens permeten estalviar temps, feina i diners.<\/p>\n<p>Invertir en aquest tipus de sistemes redunda en un <strong>estalvi<\/strong> substancial a la vegada que ens permet treballar en entorns <strong>eficients i segurs.<\/strong><\/p>\n<p>Contacta amb nosaltres per obtenir informaci\u00f3 personalitzada.[\/vc_column_text][vc_btn title=&#8221;M\u00e9s informaci\u00f3&#8221; style=&#8221;outline&#8221; color=&#8221;success&#8221; align=&#8221;right&#8221; link=&#8221;url:https%3A%2F%2Fwww.signum.cat%2Fca%2Fimmotica-i-automatizacio-dinstallacions%2F&#8221;][\/vc_column_inner][\/vc_row_inner][vc_empty_space height=&#8221;40&#8243;][vc_row_inner css=&#8221;.vc_custom_1510390141613{border-radius: 5px !important;}&#8221;][vc_column_inner width=&#8221;1\/4&#8243;][vc_single_image image=&#8221;322&#8243; img_size=&#8221;full&#8221; alignment=&#8221;center&#8221;][\/vc_column_inner][vc_column_inner width=&#8221;3\/4&#8243; css=&#8221;.vc_custom_1510390301142{background-color: #f4f4f4 !important;border-radius: 5px !important;}&#8221;][vc_column_text]<\/p>\n<h2>Dom\u00f2tica<\/h2>\n<p>Automatitzem la teva vivenda mitjan\u00e7ant equips que interactuen entre ells i als que tu donar\u00e0s instruccions de com treballar a trav\u00e9s d\u2019un programa dissenyat exclusivament per a tu.<\/p>\n<p>La <strong>comoditat<\/strong>, <strong>seguretat<\/strong>, <strong>efici\u00e8ncia energ\u00e8tica<\/strong> i, en conseq\u00fc\u00e8ncia, l\u2019<strong>estalvi<\/strong> que ofereix una <strong>vivenda domotitzada<\/strong> \u00e9s quelcom que avui dia ja no admet discussi\u00f3.<\/p>\n<p>Estudiarem el teu cas amb detall i t\u2019assessorarem perqu\u00e8 puguis comen\u00e7ar a gaudir dels avantatges d\u2019una llar automatitzada com m\u00e9s aviat millor.[\/vc_column_text][vc_column_text]Seguint les \u00faltimes tecnologies, entenem la dom\u00f2tica com una integraci\u00f3 de l&#8217;automatitzaci\u00f3 en els sistemes de l&#8217;habitatge amb una connectivitat m\u00e0xima amb l&#8217;usuari.<\/p>\n<p>Les instal\u00b7lacions dom\u00f2tiques s\u00f3n un grup de sistemes de control intel\u00b7ligent d&#8217;un habitatge, els quals permeten la correcta gesti\u00f3 de l&#8217;aprofitament d&#8217;aquesta.[\/vc_column_text][vc_btn title=&#8221;M\u00e9s informaci\u00f3&#8221; style=&#8221;outline&#8221; color=&#8221;success&#8221; align=&#8221;right&#8221; link=&#8221;url:https%3A%2F%2Fwww.signum.cat%2Fca%2Finstal%25c2%25b7lacions-domotiques%2F&#8221;][\/vc_column_inner][\/vc_row_inner][\/vc_column][\/vc_row][vc_row][vc_column][vc_empty_space height=&#8221;80&#8243;][\/vc_column][\/vc_row][vc_row][vc_column][vc_column_text]<\/p>\n<h3 style=\"text-align: center;\">Som partners de:<\/h3>\n<p>[\/vc_column_text][\/vc_column][\/vc_row][vc_row][vc_column][vc_empty_space height=&#8221;40px&#8221;][vc_row_inner equal_height=&#8221;yes&#8221;][vc_column_inner width=&#8221;1\/3&#8243; css=&#8221;.vc_custom_1510390233769{padding-right: 40px !important;padding-left: 40px !important;}&#8221;][vc_single_image image=&#8221;324&#8243; img_size=&#8221;full&#8221; alignment=&#8221;center&#8221; onclick=&#8221;custom_link&#8221; img_link_target=&#8221;_blank&#8221; css_animation=&#8221;left-to-right&#8221; link=&#8221;https:\/\/www.netxautomation.com\/netx\/es\/&#8221;][vc_column_text]Vers\u00e0tils solucions de programaci\u00f3 per a l&#8217;automatitzaci\u00f3 d&#8217;edificis: Servidors i clients basats en est\u00e0ndards oberts &#8211;\u00a0KNX,\u00a0BACnet,\u00a0Modbus, etc.[\/vc_column_text][\/vc_column_inner][vc_column_inner width=&#8221;1\/3&#8243;][vc_single_image image=&#8221;327&#8243; img_size=&#8221;full&#8221; alignment=&#8221;center&#8221; onclick=&#8221;custom_link&#8221; img_link_target=&#8221;_blank&#8221; css_animation=&#8221;left-to-right&#8221; link=&#8221;https:\/\/www.knx.org\/es\/KNX-Espana\/index.php&#8221;][vc_column_text]La KNX Association \u00e9s creadora i propiet\u00e0ria de \u00abKNX: l&#8217;EST\u00c0NDARD mundial per al control d&#8217;habitatges i edificis\u00bb i tamb\u00e9 propiet\u00e0ria a nivell mundial del logotip de la marca KNX.[\/vc_column_text][\/vc_column_inner][vc_column_inner width=&#8221;1\/3&#8243;][vc_single_image image=&#8221;828&#8243; img_size=&#8221;full&#8221; alignment=&#8221;center&#8221; onclick=&#8221;custom_link&#8221; img_link_target=&#8221;_blank&#8221; css_animation=&#8221;left-to-right&#8221; link=&#8221;http:\/\/circontrol.com\/es\/&#8221;][vc_column_text]Solucions de rec\u00e0rrega intel\u00b7ligent per a vehicles el\u00e8ctrics.[\/vc_column_text][\/vc_column_inner][\/vc_row_inner][\/vc_column][\/vc_row][vc_row][vc_column][vc_column_text]<\/p>\n<h3 style=\"text-align: center;\">\u00daltims posts al nostre Blog:<\/h3>\n<p>[\/vc_column_text][\/vc_column][\/vc_row][vc_row][vc_column][vc_basic_grid post_type=&#8221;post&#8221; max_items=&#8221;3&#8243; grid_id=&#8221;vc_gid:1702551992983-c83ae64b-2ec5-1&#8243;][\/vc_column][\/vc_row]<\/p>\n<\/section>","protected":false},"excerpt":{"rendered":"<p>[vc_row full_width=&#8221;stretch_row_content_no_spaces&#8221;][vc_column][vc_empty_space][\/vc_column][\/vc_row][vc_row parallax=&#8221;content-moving&#8221; css=&#8221;.vc_custom_1646738714706{border-radius: 5px !important;}&#8221;][vc_column][vc_row_inner][vc_column_inner][vc_column_text] Instal\u00b7ladors professionals especialitzats en dom\u00f2tica, inm\u00f2tica, electricitat i climatitzaci\u00f3. M\u00e9s de 20 anys dedicats a aquest sector, la formaci\u00f3 continuada dirigida a tot el personal i la nostra orientaci\u00f3 al client, tot i cercant un resultat que s\u2019adapti a les seves necessitats, ens configuren com una bona opci\u00f3 a&#8230;<\/p>\n","protected":false},"author":2,"featured_media":52,"parent":0,"menu_order":0,"comment_status":"closed","ping_status":"closed","template":"","meta":{"_kad_post_transparent":"default","_kad_post_title":"default","_kad_post_layout":"normal","_kad_post_sidebar_id":"","_kad_post_content_style":"default","_kad_post_vertical_padding":"default","_kad_post_feature":"","_kad_post_feature_position":"","_kad_post_header":false,"_kad_post_footer":false,"footnotes":"","_joinchat":[]},"yoast_head":"<!-- This site is optimized with the Yoast SEO plugin v21.7 - https:\/\/yoast.com\/wordpress\/plugins\/seo\/ -->\n<title>Instal\u00b7ladors Professionals de Dom\u00f2tica i Inmotica - SIGNUM<\/title>\n<meta name=\"description\" content=\"Instal\u00b7ladors professionals especialitzats en dom\u00f2tica, electricitat, climatitzaci\u00f3, imm\u00f2tica i automatitzaci\u00f3 d&#039;edificis a Barcelona.\" \/>\n<meta name=\"robots\" content=\"index, follow, max-snippet:-1, max-image-preview:large, max-video-preview:-1\" \/>\n<link rel=\"canonical\" href=\"https:\/\/www.signum.cat\/ca\/\" \/>\n<meta property=\"og:locale\" content=\"ca_ES\" \/>\n<meta property=\"og:type\" content=\"article\" \/>\n<meta property=\"og:title\" content=\"Instal\u00b7ladors Professionals de Dom\u00f2tica i Inmotica - SIGNUM\" \/>\n<meta property=\"og:description\" content=\"Instal\u00b7ladors professionals especialitzats en dom\u00f2tica, electricitat, climatitzaci\u00f3, imm\u00f2tica i automatitzaci\u00f3 d&#039;edificis a Barcelona.\" \/>\n<meta property=\"og:url\" content=\"https:\/\/www.signum.cat\/ca\/\" \/>\n<meta property=\"og:site_name\" content=\"SIGNUM\" \/>\n<meta property=\"article:modified_time\" content=\"2023-12-14T11:14:52+00:00\" \/>\n<meta property=\"og:image\" content=\"https:\/\/www.signum.cat\/wp-content\/uploads\/2017\/11\/slider-4.jpg\" \/>\n\t<meta property=\"og:image:width\" content=\"1100\" \/>\n\t<meta property=\"og:image:height\" content=\"400\" \/>\n\t<meta property=\"og:image:type\" content=\"image\/jpeg\" \/>\n<meta name=\"twitter:card\" content=\"summary_large_image\" \/>\n<meta name=\"twitter:label1\" content=\"Est. reading time\" \/>\n\t<meta name=\"twitter:data1\" content=\"5 minutes\" \/>\n<script type=\"application\/ld+json\" class=\"yoast-schema-graph\">{\"@context\":\"https:\/\/schema.org\",\"@graph\":[{\"@type\":\"WebPage\",\"@id\":\"https:\/\/www.signum.cat\/ca\/\",\"url\":\"https:\/\/www.signum.cat\/ca\/\",\"name\":\"Instal\u00b7ladors Professionals de Dom\u00f2tica i Inmotica - SIGNUM\",\"isPartOf\":{\"@id\":\"https:\/\/www.signum.cat\/#website\"},\"datePublished\":\"2017-11-09T11:16:12+00:00\",\"dateModified\":\"2023-12-14T11:14:52+00:00\",\"description\":\"Instal\u00b7ladors professionals especialitzats en dom\u00f2tica, electricitat, climatitzaci\u00f3, imm\u00f2tica i automatitzaci\u00f3 d'edificis a Barcelona.\",\"breadcrumb\":{\"@id\":\"https:\/\/www.signum.cat\/ca\/#breadcrumb\"},\"inLanguage\":\"ca-ES\",\"potentialAction\":[{\"@type\":\"ReadAction\",\"target\":[\"https:\/\/www.signum.cat\/ca\/\"]}]},{\"@type\":\"BreadcrumbList\",\"@id\":\"https:\/\/www.signum.cat\/ca\/#breadcrumb\",\"itemListElement\":[{\"@type\":\"ListItem\",\"position\":1,\"name\":\"Portada\",\"item\":\"https:\/\/www.signum.cat\/ca\/\"},{\"@type\":\"ListItem\",\"position\":2,\"name\":\"Empresa\"}]},{\"@type\":\"WebSite\",\"@id\":\"https:\/\/www.signum.cat\/#website\",\"url\":\"https:\/\/www.signum.cat\/\",\"name\":\"SIGNUM\",\"description\":\"Electricidad, dom\u00f3tica e inm\u00f3tica\",\"publisher\":{\"@id\":\"https:\/\/www.signum.cat\/#organization\"},\"potentialAction\":[{\"@type\":\"SearchAction\",\"target\":{\"@type\":\"EntryPoint\",\"urlTemplate\":\"https:\/\/www.signum.cat\/?s={search_term_string}\"},\"query-input\":\"required name=search_term_string\"}],\"inLanguage\":\"ca-ES\"},{\"@type\":\"Organization\",\"@id\":\"https:\/\/www.signum.cat\/#organization\",\"name\":\"SIGNUM\",\"url\":\"https:\/\/www.signum.cat\/\",\"logo\":{\"@type\":\"ImageObject\",\"inLanguage\":\"ca-ES\",\"@id\":\"https:\/\/www.signum.cat\/#\/schema\/logo\/image\/\",\"url\":\"https:\/\/www.signum.cat\/wp-content\/uploads\/2021\/02\/Logo-SIGNUM-Favicon-1.png\",\"contentUrl\":\"https:\/\/www.signum.cat\/wp-content\/uploads\/2021\/02\/Logo-SIGNUM-Favicon-1.png\",\"width\":80,\"height\":73,\"caption\":\"SIGNUM\"},\"image\":{\"@id\":\"https:\/\/www.signum.cat\/#\/schema\/logo\/image\/\"}}]}<\/script>\n<!-- \/ Yoast SEO plugin. -->","yoast_head_json":{"title":"Instal\u00b7ladors Professionals de Dom\u00f2tica i Inmotica - SIGNUM","description":"Instal\u00b7ladors professionals especialitzats en dom\u00f2tica, electricitat, climatitzaci\u00f3, imm\u00f2tica i automatitzaci\u00f3 d'edificis a Barcelona.","robots":{"index":"index","follow":"follow","max-snippet":"max-snippet:-1","max-image-preview":"max-image-preview:large","max-video-preview":"max-video-preview:-1"},"canonical":"https:\/\/www.signum.cat\/ca\/","og_locale":"ca_ES","og_type":"article","og_title":"Instal\u00b7ladors Professionals de Dom\u00f2tica i Inmotica - SIGNUM","og_description":"Instal\u00b7ladors professionals especialitzats en dom\u00f2tica, electricitat, climatitzaci\u00f3, imm\u00f2tica i automatitzaci\u00f3 d'edificis a Barcelona.","og_url":"https:\/\/www.signum.cat\/ca\/","og_site_name":"SIGNUM","article_modified_time":"2023-12-14T11:14:52+00:00","og_image":[{"width":1100,"height":400,"url":"https:\/\/www.signum.cat\/wp-content\/uploads\/2017\/11\/slider-4.jpg","type":"image\/jpeg"}],"twitter_card":"summary_large_image","twitter_misc":{"Est. reading time":"5 minutes"},"schema":{"@context":"https:\/\/schema.org","@graph":[{"@type":"WebPage","@id":"https:\/\/www.signum.cat\/ca\/","url":"https:\/\/www.signum.cat\/ca\/","name":"Instal\u00b7ladors Professionals de Dom\u00f2tica i Inmotica - SIGNUM","isPartOf":{"@id":"https:\/\/www.signum.cat\/#website"},"datePublished":"2017-11-09T11:16:12+00:00","dateModified":"2023-12-14T11:14:52+00:00","description":"Instal\u00b7ladors professionals especialitzats en dom\u00f2tica, electricitat, climatitzaci\u00f3, imm\u00f2tica i automatitzaci\u00f3 d'edificis a Barcelona.","breadcrumb":{"@id":"https:\/\/www.signum.cat\/ca\/#breadcrumb"},"inLanguage":"ca-ES","potentialAction":[{"@type":"ReadAction","target":["https:\/\/www.signum.cat\/ca\/"]}]},{"@type":"BreadcrumbList","@id":"https:\/\/www.signum.cat\/ca\/#breadcrumb","itemListElement":[{"@type":"ListItem","position":1,"name":"Portada","item":"https:\/\/www.signum.cat\/ca\/"},{"@type":"ListItem","position":2,"name":"Empresa"}]},{"@type":"WebSite","@id":"https:\/\/www.signum.cat\/#website","url":"https:\/\/www.signum.cat\/","name":"SIGNUM","description":"Electricidad, dom\u00f3tica e inm\u00f3tica","publisher":{"@id":"https:\/\/www.signum.cat\/#organization"},"potentialAction":[{"@type":"SearchAction","target":{"@type":"EntryPoint","urlTemplate":"https:\/\/www.signum.cat\/?s={search_term_string}"},"query-input":"required name=search_term_string"}],"inLanguage":"ca-ES"},{"@type":"Organization","@id":"https:\/\/www.signum.cat\/#organization","name":"SIGNUM","url":"https:\/\/www.signum.cat\/","logo":{"@type":"ImageObject","inLanguage":"ca-ES","@id":"https:\/\/www.signum.cat\/#\/schema\/logo\/image\/","url":"https:\/\/www.signum.cat\/wp-content\/uploads\/2021\/02\/Logo-SIGNUM-Favicon-1.png","contentUrl":"https:\/\/www.signum.cat\/wp-content\/uploads\/2021\/02\/Logo-SIGNUM-Favicon-1.png","width":80,"height":73,"caption":"SIGNUM"},"image":{"@id":"https:\/\/www.signum.cat\/#\/schema\/logo\/image\/"}}]}},"_links":{"self":[{"href":"https:\/\/www.signum.cat\/ca\/wp-json\/wp\/v2\/pages\/32"}],"collection":[{"href":"https:\/\/www.signum.cat\/ca\/wp-json\/wp\/v2\/pages"}],"about":[{"href":"https:\/\/www.signum.cat\/ca\/wp-json\/wp\/v2\/types\/page"}],"author":[{"embeddable":true,"href":"https:\/\/www.signum.cat\/ca\/wp-json\/wp\/v2\/users\/2"}],"replies":[{"embeddable":true,"href":"https:\/\/www.signum.cat\/ca\/wp-json\/wp\/v2\/comments?post=32"}],"version-history":[{"count":163,"href":"https:\/\/www.signum.cat\/ca\/wp-json\/wp\/v2\/pages\/32\/revisions"}],"predecessor-version":[{"id":3817,"href":"https:\/\/www.signum.cat\/ca\/wp-json\/wp\/v2\/pages\/32\/revisions\/3817"}],"wp:featuredmedia":[{"embeddable":true,"href":"https:\/\/www.signum.cat\/ca\/wp-json\/wp\/v2\/media\/52"}],"wp:attachment":[{"href":"https:\/\/www.signum.cat\/ca\/wp-json\/wp\/v2\/media?parent=32"}],"curies":[{"name":"wp","href":"https:\/\/api.w.org\/{rel}","templated":true}]}}